{"id":59,"date":"2023-06-02T09:29:36","date_gmt":"2023-06-02T09:29:36","guid":{"rendered":"https:\/\/lesrencontresenergiesetterritoires.fr\/?page_id=59"},"modified":"2023-09-21T15:58:51","modified_gmt":"2023-09-21T15:58:51","slug":"59-2","status":"publish","type":"page","link":"https:\/\/lesrencontresenergiesetterritoires.fr\/","title":{"rendered":"Accueil"},"content":{"rendered":"<p>[et_pb_section fb_built=\u00a0\u00bb1&Prime; custom_padding_last_edited=\u00a0\u00bbon|phone\u00a0\u00bb admin_label=\u00a0\u00bbHeader\u00a0\u00bb module_id=\u00a0\u00bbaccueil\u00a0\u00bb _builder_version=\u00a0\u00bb4.21.0&Prime; _module_preset=\u00a0\u00bbdefault\u00a0\u00bb background_color=\u00a0\u00bb#FF6E00&Prime; use_background_color_gradient=\u00a0\u00bbon\u00a0\u00bb background_color_gradient_type=\u00a0\u00bbelliptical\u00a0\u00bb background_color_gradient_direction_radial=\u00a0\u00bbright\u00a0\u00bb background_color_gradient_stops=\u00a0\u00bbrgba(80,0,255,0.65) 0%|#0cc7d1 72%\u00a0\u00bb background_color_gradient_overlays_image=\u00a0\u00bbon\u00a0\u00bb background_image=\u00a0\u00bbhttps:\/\/lesrencontresenergiesetterritoires.fr\/wp-content\/uploads\/2023\/06\/Banniere-fond-2.png\u00a0\u00bb parallax=\u00a0\u00bbon\u00a0\u00bb min_height=\u00a0\u00bb997.7px\u00a0\u00bb overflow-x=\u00a0\u00bbhidden\u00a0\u00bb overflow-y=\u00a0\u00bbhidden\u00a0\u00bb custom_padding=\u00a0\u00bb110px||2px||false|false\u00a0\u00bb custom_padding_tablet=\u00a0\u00bb40px||||false|false\u00a0\u00bb custom_padding_phone=\u00a0\u00bb40px||||false|false\u00a0\u00bb top_divider_style=\u00a0\u00bbwaves2&Prime; top_divider_color=\u00a0\u00bbRGBA(0,189,247,0.59)\u00a0\u00bb top_divider_height=\u00a0\u00bb485px\u00a0\u00bb top_divider_repeat=\u00a0\u00bb1x\u00a0\u00bb bottom_divider_style=\u00a0\u00bbwave2&Prime; bottom_divider_color=\u00a0\u00bb#FFFFFF\u00a0\u00bb bottom_divider_height=\u00a0\u00bb255px\u00a0\u00bb da_popup_slug=\u00a0\u00bbaccueil\u00a0\u00bb da_disable_devices=\u00a0\u00bboff|off|off\u00a0\u00bb box_shadow_style=\u00a0\u00bbpreset6&Prime; collapsed=\u00a0\u00bbon\u00a0\u00bb global_colors_info=\u00a0\u00bb{%22gcid-1bcf785a-50e1-437b-b09f-65567babc1de%22:%91%22background_color%22,%22background_color_gradient_stops%22%93}\u00a0\u00bb da_is_popup=\u00a0\u00bboff\u00a0\u00bb da_exit_intent=\u00a0\u00bboff\u00a0\u00bb da_has_close=\u00a0\u00bbon\u00a0\u00bb da_alt_close=\u00a0\u00bboff\u00a0\u00bb da_dark_close=\u00a0\u00bboff\u00a0\u00bb da_not_modal=\u00a0\u00bbon\u00a0\u00bb da_is_singular=\u00a0\u00bboff\u00a0\u00bb da_with_loader=\u00a0\u00bboff\u00a0\u00bb da_has_shadow=\u00a0\u00bbon\u00a0\u00bb][et_pb_row disabled_on=\u00a0\u00bbon|off|off\u00a0\u00bb _builder_version=\u00a0\u00bb4.21.0&Prime; _module_preset=\u00a0\u00bbdefault\u00a0\u00bb width=\u00a0\u00bb83.4%\u00a0\u00bb custom_padding=\u00a0\u00bb|0px||||\u00a0\u00bb global_colors_info=\u00a0\u00bb{}\u00a0\u00bb][et_pb_column type=\u00a0\u00bb4_4&Prime; _builder_version=\u00a0\u00bb4.19.5&Prime; _module_preset=\u00a0\u00bbdefault\u00a0\u00bb z_index=\u00a0\u00bb10&Prime; global_colors_info=\u00a0\u00bb{}\u00a0\u00bb][et_pb_text _builder_version=\u00a0\u00bb4.19.2&Prime; _module_preset=\u00a0\u00bb01e5972a-c764-4a81-976d-660861357484&Prime; locked=\u00a0\u00bboff\u00a0\u00bb global_colors_info=\u00a0\u00bb{}\u00a0\u00bb][\/et_pb_text][et_pb_image src=\u00a0\u00bbhttps:\/\/lesrencontresenergiesetterritoires.fr\/wp-content\/uploads\/2023\/06\/Logo-avec-fond.png\u00a0\u00bb title_text=\u00a0\u00bbLogo avec fond\u00a0\u00bb _builder_version=\u00a0\u00bb4.21.0&Prime; _module_preset=\u00a0\u00bbdefault\u00a0\u00bb custom_margin=\u00a0\u00bb||-60px|-142px|false|false\u00a0\u00bb custom_padding=\u00a0\u00bb||0px|||\u00a0\u00bb global_colors_info=\u00a0\u00bb{}\u00a0\u00bb][\/et_pb_image][et_pb_text _builder_version=\u00a0\u00bb4.21.0&Prime; _module_preset=\u00a0\u00bbe6dc2ec9-9a80-449c-b884-6f3d37725f54&Prime; text_font=\u00a0\u00bbMontserrat||on||||||\u00a0\u00bb text_text_color=\u00a0\u00bbRGBA(255,255,255,0.69)\u00a0\u00bb max_width=\u00a0\u00bb100%\u00a0\u00bb custom_margin=\u00a0\u00bb||-25px|-48px|false|false\u00a0\u00bb custom_padding=\u00a0\u00bb0px|0px||||\u00a0\u00bb global_colors_info=\u00a0\u00bb{}\u00a0\u00bb]<\/p>\n<h4><span data-contrast=\"auto\" xml:lang=\"FR-FR\" lang=\"FR-FR\" class=\"TextRun SCXW249651683 BCX0\" style=\"color: #ffffff;\"><span class=\"NormalTextRun SCXW249651683 BCX0\">Pour une transition \u00e9cologique et \u00e9nerg\u00e9tique socialement et \u00e9conomiquement viable.<\/span><\/span><\/h4>\n<p>[\/et_pb_text][\/et_pb_column][\/et_pb_row][et_pb_row disabled_on=\u00a0\u00bboff|off|on\u00a0\u00bb _builder_version=\u00a0\u00bb4.21.0&Prime; _module_preset=\u00a0\u00bbdefault\u00a0\u00bb width=\u00a0\u00bb83.4%\u00a0\u00bb custom_padding=\u00a0\u00bb|0px||||\u00a0\u00bb global_colors_info=\u00a0\u00bb{}\u00a0\u00bb][et_pb_column type=\u00a0\u00bb4_4&Prime; _builder_version=\u00a0\u00bb4.19.5&Prime; _module_preset=\u00a0\u00bbdefault\u00a0\u00bb z_index=\u00a0\u00bb10&Prime; global_colors_info=\u00a0\u00bb{}\u00a0\u00bb][et_pb_text _builder_version=\u00a0\u00bb4.19.2&Prime; _module_preset=\u00a0\u00bb01e5972a-c764-4a81-976d-660861357484&Prime; locked=\u00a0\u00bboff\u00a0\u00bb global_colors_info=\u00a0\u00bb{}\u00a0\u00bb][\/et_pb_text][et_pb_image src=\u00a0\u00bbhttps:\/\/lesrencontresenergiesetterritoires.fr\/wp-content\/uploads\/2023\/06\/Logo-avec-fond.png\u00a0\u00bb title_text=\u00a0\u00bbLogo avec fond\u00a0\u00bb _builder_version=\u00a0\u00bb4.21.0&Prime; _module_preset=\u00a0\u00bbdefault\u00a0\u00bb custom_margin=\u00a0\u00bb||-60px|-3%|false|false\u00a0\u00bb custom_padding=\u00a0\u00bb||0px|||\u00a0\u00bb global_colors_info=\u00a0\u00bb{}\u00a0\u00bb][\/et_pb_image][et_pb_text _builder_version=\u00a0\u00bb4.21.0&Prime; _module_preset=\u00a0\u00bbe6dc2ec9-9a80-449c-b884-6f3d37725f54&Prime; text_font=\u00a0\u00bbMontserrat||on||||||\u00a0\u00bb text_text_color=\u00a0\u00bbRGBA(255,255,255,0.69)\u00a0\u00bb max_width=\u00a0\u00bb100%\u00a0\u00bb custom_margin=\u00a0\u00bb|-15px|-21px|21px|false|false\u00a0\u00bb custom_padding=\u00a0\u00bb61px|0px|0px|0px|false|false\u00a0\u00bb global_colors_info=\u00a0\u00bb{}\u00a0\u00bb]<\/p>\n<p style=\"text-align: left;\"><span data-contrast=\"auto\" xml:lang=\"FR-FR\" lang=\"FR-FR\" class=\"TextRun SCXW249651683 BCX0\" style=\"color: #ffffff;\"><span class=\"NormalTextRun SCXW249651683 BCX0\">Pour une transition \u00e9cologique et \u00e9nerg\u00e9tique socialement et \u00e9conomiquement viable.<\/span><\/span><\/p>\n<p>[\/et_pb_text][\/et_pb_column][\/et_pb_row][et_pb_row disabled_on=\u00a0\u00bbon|off|off\u00a0\u00bb _builder_version=\u00a0\u00bb4.21.0&Prime; _module_preset=\u00a0\u00bbdefault\u00a0\u00bb max_width=\u00a0\u00bb100vh\u00a0\u00bb global_colors_info=\u00a0\u00bb{}\u00a0\u00bb][et_pb_column type=\u00a0\u00bb4_4&Prime; _builder_version=\u00a0\u00bb4.21.0&Prime; _module_preset=\u00a0\u00bbdefault\u00a0\u00bb global_colors_info=\u00a0\u00bb{}\u00a0\u00bb][et_pb_text _builder_version=\u00a0\u00bb4.21.0&Prime; _module_preset=\u00a0\u00bbdefault\u00a0\u00bb text_font=\u00a0\u00bbMontserrat||||||||\u00a0\u00bb text_text_color=\u00a0\u00bb#FFFFFF\u00a0\u00bb text_font_size=\u00a0\u00bb16px\u00a0\u00bb background_color=\u00a0\u00bb#1FD7E0&Prime; use_background_color_gradient=\u00a0\u00bbon\u00a0\u00bb background_color_gradient_direction=\u00a0\u00bb148deg\u00a0\u00bb background_color_gradient_stops=\u00a0\u00bb#00d0ff 0%|#0c71c3 99%\u00a0\u00bb width=\u00a0\u00bb130.7%\u00a0\u00bb min_height=\u00a0\u00bb392px\u00a0\u00bb custom_margin=\u00a0\u00bb104px|-14px|0px|0px|false|false\u00a0\u00bb custom_padding=\u00a0\u00bb27px|140px||31px|false|false\u00a0\u00bb animation_style=\u00a0\u00bbflip\u00a0\u00bb animation_direction=\u00a0\u00bbtop\u00a0\u00bb animation_duration=\u00a0\u00bb750ms\u00a0\u00bb border_radii=\u00a0\u00bbon|38px|38px|38px|38px\u00a0\u00bb box_shadow_style=\u00a0\u00bbpreset1&Prime; global_colors_info=\u00a0\u00bb{}\u00a0\u00bb]<\/p>\n<p><span>La n\u00e9cessit\u00e9 d\u2019apporter des r\u00e9ponses aux enjeux climatiques pour contenir le r\u00e9chauffement de la plan\u00e8te et limiter ses<br \/>cons\u00e9quences ne fait plus d\u00e9bat.\u00a0\u00a0<\/span><span data-ccp-props=\"{&quot;201341983&quot;:0,&quot;335551550&quot;:2,&quot;335551620&quot;:2,&quot;335559739&quot;:160,&quot;335559740&quot;:259}\">\u00a0<\/span><\/p>\n<p><span>Le temps est \u00e0 l\u2019action. Pour agir avec clairvoyance, il faut comprendre notre h\u00e9ritage dans toutes ses dimensions, \u00e9conomiques, sociales, juridiques\u2026 <\/span><span>aussi bien positives que n\u00e9gatives.\u00a0<\/span><span data-ccp-props=\"{&quot;201341983&quot;:0,&quot;335551550&quot;:2,&quot;335551620&quot;:2,&quot;335559739&quot;:160,&quot;335559740&quot;:259}\">\u00a0<\/span><\/p>\n<p><span>L\u00e9gitimer une vision de l\u2019avenir construite sur la seule d\u00e9nonciation du pass\u00e9 ne peut que conduire \u00e0 l\u2019aveuglement.\u00a0<\/span><span data-ccp-props=\"{&quot;201341983&quot;:0,&quot;335551550&quot;:2,&quot;335551620&quot;:2,&quot;335559739&quot;:160,&quot;335559740&quot;:259}\">\u00a0<\/span><\/p>\n<p><span>Transition ou rupture\u202f? La question n\u2019est pas anodine.\u00a0<\/span><span data-ccp-props=\"{&quot;201341983&quot;:0,&quot;335551550&quot;:2,&quot;335551620&quot;:2,&quot;335559739&quot;:160,&quot;335559740&quot;:259}\">\u00a0<\/span><\/p>\n<p><span>\u00ab\u202f\u00catre en transition\u202f\u00bb c\u2019est se transformer progressivement en laissant le temps de l\u2019adaptation pour maitriser les cons\u00e9quences de cette transformation.<br \/>C\u2019est construire l\u2019avenir sur la base d\u2019une trajectoire en s\u2019assurant de sa soutenabilit\u00e9 sociale et \u00e9conomique et en se r\u00e9servant une capacit\u00e9 d\u2019ajustement.<\/span><span data-ccp-props=\"{&quot;201341983&quot;:0,&quot;335551550&quot;:2,&quot;335551620&quot;:2,&quot;335559739&quot;:160,&quot;335559740&quot;:259}\">\u00a0<\/span><\/p>\n<p><span>\u00ab\u202f\u00catre en transition\u202f\u00bb, certains le diront, c\u2019est prendre le risque d\u2019une transformation trop lente.\u00a0<\/span><span data-ccp-props=\"{&quot;201341983&quot;:0,&quot;335551550&quot;:2,&quot;335551620&quot;:2,&quot;335559739&quot;:160,&quot;335559740&quot;:259}\">\u00a0<\/span><\/p>\n<p><span>\u00ab\u202fRompre\u202f\u00bb c\u2019est se transformer radicalement.<\/span><span data-ccp-props=\"{&quot;201341983&quot;:0,&quot;335551550&quot;:2,&quot;335551620&quot;:2,&quot;335559739&quot;:160,&quot;335559740&quot;:259}\">\u00a0<\/span><\/p>\n<p><span>\u00ab\u202fRompre\u202f\u00bb, certains le diront, c\u2019est la seule r\u00e9ponse envisageable face \u00e0 l\u2019urgence. Mais d\u2019autres diront aussi que c\u2019est prendre le risque de cons\u00e9quences \u00e9conomiquement et socialement destructrices.<\/span><span data-ccp-props=\"{&quot;201341983&quot;:0,&quot;335551550&quot;:2,&quot;335551620&quot;:2,&quot;335559739&quot;:160,&quot;335559740&quot;:259}\">\u00a0<\/span><\/p>\n<p><span>Les rencontres \u00e9nergies et territoires sont un espace de r\u00e9flexion et de dialogue. L\u2019ambition est de trouver collectivement ce chemin d\u2019une v\u00e9ritable transition qui pr\u00e9serve les \u00e9quilibres \u00e9conomiques et sociaux et r\u00e9pond concr\u00e8tement aux objectifs des accords de Paris.<\/span><span data-ccp-props=\"{&quot;201341983&quot;:0,&quot;335551550&quot;:2,&quot;335551620&quot;:2,&quot;335559739&quot;:160,&quot;335559740&quot;:259}\">\u00a0<\/span><\/p>\n<p><span data-ccp-props=\"{&quot;201341983&quot;:0,&quot;335551550&quot;:2,&quot;335551620&quot;:2,&quot;335559739&quot;:160,&quot;335559740&quot;:259}\">\u00a0<\/span><\/p>\n<p>[\/et_pb_text][\/et_pb_column][\/et_pb_row][et_pb_row disabled_on=\u00a0\u00bboff|off|on\u00a0\u00bb _builder_version=\u00a0\u00bb4.21.0&Prime; _module_preset=\u00a0\u00bbdefault\u00a0\u00bb width=\u00a0\u00bb90%\u00a0\u00bb max_width=\u00a0\u00bb100%\u00a0\u00bb global_colors_info=\u00a0\u00bb{}\u00a0\u00bb][et_pb_column type=\u00a0\u00bb4_4&Prime; _builder_version=\u00a0\u00bb4.21.0&Prime; _module_preset=\u00a0\u00bbdefault\u00a0\u00bb global_colors_info=\u00a0\u00bb{}\u00a0\u00bb][et_pb_text disabled_on=\u00a0\u00bboff|off|on\u00a0\u00bb _builder_version=\u00a0\u00bb4.21.0&Prime; _module_preset=\u00a0\u00bbdefault\u00a0\u00bb text_font=\u00a0\u00bbMontserrat||||||||\u00a0\u00bb text_text_color=\u00a0\u00bb#FFFFFF\u00a0\u00bb text_font_size=\u00a0\u00bb16px\u00a0\u00bb background_color=\u00a0\u00bb#1FD7E0&Prime; use_background_color_gradient=\u00a0\u00bbon\u00a0\u00bb background_color_gradient_direction=\u00a0\u00bb148deg\u00a0\u00bb background_color_gradient_stops=\u00a0\u00bb#00d0ff 0%|#0c71c3 99%\u00a0\u00bb width=\u00a0\u00bb100%\u00a0\u00bb max_width=\u00a0\u00bb100%\u00a0\u00bb min_height=\u00a0\u00bb392px\u00a0\u00bb custom_margin=\u00a0\u00bb0px|0px|0px|0px|false|false\u00a0\u00bb custom_padding=\u00a0\u00bb27px|18px||31px|false|false\u00a0\u00bb animation_style=\u00a0\u00bbflip\u00a0\u00bb animation_direction=\u00a0\u00bbtop\u00a0\u00bb animation_duration=\u00a0\u00bb750ms\u00a0\u00bb custom_css_main_element=\u00a0\u00bbfont-size: 12px;\u00a0\u00bb border_radii=\u00a0\u00bbon|38px|38px|38px|38px\u00a0\u00bb box_shadow_style=\u00a0\u00bbpreset1&Prime; global_colors_info=\u00a0\u00bb{}\u00a0\u00bb]<\/p>\n<p><span>La n\u00e9cessit\u00e9 d\u2019apporter des r\u00e9ponses aux enjeux climatiques pour contenir le r\u00e9chauffement de la plan\u00e8te et limiter ses<br \/>cons\u00e9quences ne fait plus d\u00e9bat.\u00a0\u00a0<\/span><span data-ccp-props=\"{&quot;201341983&quot;:0,&quot;335551550&quot;:2,&quot;335551620&quot;:2,&quot;335559739&quot;:160,&quot;335559740&quot;:259}\">\u00a0<\/span><\/p>\n<p><span>Le temps est \u00e0 l\u2019action. Pour agir avec clairvoyance, il faut comprendre notre h\u00e9ritage dans toutes ses dimensions, \u00e9conomiques, sociales, juridiques\u2026 <\/span><span>aussi bien positives que n\u00e9gatives.\u00a0<\/span><span data-ccp-props=\"{&quot;201341983&quot;:0,&quot;335551550&quot;:2,&quot;335551620&quot;:2,&quot;335559739&quot;:160,&quot;335559740&quot;:259}\">\u00a0<\/span><\/p>\n<p><span>L\u00e9gitimer une vision de l\u2019avenir construite sur la seule d\u00e9nonciation du pass\u00e9 ne peut que conduire \u00e0 l\u2019aveuglement.\u00a0<\/span><span data-ccp-props=\"{&quot;201341983&quot;:0,&quot;335551550&quot;:2,&quot;335551620&quot;:2,&quot;335559739&quot;:160,&quot;335559740&quot;:259}\">\u00a0<\/span><\/p>\n<p><span>Transition ou rupture\u202f? La question n\u2019est pas anodine.\u00a0<\/span><span data-ccp-props=\"{&quot;201341983&quot;:0,&quot;335551550&quot;:2,&quot;335551620&quot;:2,&quot;335559739&quot;:160,&quot;335559740&quot;:259}\">\u00a0<\/span><\/p>\n<p><span>\u00ab\u202f\u00catre en transition\u202f\u00bb c\u2019est se transformer progressivement en laissant le temps de l\u2019adaptation pour maitriser les cons\u00e9quences de cette transformation.<br \/>C\u2019est construire l\u2019avenir sur la base d\u2019une trajectoire en s\u2019assurant de sa soutenabilit\u00e9 sociale et \u00e9conomique et en se r\u00e9servant une capacit\u00e9 d\u2019ajustement.<\/span><span data-ccp-props=\"{&quot;201341983&quot;:0,&quot;335551550&quot;:2,&quot;335551620&quot;:2,&quot;335559739&quot;:160,&quot;335559740&quot;:259}\">\u00a0<\/span><\/p>\n<p><span>\u00ab\u202f\u00catre en transition\u202f\u00bb, certains le diront, c\u2019est prendre le risque d\u2019une transformation trop lente.\u00a0<\/span><span data-ccp-props=\"{&quot;201341983&quot;:0,&quot;335551550&quot;:2,&quot;335551620&quot;:2,&quot;335559739&quot;:160,&quot;335559740&quot;:259}\">\u00a0<\/span><\/p>\n<p><span>\u00ab\u202fRompre\u202f\u00bb c\u2019est se transformer radicalement.<\/span><span data-ccp-props=\"{&quot;201341983&quot;:0,&quot;335551550&quot;:2,&quot;335551620&quot;:2,&quot;335559739&quot;:160,&quot;335559740&quot;:259}\">\u00a0<\/span><\/p>\n<p><span>\u00ab\u202fRompre\u202f\u00bb, certains le diront, c\u2019est la seule r\u00e9ponse envisageable face \u00e0 l\u2019urgence. Mais d\u2019autres diront aussi que c\u2019est prendre le risque de cons\u00e9quences \u00e9conomiquement et socialement destructrices.<\/span><span data-ccp-props=\"{&quot;201341983&quot;:0,&quot;335551550&quot;:2,&quot;335551620&quot;:2,&quot;335559739&quot;:160,&quot;335559740&quot;:259}\">\u00a0<\/span><\/p>\n<p><span>Les rencontres de la transition juste sont un espace de r\u00e9flexion et de dialogue. L\u2019ambition est de trouver collectivement ce chemin d\u2019une v\u00e9ritable transition qui pr\u00e9serve les \u00e9quilibres \u00e9conomiques et sociaux et r\u00e9pond concr\u00e8tement aux objectifs des accords de Paris.<\/span><span data-ccp-props=\"{&quot;201341983&quot;:0,&quot;335551550&quot;:2,&quot;335551620&quot;:2,&quot;335559739&quot;:160,&quot;335559740&quot;:259}\">\u00a0<\/span><\/p>\n<p><span data-ccp-props=\"{&quot;201341983&quot;:0,&quot;335551550&quot;:2,&quot;335551620&quot;:2,&quot;335559739&quot;:160,&quot;335559740&quot;:259}\">\u00a0<\/span><\/p>\n<p>[\/et_pb_text][\/et_pb_column][\/et_pb_row][\/et_pb_section][et_pb_section fb_built=\u00a0\u00bb1&Prime; next_background_color=\u00a0\u00bb#ffffff\u00a0\u00bb admin_label=\u00a0\u00bbSection\u00a0\u00bb _builder_version=\u00a0\u00bb4.21.0&Prime; _module_preset=\u00a0\u00bbdefault\u00a0\u00bb background_color=\u00a0\u00bb#00b7e5&Prime; min_height=\u00a0\u00bb124.4px\u00a0\u00bb custom_margin=\u00a0\u00bb2%||||false|false\u00a0\u00bb custom_padding=\u00a0\u00bb0px||||false|false\u00a0\u00bb top_divider_color=\u00a0\u00bb#FFFFFF\u00a0\u00bb bottom_divider_style=\u00a0\u00bbarrow\u00a0\u00bb da_disable_devices=\u00a0\u00bboff|off|off\u00a0\u00bb global_colors_info=\u00a0\u00bb{}\u00a0\u00bb da_is_popup=\u00a0\u00bboff\u00a0\u00bb da_exit_intent=\u00a0\u00bboff\u00a0\u00bb da_has_close=\u00a0\u00bbon\u00a0\u00bb da_alt_close=\u00a0\u00bboff\u00a0\u00bb da_dark_close=\u00a0\u00bboff\u00a0\u00bb da_not_modal=\u00a0\u00bbon\u00a0\u00bb da_is_singular=\u00a0\u00bboff\u00a0\u00bb da_with_loader=\u00a0\u00bboff\u00a0\u00bb da_has_shadow=\u00a0\u00bbon\u00a0\u00bb][et_pb_row _builder_version=\u00a0\u00bb4.21.0&Prime; _module_preset=\u00a0\u00bbdefault\u00a0\u00bb global_colors_info=\u00a0\u00bb{}\u00a0\u00bb][et_pb_column type=\u00a0\u00bb4_4&Prime; _builder_version=\u00a0\u00bb4.21.0&Prime; _module_preset=\u00a0\u00bbdefault\u00a0\u00bb global_colors_info=\u00a0\u00bb{}\u00a0\u00bb][et_pb_countdown_timer date_time=\u00a0\u00bb2023-09-22 07:14&Prime; _builder_version=\u00a0\u00bb4.21.0&Prime; _module_preset=\u00a0\u00bbdefault\u00a0\u00bb header_level=\u00a0\u00bbh1&Prime; header_font=\u00a0\u00bbMontserrat||||||||\u00a0\u00bb header_font_size=\u00a0\u00bb25px\u00a0\u00bb numbers_font=\u00a0\u00bbMontserrat||||||||\u00a0\u00bb background_enable_color=\u00a0\u00bboff\u00a0\u00bb global_colors_info=\u00a0\u00bb{}\u00a0\u00bb][\/et_pb_countdown_timer][\/et_pb_column][\/et_pb_row][\/et_pb_section][et_pb_section fb_built=\u00a0\u00bb1&Prime; admin_label=\u00a0\u00bbSection\u00a0\u00bb _builder_version=\u00a0\u00bb4.21.0&Prime; _module_preset=\u00a0\u00bbdefault\u00a0\u00bb da_disable_devices=\u00a0\u00bboff|off|off\u00a0\u00bb global_colors_info=\u00a0\u00bb{}\u00a0\u00bb da_is_popup=\u00a0\u00bboff\u00a0\u00bb da_exit_intent=\u00a0\u00bboff\u00a0\u00bb da_has_close=\u00a0\u00bbon\u00a0\u00bb da_alt_close=\u00a0\u00bboff\u00a0\u00bb da_dark_close=\u00a0\u00bboff\u00a0\u00bb da_not_modal=\u00a0\u00bbon\u00a0\u00bb da_is_singular=\u00a0\u00bboff\u00a0\u00bb da_with_loader=\u00a0\u00bboff\u00a0\u00bb da_has_shadow=\u00a0\u00bbon\u00a0\u00bb][et_pb_row _builder_version=\u00a0\u00bb4.21.0&Prime; _module_preset=\u00a0\u00bbdefault\u00a0\u00bb global_colors_info=\u00a0\u00bb{}\u00a0\u00bb][et_pb_column type=\u00a0\u00bb4_4&Prime; _builder_version=\u00a0\u00bb4.21.0&Prime; _module_preset=\u00a0\u00bbdefault\u00a0\u00bb global_colors_info=\u00a0\u00bb{}\u00a0\u00bb][\/et_pb_column][\/et_pb_row][\/et_pb_section][et_pb_section fb_built=\u00a0\u00bb1&Prime; prev_background_color=\u00a0\u00bb#ffffff\u00a0\u00bb disabled_on=\u00a0\u00bbon|on|off\u00a0\u00bb admin_label=\u00a0\u00bbSection\u00a0\u00bb _builder_version=\u00a0\u00bb4.21.0&Prime; _module_preset=\u00a0\u00bbdefault\u00a0\u00bb use_background_color_gradient=\u00a0\u00bbon\u00a0\u00bb background_color_gradient_stops=\u00a0\u00bbrgba(255,255,255,0) 0%|#29c4a9 100%\u00a0\u00bb background_color_gradient_overlays_image=\u00a0\u00bbon\u00a0\u00bb background_image=\u00a0\u00bbhttps:\/\/lesrencontresenergiesetterritoires.fr\/wp-content\/uploads\/2023\/06\/2022-06-23-FERME-SOLAIRE-BOYER-5-copie.png\u00a0\u00bb parallax=\u00a0\u00bbon\u00a0\u00bb width=\u00a0\u00bb100%\u00a0\u00bb min_height=\u00a0\u00bb345.4px\u00a0\u00bb height=\u00a0\u00bb100px\u00a0\u00bb custom_margin=\u00a0\u00bb-16px||1px||false|false\u00a0\u00bb custom_padding=\u00a0\u00bb0px||2px||false|false\u00a0\u00bb top_divider_style=\u00a0\u00bbwaves2&Prime; da_disable_devices=\u00a0\u00bboff|off|off\u00a0\u00bb global_colors_info=\u00a0\u00bb{}\u00a0\u00bb da_is_popup=\u00a0\u00bboff\u00a0\u00bb da_exit_intent=\u00a0\u00bboff\u00a0\u00bb da_has_close=\u00a0\u00bbon\u00a0\u00bb da_alt_close=\u00a0\u00bboff\u00a0\u00bb da_dark_close=\u00a0\u00bboff\u00a0\u00bb da_not_modal=\u00a0\u00bbon\u00a0\u00bb da_is_singular=\u00a0\u00bboff\u00a0\u00bb da_with_loader=\u00a0\u00bboff\u00a0\u00bb da_has_shadow=\u00a0\u00bbon\u00a0\u00bb][et_pb_row column_structure=\u00a0\u00bb1_2,1_2&Prime; _builder_version=\u00a0\u00bb4.21.0&Prime; _module_preset=\u00a0\u00bbdefault\u00a0\u00bb custom_margin=\u00a0\u00bb0px||||false|false\u00a0\u00bb custom_padding=\u00a0\u00bb160px||||false|false\u00a0\u00bb global_colors_info=\u00a0\u00bb{}\u00a0\u00bb][et_pb_column type=\u00a0\u00bb1_2&Prime; _builder_version=\u00a0\u00bb4.21.0&Prime; _module_preset=\u00a0\u00bbdefault\u00a0\u00bb global_colors_info=\u00a0\u00bb{}\u00a0\u00bb][et_pb_icon font_icon=\u00a0\u00bb&#xf073;||fa||400&Prime; icon_color=\u00a0\u00bb#FFFFFF\u00a0\u00bb _builder_version=\u00a0\u00bb4.21.0&Prime; _module_preset=\u00a0\u00bbdefault\u00a0\u00bb global_colors_info=\u00a0\u00bb{}\u00a0\u00bb][\/et_pb_icon][\/et_pb_column][et_pb_column type=\u00a0\u00bb1_2&Prime; _builder_version=\u00a0\u00bb4.21.0&Prime; _module_preset=\u00a0\u00bbdefault\u00a0\u00bb global_colors_info=\u00a0\u00bb{}\u00a0\u00bb][et_pb_icon font_icon=\u00a0\u00bb&#xe081;||divi||400&Prime; icon_color=\u00a0\u00bb#FFFFFF\u00a0\u00bb _builder_version=\u00a0\u00bb4.21.0&Prime; _module_preset=\u00a0\u00bbdefault\u00a0\u00bb global_colors_info=\u00a0\u00bb{}\u00a0\u00bb][\/et_pb_icon][\/et_pb_column][\/et_pb_row][\/et_pb_section][et_pb_section fb_built=\u00a0\u00bb1&Prime; admin_label=\u00a0\u00bbSection\u00a0\u00bb _builder_version=\u00a0\u00bb4.21.0&Prime; _module_preset=\u00a0\u00bbdefault\u00a0\u00bb background_color=\u00a0\u00bbRGBA(255,255,255,0)\u00a0\u00bb custom_margin=\u00a0\u00bb-99px||||false|false\u00a0\u00bb custom_padding=\u00a0\u00bb5px||||false|false\u00a0\u00bb da_disable_devices=\u00a0\u00bboff|off|off\u00a0\u00bb global_colors_info=\u00a0\u00bb{}\u00a0\u00bb da_is_popup=\u00a0\u00bboff\u00a0\u00bb da_exit_intent=\u00a0\u00bboff\u00a0\u00bb da_has_close=\u00a0\u00bbon\u00a0\u00bb da_alt_close=\u00a0\u00bboff\u00a0\u00bb da_dark_close=\u00a0\u00bboff\u00a0\u00bb da_not_modal=\u00a0\u00bbon\u00a0\u00bb da_is_singular=\u00a0\u00bboff\u00a0\u00bb da_with_loader=\u00a0\u00bboff\u00a0\u00bb da_has_shadow=\u00a0\u00bbon\u00a0\u00bb][et_pb_row column_structure=\u00a0\u00bb1_2,1_2&Prime; _builder_version=\u00a0\u00bb4.21.0&Prime; _module_preset=\u00a0\u00bbdefault\u00a0\u00bb global_colors_info=\u00a0\u00bb{}\u00a0\u00bb][et_pb_column type=\u00a0\u00bb1_2&Prime; _builder_version=\u00a0\u00bb4.21.0&Prime; _module_preset=\u00a0\u00bbdefault\u00a0\u00bb global_colors_info=\u00a0\u00bb{}\u00a0\u00bb][et_pb_text _builder_version=\u00a0\u00bb4.21.0&Prime; _module_preset=\u00a0\u00bbdefault\u00a0\u00bb text_font=\u00a0\u00bbMontserrat||||||||\u00a0\u00bb text_text_color=\u00a0\u00bb#1FD7E0&Prime; background_color=\u00a0\u00bb#FFFFFF\u00a0\u00bb custom_margin=\u00a0\u00bb0px||||false|false\u00a0\u00bb custom_padding=\u00a0\u00bb12px|23px|16px|24px|false|false\u00a0\u00bb border_radii=\u00a0\u00bboff|30px||30px|\u00a0\u00bb box_shadow_style=\u00a0\u00bbpreset1&Prime; box_shadow_vertical=\u00a0\u00bb10px\u00a0\u00bb box_shadow_blur=\u00a0\u00bb30px\u00a0\u00bb box_shadow_spread=\u00a0\u00bb-10px\u00a0\u00bb global_colors_info=\u00a0\u00bb{}\u00a0\u00bb]<\/p>\n<h1 style=\"text-align: center;\"><strong><\/strong><\/h1>\n<h1 style=\"text-align: center;\"><span style=\"color: #000080;\"><strong>Vendredi 22 septembre 2023<\/strong><\/span><\/h1>\n<h2 style=\"text-align: center;\"><span style=\"color: #7cc8fc;\"><strong>10h &#8211; 18h<\/strong><\/span><\/h2>\n<p><strong><\/strong><\/p>\n<p>[\/et_pb_text][\/et_pb_column][et_pb_column type=\u00a0\u00bb1_2&Prime; _builder_version=\u00a0\u00bb4.21.0&Prime; _module_preset=\u00a0\u00bbdefault\u00a0\u00bb global_colors_info=\u00a0\u00bb{}\u00a0\u00bb][et_pb_text _builder_version=\u00a0\u00bb4.21.0&Prime; _module_preset=\u00a0\u00bbdefault\u00a0\u00bb text_font=\u00a0\u00bbMontserrat||||||||\u00a0\u00bb text_text_color=\u00a0\u00bb#1FD7E0&Prime; background_color=\u00a0\u00bb#FFFFFF\u00a0\u00bb custom_margin=\u00a0\u00bb0px||||false|false\u00a0\u00bb custom_padding=\u00a0\u00bb12px|24px|16px|24px|false|false\u00a0\u00bb border_radii=\u00a0\u00bboff|30px||30px|\u00a0\u00bb box_shadow_style=\u00a0\u00bbpreset1&Prime; box_shadow_vertical=\u00a0\u00bb10px\u00a0\u00bb box_shadow_blur=\u00a0\u00bb30px\u00a0\u00bb box_shadow_spread=\u00a0\u00bb-10px\u00a0\u00bb global_colors_info=\u00a0\u00bb{}\u00a0\u00bb]<\/p>\n<h1 style=\"text-align: center;\"><strong><\/strong><\/h1>\n<h1 style=\"text-align: center;\"><span style=\"color: #000080;\"><strong>Les Salons du Clo\u00eetre<\/strong><\/span><\/h1>\n<h2 style=\"text-align: center;\"><span style=\"color: #7cc8fc;\"><strong>Dijon<\/strong><\/span><\/h2>\n<p><strong><\/strong><\/p>\n<p>[\/et_pb_text][\/et_pb_column][\/et_pb_row][\/et_pb_section][et_pb_section fb_built=\u00a0\u00bb1&Prime; admin_label=\u00a0\u00bbSection\u00a0\u00bb _builder_version=\u00a0\u00bb4.21.0&Prime; _module_preset=\u00a0\u00bbdefault\u00a0\u00bb da_disable_devices=\u00a0\u00bboff|off|off\u00a0\u00bb global_colors_info=\u00a0\u00bb{}\u00a0\u00bb da_is_popup=\u00a0\u00bboff\u00a0\u00bb da_exit_intent=\u00a0\u00bboff\u00a0\u00bb da_has_close=\u00a0\u00bbon\u00a0\u00bb da_alt_close=\u00a0\u00bboff\u00a0\u00bb da_dark_close=\u00a0\u00bboff\u00a0\u00bb da_not_modal=\u00a0\u00bbon\u00a0\u00bb da_is_singular=\u00a0\u00bboff\u00a0\u00bb da_with_loader=\u00a0\u00bboff\u00a0\u00bb da_has_shadow=\u00a0\u00bbon\u00a0\u00bb][et_pb_row _builder_version=\u00a0\u00bb4.21.0&Prime; _module_preset=\u00a0\u00bbdefault\u00a0\u00bb width=\u00a0\u00bb100%\u00a0\u00bb max_width=\u00a0\u00bb100%\u00a0\u00bb custom_margin=\u00a0\u00bb0px||0px||false|false\u00a0\u00bb custom_padding=\u00a0\u00bb0px||0px||false|false\u00a0\u00bb global_colors_info=\u00a0\u00bb{}\u00a0\u00bb][et_pb_column type=\u00a0\u00bb4_4&Prime; _builder_version=\u00a0\u00bb4.21.0&Prime; _module_preset=\u00a0\u00bbdefault\u00a0\u00bb global_colors_info=\u00a0\u00bb{}\u00a0\u00bb][et_pb_text _builder_version=\u00a0\u00bb4.21.0&Prime; _module_preset=\u00a0\u00bbdefault\u00a0\u00bb text_font_size=\u00a0\u00bb24px\u00a0\u00bb header_font_size=\u00a0\u00bb65px\u00a0\u00bb background_color=\u00a0\u00bb#5524DB\u00a0\u00bb custom_margin=\u00a0\u00bb0px||||false|false\u00a0\u00bb custom_padding=\u00a0\u00bb63px||68px||false|false\u00a0\u00bb global_colors_info=\u00a0\u00bb{}\u00a0\u00bb]<\/p>\n<h1 style=\"text-align: center;\"><span style=\"color: #ffffff;\"><strong>D\u00e9roul\u00e9 de la journ\u00e9e<\/strong><\/span><\/h1>\n<p>[\/et_pb_text][\/et_pb_column][\/et_pb_row][\/et_pb_section][et_pb_section fb_built=\u00a0\u00bb1&Prime; admin_label=\u00a0\u00bbSection\u00a0\u00bb _builder_version=\u00a0\u00bb4.21.0&Prime; _module_preset=\u00a0\u00bbdefault\u00a0\u00bb da_disable_devices=\u00a0\u00bboff|off|off\u00a0\u00bb global_colors_info=\u00a0\u00bb{}\u00a0\u00bb da_is_popup=\u00a0\u00bboff\u00a0\u00bb da_exit_intent=\u00a0\u00bboff\u00a0\u00bb da_has_close=\u00a0\u00bbon\u00a0\u00bb da_alt_close=\u00a0\u00bboff\u00a0\u00bb da_dark_close=\u00a0\u00bboff\u00a0\u00bb da_not_modal=\u00a0\u00bbon\u00a0\u00bb da_is_singular=\u00a0\u00bboff\u00a0\u00bb da_with_loader=\u00a0\u00bboff\u00a0\u00bb da_has_shadow=\u00a0\u00bbon\u00a0\u00bb][et_pb_row _builder_version=\u00a0\u00bb4.21.0&Prime; _module_preset=\u00a0\u00bbdefault\u00a0\u00bb max_width=\u00a0\u00bb100%\u00a0\u00bb global_colors_info=\u00a0\u00bb{}\u00a0\u00bb][et_pb_column type=\u00a0\u00bb4_4&Prime; _builder_version=\u00a0\u00bb4.21.0&Prime; _module_preset=\u00a0\u00bbdefault\u00a0\u00bb global_colors_info=\u00a0\u00bb{}\u00a0\u00bb][et_pb_tabs _builder_version=\u00a0\u00bb4.21.0&Prime; _module_preset=\u00a0\u00bbdefault\u00a0\u00bb tab_font_size=\u00a0\u00bb18px\u00a0\u00bb global_colors_info=\u00a0\u00bb{}\u00a0\u00bb][et_pb_tab title=\u00a0\u00bbMatin\u00a0\u00bb _builder_version=\u00a0\u00bb4.21.0&Prime; _module_preset=\u00a0\u00bbdefault\u00a0\u00bb global_colors_info=\u00a0\u00bb{}\u00a0\u00bb]<\/p>\n<h4 class=\"s3\"><span style=\"color: #ff6600;\"><strong><span class=\"s4\">1<\/span><span class=\"s4\">0<\/span><span class=\"s4\">h<\/span><span class=\"s4\">0<\/span><span class=\"s4\">0 \u2013 1<\/span><span class=\"s4\">0<\/span><span class=\"s4\">h25<\/span><\/strong><\/span><span class=\"s4\">\u00a0: <\/span><span class=\"s4\">Accueil<br \/><\/span><\/h4>\n<h4 class=\"s3\"><span class=\"s5\"><span style=\"color: #ff6600;\"><strong><\/strong><\/span><\/span><\/h4>\n<h4 class=\"s3\"><span class=\"s5\"><span style=\"color: #ff6600;\"><strong><\/strong><\/span><\/span><\/h4>\n<h4 class=\"s3\"><span class=\"s5\"><span style=\"color: #ff6600;\"><strong><\/strong><\/span><\/span><\/h4>\n<h4 class=\"s3\"><span class=\"s5\"><span style=\"color: #ff6600;\"><strong>10h25 \u2013 10h35<\/strong><\/span>\u00a0: <\/span><span class=\"s5\">Discours d\u2019introduction<\/span><span class=\"s5\"> \/ Mot d\u2019accueil &#8211; Vincent GAFFARD<\/span><\/h4>\n<h4 class=\"s3\"><\/h4>\n<h4 class=\"s3\"><span class=\"s7\"><span style=\"color: #ff6600;\"><strong>10h40 \u2013 11h20<\/strong><\/span>\u00a0: <\/span><strong><span class=\"s7\">\u00ab<\/span><span class=\"s7\"> Transitions \u00e9nerg\u00e9tique et \u00e9cologique<\/span><span class=\"s7\">,<\/span><span class=\"s7\"> <\/span><span class=\"s7\">et justice sociale\u00a0\u00bb<\/span><\/strong><span class=\"s7\">\u00a0<\/span><span class=\"s7\">&#8211; Rachel GUYET.<br \/><\/span><span style=\"color: #ff6600;\"><strong><span class=\"s7\"><br \/><\/span><\/strong><\/span><\/h4>\n<h4 class=\"s3\"><span style=\"color: #ff6600;\"><strong><span class=\"s7\">11h<\/span><span class=\"s7\">25<\/span><span class=\"s7\"> \u2013 1<\/span><span class=\"s7\">2<\/span><span class=\"s7\">h05<\/span><\/strong><\/span><span class=\"s7\">\u00a0: <strong>\u00ab\u00a0Capitalisme et <\/strong><\/span><strong><span class=\"s7\">\u00e9<\/span><span class=\"s7\">conomie de march\u00e9 \u00e0 l\u2019\u00e9preuve de l\u2019urgence climatique\u00a0\u00bb<\/span><\/strong><span class=\"s7\"> &#8211; <\/span><span class=\"s7\">Professeur <\/span><span class=\"s7\">Lionel RAGOT.<\/span><\/h4>\n<p>&nbsp;<\/p>\n<h4 class=\"s3\"><span class=\"s4\"><span style=\"color: #ff6600;\"><strong>12h10 \u2013 12h45<\/strong><\/span> : <strong>Intervention d&rsquo;Arnaud MONTEBOURG<\/strong>, ancien ministre et entrepreneur.<\/span><\/h4>\n<p>&nbsp;<\/p>\n<h4 class=\"s3\"><span class=\"s4\"><span style=\"color: #ff6600;\"><strong>12h45 \u2013 14h00<\/strong><\/span> : D\u00e9jeuner et \u00e9changes autour des posters de pr\u00e9sentations des recherches men\u00e9es au sein du r\u00e9seau EDENi.<\/span><\/h4>\n<p>[\/et_pb_tab][et_pb_tab title=\u00a0\u00bbApr\u00e8s-midi\u00a0\u00bb _builder_version=\u00a0\u00bb4.21.0&Prime; _module_preset=\u00a0\u00bbdefault\u00a0\u00bb global_colors_info=\u00a0\u00bb{}\u00a0\u00bb]<\/p>\n<h4 class=\"s3\"><span style=\"color: #ff6600;\"><strong><span class=\"s7\">14h<\/span><span class=\"s7\">00<\/span><span class=\"s7\"> \u2013 1<\/span><span class=\"s7\">4<\/span><span class=\"s7\">h<\/span><span class=\"s7\">45<\/span><\/strong><\/span><span class=\"s7\">\u00a0: <\/span><strong><span class=\"s7\">\u00ab\u00a0Le droit\u00a0<\/span><span class=\"s7\">de l\u2019environnement, une redistribution des cartes\u00a0? <\/span><span class=\"s7\">\u00bb<\/span><\/strong><span class=\"s7\">\u00a0\u2013 <\/span><span class=\"s7\">Professeur Gilles M<\/span><span class=\"s7\">ARTIN.<\/span><\/h4>\n<p><span class=\"s7\"><\/span><\/p>\n<h4 class=\"s3\"><span style=\"color: #ff6600;\"><strong><span class=\"s7\">14h<\/span><span class=\"s7\">45<\/span><span class=\"s7\"> \u2013 15h00<\/span><span class=\"s7\">\u00a0<span style=\"color: #000000;\">: <\/span><\/span><\/strong><\/span><b>\u00ab\u00a0R\u00e9ussir la transition \u00e9cologique et \u00e9nerg\u00e9tique dans les villes m\u00e9dianes\u00a0\u00bb<\/b><span>\u00a0\u2013\u00a0<strong>Interview de Denis THURIOT<\/strong><\/span><\/h4>\n<p><span><strong><\/strong><\/span><\/p>\n<h4 class=\"s3\"><span style=\"color: #ff6600;\"><strong><span class=\"s7\">1<\/span><span class=\"s7\">5<\/span><span class=\"s7\">h<\/span><span class=\"s7\">00<\/span><span class=\"s7\"> \u2013 1<\/span><span class=\"s7\">5h<\/span><span class=\"s7\">30<\/span><\/strong><\/span><span class=\"s7\">\u00a0<\/span><span class=\"s7\">: <\/span><span class=\"s7\">Table r<\/span><span class=\"s7\">onde <strong>\u00ab\u00a0Regards Crois\u00e9s\u00a0\u00bb<\/strong><\/span><span class=\"s7\"> avec Rachel GUYET, Lionel RAGOT, Gilles MARTIN et Vincent BERTRAND.<\/span><span class=\"s7\"><\/span><\/h4>\n<p>&nbsp;<\/p>\n<h4 class=\"s3\"><strong><span style=\"color: #ff6600;\"><span class=\"s4\">15h<\/span><span class=\"s4\">30<\/span><span class=\"s4\"> \u2013 1<\/span><span class=\"s4\">5<\/span><span class=\"s4\">h<\/span><span class=\"s4\">45<\/span><\/span><\/strong><span class=\"s4\"> : Pause.<\/span><\/h4>\n<p>&nbsp;<\/p>\n<h4 class=\"s9\"><span style=\"color: #ff6600;\"><strong><span class=\"s7\">15h45<\/span><\/strong><\/span><span class=\"s7\"><span style=\"color: #ff6600;\"><strong> \u2013 16h15<\/strong><\/span> : Table ronde <strong>\u00ab La transition \u00e9cologique et \u00e9nerg\u00e9tique au c\u0153ur des territoires\u00a0\u00bb<\/strong><\/span><\/h4>\n<p>&nbsp;<\/p>\n<h4 class=\"s9\"><strong><span style=\"color: #ff6600;\"><span class=\"s7\">1<\/span><span class=\"s7\">6<\/span><span class=\"s7\">h<\/span><span class=\"s7\">20<\/span><span class=\"s7\"> -1<\/span><span class=\"s7\">6h<\/span><span class=\"s7\">50<\/span><\/span><\/strong><span class=\"s7\">\u00a0<\/span><span class=\"s7\">: Table r<\/span><span class=\"s7\">onde<\/span><span class=\"s7\"> <b><span>\u00ab\u00a0Au c\u0153ur de la transition \u00e9cologique et \u00e9nerg\u00e9tique,\u00a0\u00e0\u00a0quels enjeux\u00a0sont-ils confront\u00e9s\u00a0?\u00a0\u00bb<\/span><\/b><\/span><\/h4>\n<p>&nbsp;<\/p>\n<h4 class=\"s9\"><span style=\"color: #ff6600;\"><strong><span class=\"s7\">1<\/span><span class=\"s7\">6h<\/span><span class=\"s7\">5<\/span><span class=\"s7\">0 \u2013 17h<\/span><span class=\"s7\">25<\/span><\/strong><\/span><span class=\"s7\">\u00a0: <\/span><span class=\"s7\">Table ronde <\/span><span class=\"s7\"><b><span>\u00ab\u00a0<\/span><\/b><\/span><span class=\"s7\"><b>Planifier\u00a0la transition \u00e9cologique et \u00e9nerg\u00e9tique, oui mais comment ? <\/b><\/span><span class=\"s7\"><b><span>\u00bb<\/span><\/b><\/span><\/h4>\n<p><span class=\"s7\"><\/span><\/p>\n<p>&nbsp;<\/p>\n<h4 class=\"s3\"><strong><span style=\"color: #ff6600;\"><span class=\"s5\">17h<\/span><span class=\"s5\">2<\/span><\/span><\/strong><span class=\"s5\"><strong><span style=\"color: #ff6600;\">5<\/span><\/strong>\u00a0: <\/span><span class=\"s5\">Discours de cl\u00f4ture<\/span><span class=\"s5\"> : Vincent GAFFARD.<\/span><\/h4>\n<p>&nbsp;<\/p>\n<h4 class=\"s3\"><span style=\"color: #ff6600;\"><strong><span class=\"s10\">18<\/span><span class=\"s10\">h00<\/span><\/strong><\/span><span class=\"s10\">\u00a0: Fin de l\u2019\u00e9v\u00e8nement.<\/span><\/h4>\n<p>[\/et_pb_tab][\/et_pb_tabs][\/et_pb_column][\/et_pb_row][\/et_pb_section][et_pb_section fb_built=\u00a0\u00bb1&Prime; next_background_color=\u00a0\u00bb#ffffff\u00a0\u00bb disabled_on=\u00a0\u00bboff|off|off\u00a0\u00bb admin_label=\u00a0\u00bbSection\u00a0\u00bb module_id=\u00a0\u00bbpresentation\u00a0\u00bb _builder_version=\u00a0\u00bb4.21.0&Prime; _module_preset=\u00a0\u00bbdefault\u00a0\u00bb background_color=\u00a0\u00bb#5524DB\u00a0\u00bb custom_margin=\u00a0\u00bb117px||||false|false\u00a0\u00bb custom_padding=\u00a0\u00bb82px||103px||false|false\u00a0\u00bb bottom_divider_style=\u00a0\u00bbcurve2&Prime; da_popup_slug=\u00a0\u00bbpresentation\u00a0\u00bb da_disable_devices=\u00a0\u00bboff|off|off\u00a0\u00bb global_colors_info=\u00a0\u00bb{}\u00a0\u00bb da_is_popup=\u00a0\u00bboff\u00a0\u00bb da_exit_intent=\u00a0\u00bboff\u00a0\u00bb da_has_close=\u00a0\u00bbon\u00a0\u00bb da_alt_close=\u00a0\u00bboff\u00a0\u00bb da_dark_close=\u00a0\u00bboff\u00a0\u00bb da_not_modal=\u00a0\u00bbon\u00a0\u00bb da_is_singular=\u00a0\u00bboff\u00a0\u00bb da_with_loader=\u00a0\u00bboff\u00a0\u00bb da_has_shadow=\u00a0\u00bbon\u00a0\u00bb][et_pb_row _builder_version=\u00a0\u00bb4.21.0&Prime; _module_preset=\u00a0\u00bbdefault\u00a0\u00bb global_colors_info=\u00a0\u00bb{}\u00a0\u00bb][et_pb_column type=\u00a0\u00bb4_4&Prime; _builder_version=\u00a0\u00bb4.21.0&Prime; _module_preset=\u00a0\u00bbdefault\u00a0\u00bb global_colors_info=\u00a0\u00bb{}\u00a0\u00bb][et_pb_text _builder_version=\u00a0\u00bb4.21.0&Prime; _module_preset=\u00a0\u00bbdefault\u00a0\u00bb text_font_size=\u00a0\u00bb40px\u00a0\u00bb header_font_size=\u00a0\u00bb60px\u00a0\u00bb global_colors_info=\u00a0\u00bb{}\u00a0\u00bb]<\/p>\n<h1 style=\"text-align: center;\"><em><strong><span style=\"color: #ffffff;\">Pr\u00e9sentation des interventions<\/span><\/strong><\/em><\/h1>\n<p>[\/et_pb_text][\/et_pb_column][\/et_pb_row][\/et_pb_section][et_pb_section fb_built=\u00a0\u00bb1&Prime; admin_label=\u00a0\u00bbSection\u00a0\u00bb _builder_version=\u00a0\u00bb4.21.0&Prime; _module_preset=\u00a0\u00bbdefault\u00a0\u00bb custom_margin=\u00a0\u00bb62px||||false|false\u00a0\u00bb da_disable_devices=\u00a0\u00bboff|off|off\u00a0\u00bb global_colors_info=\u00a0\u00bb{}\u00a0\u00bb da_is_popup=\u00a0\u00bboff\u00a0\u00bb da_exit_intent=\u00a0\u00bboff\u00a0\u00bb da_has_close=\u00a0\u00bbon\u00a0\u00bb da_alt_close=\u00a0\u00bboff\u00a0\u00bb da_dark_close=\u00a0\u00bboff\u00a0\u00bb da_not_modal=\u00a0\u00bbon\u00a0\u00bb da_is_singular=\u00a0\u00bboff\u00a0\u00bb da_with_loader=\u00a0\u00bboff\u00a0\u00bb da_has_shadow=\u00a0\u00bbon\u00a0\u00bb][et_pb_row column_structure=\u00a0\u00bb1_2,1_2&Prime; _builder_version=\u00a0\u00bb4.21.0&Prime; _module_preset=\u00a0\u00bbdefault\u00a0\u00bb max_width=\u00a0\u00bb100%\u00a0\u00bb global_colors_info=\u00a0\u00bb{}\u00a0\u00bb][et_pb_column type=\u00a0\u00bb1_2&Prime; _builder_version=\u00a0\u00bb4.21.0&Prime; _module_preset=\u00a0\u00bbdefault\u00a0\u00bb global_colors_info=\u00a0\u00bb{}\u00a0\u00bb][et_pb_text _builder_version=\u00a0\u00bb4.21.0&Prime; _module_preset=\u00a0\u00bbdefault\u00a0\u00bb use_background_color_gradient=\u00a0\u00bbon\u00a0\u00bb background_color_gradient_direction=\u00a0\u00bb112deg\u00a0\u00bb background_color_gradient_stops=\u00a0\u00bb#2e5ce8 0%|#30cfe8 100%\u00a0\u00bb custom_margin=\u00a0\u00bb0px||0px||false|false\u00a0\u00bb custom_padding=\u00a0\u00bb23px||23px||false|false\u00a0\u00bb global_colors_info=\u00a0\u00bb{}\u00a0\u00bb]<\/p>\n<h3 style=\"text-align: center;\"><span style=\"color: #ffffff;\"><b>\u00ab\u202fQuel r\u00f4le pour le droit de l\u2019environnement pendant la transition ? \u00bb<\/b><\/span><\/h3>\n<h3 style=\"text-align: center;\"><span style=\"color: #ffffff;\"><i>Gilles MARTIN<\/i><\/span><\/h3>\n<p>[\/et_pb_text][et_pb_toggle title=\u00a0\u00bbPr\u00e9sentation de l&rsquo;intervention\u00a0\u00bb _builder_version=\u00a0\u00bb4.21.0&Prime; _module_preset=\u00a0\u00bbdefault\u00a0\u00bb title_level=\u00a0\u00bbh4&Prime; global_colors_info=\u00a0\u00bb{}\u00a0\u00bb]<\/p>\n<h5><span data-contrast=\"auto\">Le Droit de l\u2019environnement est, dit-on, un Droit r\u00e9cent. Mais depuis ses origines, un d\u00e9bat existe sur son objet et sa fonction. L\u00e0 o\u00f9 certains le reconnaissent comme un Droit protecteur de l\u2019environnement, d\u2019autres le d\u00e9noncent comme un Droit qui a pour vocation principale de rendre acceptable la soci\u00e9t\u00e9 industrielle.\u00a0<\/span><span data-ccp-props=\"{&quot;201341983&quot;:0,&quot;335551550&quot;:6,&quot;335551620&quot;:6,&quot;335559739&quot;:160,&quot;335559740&quot;:259}\">\u00a0<\/span><\/h5>\n<h5><span data-contrast=\"auto\">Quelle est votre vision du Droit de l\u2019environnement ? des int\u00e9r\u00eats qu\u2019il prot\u00e8ge ? Avez-vous le sentiment qu\u2019un changement s\u2019op\u00e8re dans la perception que la soci\u00e9t\u00e9 a du Droit de l\u2019environnement et de sa mise en \u0153uvre ?\u00a0<\/span><span data-ccp-props=\"{&quot;201341983&quot;:0,&quot;335551550&quot;:6,&quot;335551620&quot;:6,&quot;335559739&quot;:160,&quot;335559740&quot;:259}\">\u00a0<\/span><\/h5>\n<h5><span data-contrast=\"auto\">Comment concilier la temporalit\u00e9 et les enjeux \u00e9conomiques des projets industriels et les exigences du Droit de l\u2019environnement ?<\/span><span data-ccp-props=\"{&quot;201341983&quot;:0,&quot;335551550&quot;:6,&quot;335551620&quot;:6,&quot;335559739&quot;:160,&quot;335559740&quot;:259}\">\u00a0<\/span><\/h5>\n<h5><span data-contrast=\"auto\">\u00a0Le Droit est au carrefour des dialogues entre les syst\u00e8mes \u00e9conomiques, technico-scientifiques, moraux, politiques \u2026 Il ne peut qu\u2019\u00eatre attentif \u00e0 ces diff\u00e9rents discours. Parfois l\u2019arbitrage est r\u00e9alis\u00e9 par les textes d\u00e9mocratiquement vot\u00e9s, mais tr\u00e8s souvent, c\u2019est le juge qui doit arbitrer sur la base d\u2019un syst\u00e8me de valeurs, dont certaines, qui peuvent \u00eatre contradictoires, sont affirm\u00e9es dans la Constitution.\u00a0<\/span><span data-ccp-props=\"{&quot;201341983&quot;:0,&quot;335551550&quot;:6,&quot;335551620&quot;:6,&quot;335559739&quot;:160,&quot;335559740&quot;:259}\">\u00a0<\/span><\/h5>\n<h5><span data-contrast=\"auto\">Se pose ainsi les questions suivantes : le Droit est-il arm\u00e9 pour arbitrer et guider vers le choix du meilleur optimum \u00e9conomique, social et environnemental ?\u00a0<\/span><span data-ccp-props=\"{&quot;201341983&quot;:0,&quot;335551550&quot;:6,&quot;335551620&quot;:6,&quot;335559739&quot;:160,&quot;335559740&quot;:259}\">\u00a0<\/span><\/h5>\n<h5><span data-contrast=\"auto\">Sur quelle base un juge peut-il arbitrer l\u00e0 o\u00f9 le l\u00e9gislateur n\u2019ose plus trancher car il n\u2019y a pas de consensus ?\u00a0<\/span><span data-ccp-props=\"{&quot;201341983&quot;:0,&quot;335551550&quot;:6,&quot;335551620&quot;:6,&quot;335559739&quot;:160,&quot;335559740&quot;:259}\">\u00a0<\/span><\/h5>\n<h5><span data-contrast=\"auto\">Est-il r\u00e9ellement pertinent d\u2019avoir des juges sp\u00e9cialis\u00e9s ou faut-il privil\u00e9gier l\u2019universalit\u00e9 et la coll\u00e9gialit\u00e9 ?<\/span><span data-ccp-props=\"{&quot;201341983&quot;:0,&quot;335551550&quot;:6,&quot;335551620&quot;:6,&quot;335559739&quot;:160,&quot;335559740&quot;:259}\">\u00a0<\/span><\/h5>\n<h5><span data-contrast=\"auto\">\u00a0Les \u00e9volutions du Droit ont conduit notamment \u00e0 \u00e9tendre le Droit \u00e0 l\u2019information et \u00e0 la participation. Ce sont des \u00e9volutions sur lesquelles nous ne reviendrons pas. Pour autant, force est de constater qu\u2019il y a autant de difficult\u00e9s au niveau du dialogue environnemental que du dialogue social.\u00a0<\/span><span data-ccp-props=\"{&quot;201341983&quot;:0,&quot;335551550&quot;:6,&quot;335551620&quot;:6,&quot;335559739&quot;:160,&quot;335559740&quot;:259}\">\u00a0<\/span><\/h5>\n<h5><span data-contrast=\"auto\">Quelles am\u00e9liorations peuvent \u00eatre envisag\u00e9es pour am\u00e9liorer les processus de consultation et \u00e9ventuellement pour faciliter l\u2019\u00e9mergence d\u2019un consensus ?\u00a0<\/span><span data-ccp-props=\"{&quot;201341983&quot;:0,&quot;335551550&quot;:6,&quot;335551620&quot;:6,&quot;335559739&quot;:160,&quot;335559740&quot;:259}\">\u00a0<\/span><\/h5>\n<h5><span data-contrast=\"auto\">Le Droit de l\u2019environnement est \u00e0 la fois local et global. Si cela plaide d\u2019un c\u00f4t\u00e9 pour un certain d\u00e9passement des fronti\u00e8res, cela peut se heurter de l\u2019autre c\u00f4t\u00e9 aux l\u00e9gislations locales d\u2019Etats souverains. Quel est votre sentiment sur cette difficult\u00e9 ?\u00a0<\/span><span data-ccp-props=\"{&quot;201341983&quot;:0,&quot;335551550&quot;:6,&quot;335551620&quot;:6,&quot;335559739&quot;:160,&quot;335559740&quot;:259}\">\u00a0<\/span><\/h5>\n<h5><span data-contrast=\"auto\">Enfin, quel r\u00f4le et quelle responsabilit\u00e9 pour l\u2019entreprise : que veut-on dire quand on voit en elle un centre d\u2019int\u00e9r\u00eats ? Jusqu\u2019o\u00f9 sa responsabilit\u00e9 sociale peut-elle ou doit-elle s\u2019exercer ? Quelle responsabilit\u00e9 juridique encourt-elle ?<\/span><span data-ccp-props=\"{&quot;201341983&quot;:0,&quot;335551550&quot;:6,&quot;335551620&quot;:6,&quot;335559739&quot;:160,&quot;335559740&quot;:259}\">\u00a0<\/span><\/h5>\n<p>[\/et_pb_toggle][\/et_pb_column][et_pb_column type=\u00a0\u00bb1_2&Prime; _builder_version=\u00a0\u00bb4.21.0&Prime; _module_preset=\u00a0\u00bbdefault\u00a0\u00bb global_colors_info=\u00a0\u00bb{}\u00a0\u00bb][et_pb_text _builder_version=\u00a0\u00bb4.21.0&Prime; _module_preset=\u00a0\u00bbdefault\u00a0\u00bb use_background_color_gradient=\u00a0\u00bbon\u00a0\u00bb background_color_gradient_direction=\u00a0\u00bb112deg\u00a0\u00bb background_color_gradient_stops=\u00a0\u00bb#ffad33 0%|#f7da33 100%\u00a0\u00bb custom_margin=\u00a0\u00bb0px||0px||false|false\u00a0\u00bb custom_padding=\u00a0\u00bb23px||23px||false|false\u00a0\u00bb global_colors_info=\u00a0\u00bb{}\u00a0\u00bb]<\/p>\n<h3 style=\"text-align: center;\"><span class=\"NormalTextRun SCXW40016440 BCX9\" style=\"color: #ffffff;\"><b>\u00ab\u202fRegards Crois\u00e9s\u202f\u00bb<\/b><\/span><\/h3>\n<h3 style=\"text-align: center;\"><span style=\"color: #ffffff;\"><span class=\"NormalTextRun SCXW40016440 BCX9\"><i>S\u00e9quence t<\/i><\/span><i><span class=\"NormalTextRun SCXW40016440 BCX9\">able ronde<\/span><span class=\"NormalTextRun SCXW40016440 BCX9\"> avec l\u2019ensemble des intervenants<\/span><span class=\"NormalTextRun SCXW40016440 BCX9\"> + r\u00e9seau <\/span><span class=\"NormalTextRun SpellingErrorV2Themed SCXW40016440 BCX9\">EDEN.i<\/span><span class=\"NormalTextRun SCXW40016440 BCX9\">\u202f:<\/span><\/i><\/span><\/h3>\n<p>[\/et_pb_text][et_pb_toggle title=\u00a0\u00bbD\u00e9roul\u00e9 de la table ronde\u00a0\u00bb _builder_version=\u00a0\u00bb4.21.0&Prime; _module_preset=\u00a0\u00bbdefault\u00a0\u00bb title_level=\u00a0\u00bbh4&Prime; global_colors_info=\u00a0\u00bb{}\u00a0\u00bb]<\/p>\n<h5><span data-contrast=\"auto\">Le capitalisme et l\u2019\u00e9conomie de march\u00e9 sont-ils compatibles avec l\u2019objectif de justice sociale\u202f?\u00a0<\/span><span data-ccp-props=\"{&quot;201341983&quot;:0,&quot;335551550&quot;:2,&quot;335551620&quot;:2,&quot;335559739&quot;:0,&quot;335559740&quot;:259}\">\u00a0<\/span><\/h5>\n<h5><b><span data-contrast=\"auto\">Le regard de Rachel GUYET.<\/span><\/b><span data-ccp-props=\"{&quot;201341983&quot;:0,&quot;335551550&quot;:2,&quot;335551620&quot;:2,&quot;335559739&quot;:160,&quot;335559740&quot;:259}\">\u00a0<\/span><\/h5>\n<h5><span data-contrast=\"auto\">Le droit est tr\u00e8s souvent une arme \u00e9conomique (protectionnisme \u2026). Dans ces conditions, un droit de l\u2019environnement \u00ab\u202fmondial\u202f\u00bb, qui n\u2019induirait pas de distorsions de concurrence, peut-il \u00e9merger\u202f?\u00a0<\/span><span data-ccp-props=\"{&quot;201341983&quot;:0,&quot;335551550&quot;:2,&quot;335551620&quot;:2,&quot;335559739&quot;:0,&quot;335559740&quot;:259}\">\u00a0<\/span><\/h5>\n<h5><b><span data-contrast=\"auto\">Le regard de Lionel RAGOT<\/span><\/b><span data-ccp-props=\"{&quot;201341983&quot;:0,&quot;335551550&quot;:2,&quot;335551620&quot;:2,&quot;335559739&quot;:160,&quot;335559740&quot;:259}\">\u00a0<\/span><\/h5>\n<h5><span data-contrast=\"auto\">Les questions environnementales et de justice sociale sont-elles indissociables\u202f?\u00a0<\/span><span data-ccp-props=\"{&quot;201341983&quot;:0,&quot;335551550&quot;:2,&quot;335551620&quot;:2,&quot;335559739&quot;:0,&quot;335559740&quot;:259}\">\u00a0<\/span><\/h5>\n<h5><b><span data-contrast=\"auto\">Le regard de Gilles MARTIN<\/span><\/b><span data-ccp-props=\"{&quot;201341983&quot;:0,&quot;335551550&quot;:2,&quot;335551620&quot;:2,&quot;335559739&quot;:160,&quot;335559740&quot;:259}\">\u00a0<\/span><\/h5>\n<h5><span data-contrast=\"auto\">Le R\u00e9seau EDEN.i a pour objectif d\u2019organiser des \u00e9changes, des rencontres avec les entreprises confront\u00e9es aux nouveaux m\u00e9canismes de march\u00e9 ainsi qu\u2019aux nouvelles r\u00e9glementations, relatifs \u00e0 la transition \u00e9nerg\u00e9tique. Ces \u00e9changes ont vocation \u00e0 faire murir des r\u00e9flexions, des projets et mettre en \u00e9vidence les travaux des chercheurs en \u00e9conomie et en droit de l\u2019\u00e9nergie.\u00a0<\/span><span data-ccp-props=\"{&quot;201341983&quot;:0,&quot;335551550&quot;:2,&quot;335551620&quot;:2,&quot;335559739&quot;:160,&quot;335559740&quot;:259}\">\u00a0<\/span><\/h5>\n<h5><b><span data-contrast=\"auto\">Le regard de Vincent BERTRAND, fondateur et directeur du r\u00e9seau EDEN.i<\/span><\/b><span data-ccp-props=\"{&quot;201341983&quot;:0,&quot;335551550&quot;:2,&quot;335551620&quot;:2,&quot;335559739&quot;:160,&quot;335559740&quot;:259}\">\u00a0<\/span><\/h5>\n<p>[\/et_pb_toggle][\/et_pb_column][\/et_pb_row][\/et_pb_section][et_pb_section fb_built=\u00a0\u00bb1&Prime; admin_label=\u00a0\u00bbSection\u00a0\u00bb _builder_version=\u00a0\u00bb4.21.0&Prime; _module_preset=\u00a0\u00bbdefault\u00a0\u00bb custom_margin=\u00a0\u00bb77px||||false|false\u00a0\u00bb custom_padding=\u00a0\u00bb0px||||false|false\u00a0\u00bb da_disable_devices=\u00a0\u00bboff|off|off\u00a0\u00bb global_colors_info=\u00a0\u00bb{}\u00a0\u00bb da_is_popup=\u00a0\u00bboff\u00a0\u00bb da_exit_intent=\u00a0\u00bboff\u00a0\u00bb da_has_close=\u00a0\u00bbon\u00a0\u00bb da_alt_close=\u00a0\u00bboff\u00a0\u00bb da_dark_close=\u00a0\u00bboff\u00a0\u00bb da_not_modal=\u00a0\u00bbon\u00a0\u00bb da_is_singular=\u00a0\u00bboff\u00a0\u00bb da_with_loader=\u00a0\u00bboff\u00a0\u00bb da_has_shadow=\u00a0\u00bbon\u00a0\u00bb][et_pb_row column_structure=\u00a0\u00bb1_2,1_2&Prime; _builder_version=\u00a0\u00bb4.21.0&Prime; _module_preset=\u00a0\u00bbdefault\u00a0\u00bb max_width=\u00a0\u00bb100%\u00a0\u00bb global_colors_info=\u00a0\u00bb{}\u00a0\u00bb][et_pb_column type=\u00a0\u00bb1_2&Prime; _builder_version=\u00a0\u00bb4.21.0&Prime; _module_preset=\u00a0\u00bbdefault\u00a0\u00bb global_colors_info=\u00a0\u00bb{}\u00a0\u00bb][et_pb_text _builder_version=\u00a0\u00bb4.21.0&Prime; _module_preset=\u00a0\u00bbdefault\u00a0\u00bb use_background_color_gradient=\u00a0\u00bbon\u00a0\u00bb background_color_gradient_direction=\u00a0\u00bb112deg\u00a0\u00bb background_color_gradient_stops=\u00a0\u00bb#ffad33 0%|#f7da33 100%\u00a0\u00bb custom_margin=\u00a0\u00bb0px||0px||false|false\u00a0\u00bb custom_padding=\u00a0\u00bb23px||23px||false|false\u00a0\u00bb global_colors_info=\u00a0\u00bb{}\u00a0\u00bb]<\/p>\n<h3 style=\"text-align: center;\"><span style=\"color: #ffffff;\"><b>\u00ab\u202fTransition \u00e9nerg\u00e9tique et \u00e9cologique et justice sociale\u202f\u00bb<\/b><\/span><\/h3>\n<h3 style=\"text-align: center;\"><span style=\"color: #ffffff;\"><i>Rachel GUYET<\/i><\/span><\/h3>\n<p>[\/et_pb_text][et_pb_toggle title=\u00a0\u00bbPr\u00e9sentation de l&rsquo;intervention\u00a0\u00bb _builder_version=\u00a0\u00bb4.21.0&Prime; _module_preset=\u00a0\u00bbdefault\u00a0\u00bb title_level=\u00a0\u00bbh4&Prime; body_line_height=\u00a0\u00bb2em\u00a0\u00bb global_colors_info=\u00a0\u00bb{}\u00a0\u00bb]<\/p>\n<h5><span data-contrast=\"auto\">Il y a d\u2019un c\u00f4t\u00e9 la crainte des effets socio-\u00e9conomiques (emplois, pouvoir d\u2019achat \u2026) li\u00e9s aux transformations de notre \u00e9conomie qu\u2019impose la transition \u00e9nerg\u00e9tique et \u00e9cologique\u202f:<\/span><span data-ccp-props=\"{&quot;201341983&quot;:0,&quot;335551550&quot;:2,&quot;335551620&quot;:2,&quot;335559739&quot;:0,&quot;335559740&quot;:259}\">\u00a0<\/span><\/h5>\n<ul>\n<li data-leveltext=\"-\" data-font=\"Roboto\" data-listid=\"1\" data-list-defn-props=\"{&quot;335551671&quot;:3,&quot;335552541&quot;:1,&quot;335559684&quot;:-2,&quot;335559685&quot;:720,&quot;335559991&quot;:360,&quot;469769226&quot;:&quot;Roboto&quot;,&quot;469769242&quot;:[8226],&quot;469777803&quot;:&quot;left&quot;,&quot;469777804&quot;:&quot;-&quot;,&quot;469777815&quot;:&quot;hybridMultilevel&quot;}\" aria-setsize=\"-1\" data-aria-posinset=\"3\" data-aria-level=\"1\">\n<h5><span data-contrast=\"auto\">n\u00e9cessaires mutations de secteurs comme ceux de l\u2019\u00e9nergie, de la m\u00e9tallurgie ou encore de l\u2019automobile\u202f;<\/span><span data-ccp-props=\"{&quot;201341983&quot;:0,&quot;335551550&quot;:2,&quot;335551620&quot;:2,&quot;335559739&quot;:160,&quot;335559740&quot;:259}\">\u00a0<\/span><\/h5>\n<\/li>\n<li data-leveltext=\"-\" data-font=\"Roboto\" data-listid=\"1\" data-list-defn-props=\"{&quot;335551671&quot;:3,&quot;335552541&quot;:1,&quot;335559684&quot;:-2,&quot;335559685&quot;:720,&quot;335559991&quot;:360,&quot;469769226&quot;:&quot;Roboto&quot;,&quot;469769242&quot;:[8226],&quot;469777803&quot;:&quot;left&quot;,&quot;469777804&quot;:&quot;-&quot;,&quot;469777815&quot;:&quot;hybridMultilevel&quot;}\" aria-setsize=\"-1\" data-aria-posinset=\"3\" data-aria-level=\"1\">\n<h5><span data-contrast=\"auto\">difficult\u00e9 du pilotage de l\u2019\u00e9volution de l\u2019\u00e9quilibre offre \u2013 demande pouvant conduire \u00e0 une explosion des prix dont les cons\u00e9quences \u00e9conomiques et sociales pourraient \u00eatre dramatiques.\u00a0<\/span><span data-ccp-props=\"{&quot;201341983&quot;:0,&quot;335551550&quot;:2,&quot;335551620&quot;:2,&quot;335559739&quot;:160,&quot;335559740&quot;:259}\">\u00a0<\/span><\/h5>\n<\/li>\n<\/ul>\n<h5><span data-contrast=\"auto\">Il y a de l\u2019autre c\u00f4t\u00e9 et en l\u2019absence de mobilisation suffisamment forte face aux effets du d\u00e9r\u00e8glement climatique, des menaces de creusement des in\u00e9galit\u00e9s\u202f: g\u00e9ographiques (avec la perspective de migrations climatiques), sectorielles (notamment dans les secteurs qui d\u00e9pendent de ressources naturelles qui se rar\u00e9fient) ou encore sociales (capacit\u00e9 d\u2019adaptation).\u00a0<\/span><span data-ccp-props=\"{&quot;201341983&quot;:0,&quot;335551550&quot;:2,&quot;335551620&quot;:2,&quot;335559739&quot;:160,&quot;335559740&quot;:259}\">\u00a0<\/span><\/h5>\n<h5><span data-contrast=\"auto\">Avons-nous les id\u00e9es claires sur la situation\u202f? Sommes-nous capables de mesurer les cons\u00e9quences \u00e9conomiques et sociales des diff\u00e9rents sc\u00e9narios\u202f?\u00a0<\/span><span data-ccp-props=\"{&quot;201341983&quot;:0,&quot;335551550&quot;:2,&quot;335551620&quot;:2,&quot;335559739&quot;:160,&quot;335559740&quot;:259}\">\u00a0<\/span><\/h5>\n<h5><span data-contrast=\"auto\">Il y a enfin des sujets de transformation des modes de vie autour notamment de la notion de sobri\u00e9t\u00e9, et des sujets d\u2019am\u00e9nagement du territoire (par exemple pour l\u2019implantation de projets d\u2019\u00e9nergie renouvelable) qui soul\u00e8vent des questions d\u2019acceptabilit\u00e9.<\/span><span data-ccp-props=\"{&quot;201341983&quot;:0,&quot;335551550&quot;:2,&quot;335551620&quot;:2,&quot;335559739&quot;:160,&quot;335559740&quot;:259}\">\u00a0<\/span><\/h5>\n<h5><span data-contrast=\"auto\">Les enjeux sociaux sont v\u00e9ritablement au c\u0153ur de la r\u00e9ussite de la transition \u00e9nerg\u00e9tique et \u00e9cologique.\u00a0\u00a0\u00a0\u00a0<\/span><span data-ccp-props=\"{&quot;201341983&quot;:0,&quot;335551550&quot;:2,&quot;335551620&quot;:2,&quot;335559739&quot;:160,&quot;335559740&quot;:259}\">\u00a0<\/span><\/h5>\n<h5><span data-contrast=\"auto\">Comment se saisir de ces enjeux\u202f?\u00a0<\/span><span data-ccp-props=\"{&quot;201341983&quot;:0,&quot;335551550&quot;:2,&quot;335551620&quot;:2,&quot;335559739&quot;:0,&quot;335559740&quot;:259}\">\u00a0<\/span><\/h5>\n<h5><span data-contrast=\"auto\">Quelles pistes pour faire de la transition \u00e9nerg\u00e9tique et \u00e9cologique, une transition acceptable et juste\u202f?\u00a0<\/span><span data-ccp-props=\"{&quot;201341983&quot;:0,&quot;335551550&quot;:2,&quot;335551620&quot;:2,&quot;335559739&quot;:160,&quot;335559740&quot;:259}\">\u00a0<\/span><\/h5>\n<p>[\/et_pb_toggle][\/et_pb_column][et_pb_column type=\u00a0\u00bb1_2&Prime; _builder_version=\u00a0\u00bb4.21.0&Prime; _module_preset=\u00a0\u00bbdefault\u00a0\u00bb global_colors_info=\u00a0\u00bb{}\u00a0\u00bb][et_pb_text _builder_version=\u00a0\u00bb4.21.0&Prime; _module_preset=\u00a0\u00bbdefault\u00a0\u00bb use_background_color_gradient=\u00a0\u00bbon\u00a0\u00bb background_color_gradient_direction=\u00a0\u00bb112deg\u00a0\u00bb background_color_gradient_stops=\u00a0\u00bb#2e5ce8 0%|#30cfe8 100%\u00a0\u00bb custom_margin=\u00a0\u00bb0px||0px||false|false\u00a0\u00bb custom_padding=\u00a0\u00bb23px||23px||false|false\u00a0\u00bb global_colors_info=\u00a0\u00bb{}\u00a0\u00bb]<\/p>\n<h3 style=\"text-align: center;\"><span style=\"color: #ffffff;\"><b>\u00ab\u202fCapitalisme et \u00e9conomie de march\u00e9 \u00e0 l\u2019\u00e9preuve de l\u2019urgence climatique\u202f\u00bb<\/b><\/span><\/h3>\n<h3 style=\"text-align: center;\"><span style=\"color: #ffffff;\"><i>Lionel RAGOT<\/i><\/span><\/h3>\n<p>[\/et_pb_text][et_pb_toggle title=\u00a0\u00bbPr\u00e9sentation de l&rsquo;intervention\u00a0\u00bb _builder_version=\u00a0\u00bb4.21.0&Prime; _module_preset=\u00a0\u00bbdefault\u00a0\u00bb title_level=\u00a0\u00bbh4&Prime; global_colors_info=\u00a0\u00bb{}\u00a0\u00bb]<\/p>\n<h5><span data-contrast=\"auto\">L\u2019\u00e9conomie de march\u00e9 et le capitalisme sur lesquels ont repos\u00e9 depuis plusieurs d\u00e9cennies la croissance \u00e9conomique, le progr\u00e8s et une \u00e9l\u00e9vation du niveau de vie sans pr\u00e9c\u00e9dent dans l\u2019histoire de l\u2019humanit\u00e9, sont aujourd\u2019hui d\u00e9nonc\u00e9s comme responsables du changement climatique.\u00a0<\/span><span data-ccp-props=\"{&quot;201341983&quot;:0,&quot;335551550&quot;:2,&quot;335551620&quot;:2,&quot;335559739&quot;:160,&quot;335559740&quot;:259}\"><\/span><\/h5>\n<p>&nbsp;<\/p>\n<h5><span data-contrast=\"auto\">Qu\u2019en est-il vraiment\u202f? Rompre avec l\u2019\u00e9conomie de march\u00e9 et le capitalisme est-il la solution\u202f? Sommes-nous arriv\u00e9s au bout d\u2019un syst\u00e8me ou s\u2019agit-il de le faire \u00e9voluer pour en corriger les d\u00e9fauts ? Notre avenir est-il celui de l\u2019\u00e9conomie de la d\u00e9croissance\u202f?\u00a0<\/span><span data-ccp-props=\"{&quot;201341983&quot;:0,&quot;335551550&quot;:2,&quot;335551620&quot;:2,&quot;335559739&quot;:160,&quot;335559740&quot;:259}\">\u00a0<\/span><\/h5>\n<h5><span data-contrast=\"auto\"><br \/>Si la n\u00e9cessit\u00e9 d\u2019une intervention de l\u2019Etat et de la puissance publique semble faire consensus, il demeure un certain flou sur les modalit\u00e9s de cette intervention. S\u2019agit-il de planifier au sens de fixer des objectifs et d\u2019accompagner l\u2019atteinte de ces objectifs par une \u00e9volution de la r\u00e8glementation, de la fiscalit\u00e9 (par exemple au travers de la mise en place d\u2019une taxe carbone) ou encore via un plan d\u2019investissements publics ? S\u2019agit-il d\u2019aller beaucoup plus loin, de nationaliser et d\u2019administrer des pans entiers de l\u2019\u00e9conomie\u202f? Quels enseignements peut-on r\u00e9ellement tirer du pass\u00e9 (New Deal, chocs p\u00e9troliers \u2026)\u202f?\u00a0<\/span><span data-ccp-props=\"{&quot;201341983&quot;:0,&quot;335551550&quot;:2,&quot;335551620&quot;:2,&quot;335559739&quot;:160,&quot;335559740&quot;:259}\">\u00a0<\/span><\/h5>\n<h5><span data-contrast=\"auto\"><br \/>Les questions climatiques et des in\u00e9galit\u00e9s sont pour certains li\u00e9es. A la fois parce que les in\u00e9galit\u00e9s seraient aussi le r\u00e9sultat des d\u00e9rives du capitalisme et de l\u2019\u00e9conomie de march\u00e9, mais aussi parce que les cons\u00e9quences du r\u00e9chauffement climatique toucheront principalement les populations fragiles.\u00a0<\/span><span data-ccp-props=\"{&quot;201341983&quot;:0,&quot;335551550&quot;:2,&quot;335551620&quot;:2,&quot;335559739&quot;:160,&quot;335559740&quot;:259}\">\u00a0<\/span><\/h5>\n<h5><span data-contrast=\"auto\"><br \/>Quel regard objectif peut-on porter sur ces questions\u202f?\u00a0<\/span><span data-ccp-props=\"{&quot;201341983&quot;:0,&quot;335551550&quot;:2,&quot;335551620&quot;:2,&quot;335559739&quot;:160,&quot;335559740&quot;:259}\">\u00a0<\/span><\/h5>\n<h5><span data-contrast=\"auto\"><br \/>Beaucoup de pays ont fond\u00e9 leur d\u00e9veloppement \u00e9conomique sur l\u2019exploitation de ressources fossiles, vers quel avenir peuvent-ils se tourner\u202f?\u00a0<\/span><span data-ccp-props=\"{&quot;201341983&quot;:0,&quot;335551550&quot;:2,&quot;335551620&quot;:2,&quot;335559739&quot;:160,&quot;335559740&quot;:259}\">\u00a0<\/span><\/h5>\n<p>[\/et_pb_toggle][\/et_pb_column][\/et_pb_row][\/et_pb_section][et_pb_section fb_built=\u00a0\u00bb1&Prime; admin_label=\u00a0\u00bbSection\u00a0\u00bb _builder_version=\u00a0\u00bb4.21.0&Prime; _module_preset=\u00a0\u00bbdefault\u00a0\u00bb da_disable_devices=\u00a0\u00bboff|off|off\u00a0\u00bb global_colors_info=\u00a0\u00bb{}\u00a0\u00bb da_is_popup=\u00a0\u00bboff\u00a0\u00bb da_exit_intent=\u00a0\u00bboff\u00a0\u00bb da_has_close=\u00a0\u00bbon\u00a0\u00bb da_alt_close=\u00a0\u00bboff\u00a0\u00bb da_dark_close=\u00a0\u00bboff\u00a0\u00bb da_not_modal=\u00a0\u00bbon\u00a0\u00bb da_is_singular=\u00a0\u00bboff\u00a0\u00bb da_with_loader=\u00a0\u00bboff\u00a0\u00bb da_has_shadow=\u00a0\u00bbon\u00a0\u00bb][et_pb_row column_structure=\u00a0\u00bb1_2,1_2&Prime; _builder_version=\u00a0\u00bb4.21.0&Prime; _module_preset=\u00a0\u00bbdefault\u00a0\u00bb max_width=\u00a0\u00bb100%\u00a0\u00bb global_colors_info=\u00a0\u00bb{}\u00a0\u00bb][et_pb_column type=\u00a0\u00bb1_2&Prime; _builder_version=\u00a0\u00bb4.21.0&Prime; _module_preset=\u00a0\u00bbdefault\u00a0\u00bb global_colors_info=\u00a0\u00bb{}\u00a0\u00bb][et_pb_text _builder_version=\u00a0\u00bb4.21.0&Prime; _module_preset=\u00a0\u00bbdefault\u00a0\u00bb use_background_color_gradient=\u00a0\u00bbon\u00a0\u00bb background_color_gradient_direction=\u00a0\u00bb112deg\u00a0\u00bb background_color_gradient_stops=\u00a0\u00bb#ffb733 0%|#ffee35 100%\u00a0\u00bb custom_margin=\u00a0\u00bb0px||0px||false|false\u00a0\u00bb custom_padding=\u00a0\u00bb23px||23px||false|false\u00a0\u00bb global_colors_info=\u00a0\u00bb{}\u00a0\u00bb]<\/p>\n<h3 style=\"text-align: center;\"><span style=\"color: #ffffff;\"><b>Intervention<\/b><\/span><\/h3>\n<h3 style=\"text-align: center;\"><span style=\"color: #ffffff;\"><i>Arnaud MONTEBOURG<\/i><\/span><\/h3>\n<p>[\/et_pb_text][et_pb_toggle title=\u00a0\u00bbPr\u00e9sentation de l&rsquo;intervention\u00a0\u00bb _builder_version=\u00a0\u00bb4.21.0&Prime; _module_preset=\u00a0\u00bbdefault\u00a0\u00bb title_level=\u00a0\u00bbh4&Prime; global_colors_info=\u00a0\u00bb{}\u00a0\u00bb]<\/p>\n<p style=\"font-weight: 400;\">La question du niveau de planification et d\u2019interventionnisme public (Etat, R\u00e9gion \u2026) n\u00e9cessaire pour r\u00e9pondre \u00e0 la fois aux enjeux de la transition \u00e9cologique et \u00e0 ceux des souverainet\u00e9s \u00e9nerg\u00e9tique et industrielle de la France\u00a0revient r\u00e9guli\u00e8rement dans le d\u00e9bat sans \u00eatre r\u00e9ellement tranch\u00e9e. Arnaud Montebourg apportera son \u00e9clairage sur cette question.<\/p>\n<p style=\"font-weight: 400;\">Quand on \u00e9voque le terme de \u00ab\u00a0planification\u00a0\u00bb, sa compatibilit\u00e9 et son ad\u00e9quation avec l\u2019\u00e9conomie de march\u00e9 et le mod\u00e8le capitaliste se pose l\u00e9gitimement. \u00a0Arnaud Montebourg nous partagera sa vision de la juste place d\u2019une planification qui permettrait \u00e0 la fois de r\u00e9pondre aux enjeux de la transition \u00e9cologique et \u00e9nerg\u00e9tique tout en activant les leviers d\u2019efficacit\u00e9 de l\u2019\u00e9conomie de march\u00e9 et du capitalisme.\u00a0 Il nous donnera ses pistes pour mettre en \u0153uvre concr\u00e8tement cette planification pour qu\u2019elle tire le meilleur parti possible des forces de la puissance publique et du monde \u00e9conomique et qu\u2019elle suscite un niveau \u00e9lev\u00e9 d\u2019acceptabilit\u00e9 sociale.\u00a0<\/p>\n<p style=\"font-weight: 400;\">Arnaud Montebourg nous pr\u00e9cisera enfin si son regard a chang\u00e9 sur ces sujets depuis qu\u2019il est chef d\u2019entreprises.<\/p>\n<p>[\/et_pb_toggle][\/et_pb_column][et_pb_column type=\u00a0\u00bb1_2&Prime; _builder_version=\u00a0\u00bb4.21.0&Prime; _module_preset=\u00a0\u00bbdefault\u00a0\u00bb global_colors_info=\u00a0\u00bb{}\u00a0\u00bb][et_pb_text _builder_version=\u00a0\u00bb4.21.0&Prime; _module_preset=\u00a0\u00bbdefault\u00a0\u00bb use_background_color_gradient=\u00a0\u00bbon\u00a0\u00bb background_color_gradient_direction=\u00a0\u00bb112deg\u00a0\u00bb background_color_gradient_stops=\u00a0\u00bb#2f4fed 0%|#2fd4e0 100%\u00a0\u00bb custom_margin=\u00a0\u00bb0px||0px||false|false\u00a0\u00bb custom_padding=\u00a0\u00bb23px||23px||false|false\u00a0\u00bb global_colors_info=\u00a0\u00bb{}\u00a0\u00bb]<\/p>\n<h3 style=\"text-align: center;\"><span style=\"color: #ffffff;\"><b>Table ronde<\/b><\/span><\/h3>\n<h4 style=\"text-align: center;\"><span style=\"color: #ffffff;\"><i>\u00ab\u202fIls mettent en \u0153uvre la transition \u00e9cologique et \u00e9nerg\u00e9tique au p\u00e9rim\u00e8tre de leur collectivit\u00e9.<br \/>\u00c0 quelles difficult\u00e9s sont-ils confront\u00e9s ? \u00c0 quels enjeux \u00e9conomiques et sociaux doivent-ils faire face ?\u202f\u00bb<\/i><\/span><\/h4>\n<p>[\/et_pb_text][et_pb_toggle title=\u00a0\u00bbD\u00e9roul\u00e9 de la table ronde\u00a0\u00bb _builder_version=\u00a0\u00bb4.21.0&Prime; _module_preset=\u00a0\u00bbdefault\u00a0\u00bb title_level=\u00a0\u00bbh4&Prime; global_colors_info=\u00a0\u00bb{}\u00a0\u00bb]<\/p>\n<h5><span data-contrast=\"auto\" xml:lang=\"FR-FR\" lang=\"FR-FR\" class=\"TextRun SCXW35791621 BCX9\"><span class=\"NormalTextRun SCXW35791621 BCX9\">Ils nous parlent des proje<\/span><span class=\"NormalTextRun SCXW35791621 BCX9\">ts<\/span><span class=\"NormalTextRun SCXW35791621 BCX9\"> concrets<\/span><span class=\"NormalTextRun SCXW35791621 BCX9\"> <\/span><span class=\"NormalTextRun SCXW35791621 BCX9\">qu\u2019ils portent pour <\/span><span class=\"NormalTextRun SCXW35791621 BCX9\">accompagner<\/span><span class=\"NormalTextRun SCXW35791621 BCX9\"> la transition \u00e9cologique et \u00e9nerg\u00e9tique sur leur territoire<\/span><span class=\"NormalTextRun SCXW35791621 BCX9\">. Ils t\u00e9moignent de leurs r\u00e9ussites<\/span><span class=\"NormalTextRun SCXW35791621 BCX9\"> et<\/span><span class=\"NormalTextRun SCXW35791621 BCX9\"> de leurs difficult\u00e9s<\/span><span class=\"NormalTextRun SCXW35791621 BCX9\">. <\/span><span class=\"NormalTextRun SCXW35791621 BCX9\">Ils <\/span><span class=\"NormalTextRun SCXW35791621 BCX9\">voient au quotidien<\/span><span class=\"NormalTextRun SCXW35791621 BCX9\"> les impacts \u00e9conomiques (emplois \u2026) et sociaux<\/span><span class=\"NormalTextRun SCXW35791621 BCX9\"> (pouvoir d\u2019achat \u2026)<\/span><span class=\"NormalTextRun SCXW35791621 BCX9\"> de la transition \u00e9cologique et \u00e9nerg\u00e9tique. <\/span><span class=\"NormalTextRun SCXW35791621 BCX9\">Que peuvent-ils nous en dire<\/span><span class=\"NormalTextRun SCXW35791621 BCX9\"> ?<\/span><\/span><span class=\"EOP SCXW35791621 BCX9\" data-ccp-props=\"{&quot;134233117&quot;:false,&quot;134233118&quot;:false,&quot;201341983&quot;:0,&quot;335551550&quot;:2,&quot;335551620&quot;:2,&quot;335559685&quot;:0,&quot;335559737&quot;:0,&quot;335559738&quot;:0,&quot;335559739&quot;:160,&quot;335559740&quot;:259}\">\u00a0<\/span><\/h5>\n<p>[\/et_pb_toggle][\/et_pb_column][\/et_pb_row][\/et_pb_section][et_pb_section fb_built=\u00a0\u00bb1&Prime; admin_label=\u00a0\u00bbSection\u00a0\u00bb _builder_version=\u00a0\u00bb4.21.0&Prime; _module_preset=\u00a0\u00bbdefault\u00a0\u00bb da_disable_devices=\u00a0\u00bboff|off|off\u00a0\u00bb global_colors_info=\u00a0\u00bb{}\u00a0\u00bb da_is_popup=\u00a0\u00bboff\u00a0\u00bb da_exit_intent=\u00a0\u00bboff\u00a0\u00bb da_has_close=\u00a0\u00bbon\u00a0\u00bb da_alt_close=\u00a0\u00bboff\u00a0\u00bb da_dark_close=\u00a0\u00bboff\u00a0\u00bb da_not_modal=\u00a0\u00bbon\u00a0\u00bb da_is_singular=\u00a0\u00bboff\u00a0\u00bb da_with_loader=\u00a0\u00bboff\u00a0\u00bb da_has_shadow=\u00a0\u00bbon\u00a0\u00bb][et_pb_row column_structure=\u00a0\u00bb1_2,1_2&Prime; _builder_version=\u00a0\u00bb4.21.0&Prime; _module_preset=\u00a0\u00bbdefault\u00a0\u00bb max_width=\u00a0\u00bb100%\u00a0\u00bb global_colors_info=\u00a0\u00bb{}\u00a0\u00bb][et_pb_column type=\u00a0\u00bb1_2&Prime; _builder_version=\u00a0\u00bb4.21.0&Prime; _module_preset=\u00a0\u00bbdefault\u00a0\u00bb global_colors_info=\u00a0\u00bb{}\u00a0\u00bb][et_pb_text _builder_version=\u00a0\u00bb4.21.0&Prime; _module_preset=\u00a0\u00bbdefault\u00a0\u00bb use_background_color_gradient=\u00a0\u00bbon\u00a0\u00bb background_color_gradient_direction=\u00a0\u00bb112deg\u00a0\u00bb background_color_gradient_stops=\u00a0\u00bb#3068f4 0%|#35b8ff 100%\u00a0\u00bb custom_margin=\u00a0\u00bb0px||0px||false|false\u00a0\u00bb custom_padding=\u00a0\u00bb23px||23px||false|false\u00a0\u00bb global_colors_info=\u00a0\u00bb{}\u00a0\u00bb]<\/p>\n<h3 style=\"text-align: center;\"><span style=\"color: #ffffff;\"><b>Table ronde<\/b><\/span><\/h3>\n<h4 style=\"text-align: center;\"><span style=\"color: #ffffff;\"><i>\u00ab\u202fAu c\u0153ur de la transition \u00e9cologique et \u00e9nerg\u00e9tique, \u00e0 quels enjeux\u202fsont-ils confront\u00e9s ?\u202f\u00bb<\/i><\/span><\/h4>\n<p>[\/et_pb_text][et_pb_toggle title=\u00a0\u00bbD\u00e9roul\u00e9 de la table ronde\u00a0\u00bb _builder_version=\u00a0\u00bb4.21.0&Prime; _module_preset=\u00a0\u00bbdefault\u00a0\u00bb title_level=\u00a0\u00bbh4&Prime; global_colors_info=\u00a0\u00bb{}\u00a0\u00bb]<\/p>\n<p>&nbsp;<\/p>\n<h5><span data-ccp-props=\"{&quot;201341983&quot;:0,&quot;335551550&quot;:2,&quot;335551620&quot;:2,&quot;335559739&quot;:0,&quot;335559740&quot;:259}\"><\/span><span data-contrast=\"auto\">La transition \u00e9nerg\u00e9tique et \u00e9cologique dans les transports induit de nombreuses questions sur les modes de d\u00e9placement \u00e0 privil\u00e9gier, les infrastructures, les mat\u00e9riels et leur utilisation, l\u2019impact des co\u00fbts sur la comp\u00e9titivit\u00e9 des entreprises et le budget des collectivit\u00e9s, l\u2019urbanisme, l\u2019organisation du travail&#8230; Comment une entreprise de transport aborde-t-elle le sujet\u202f? A quelles difficult\u00e9s est-elle confront\u00e9e\u202f?<\/span><\/h5>\n<h5>De mani\u00e8re plus g\u00e9n\u00e9rale, \u00e0 quelles difficult\u00e9s principales sont confront\u00e9es les entreprises dans le contexte de la transition \u00e9cologique et \u00e9nerg\u00e9tique \u202f?<\/h5>\n<p>&nbsp;<\/p>\n<h5><b><span data-contrast=\"auto\">Le regard d\u2019Elisabeth GRENIN, dirigeante de la soci\u00e9t\u00e9 de transport SAS Daniel GRENIN et pr\u00e9sidente du MEDEF BFC<\/span><\/b><\/h5>\n<p>&nbsp;<\/p>\n<p>&nbsp;<\/p>\n<h5>Tous les sc\u00e9narios montrent que les besoins de financement associ\u00e9s \u00e0 la transition \u00e9nerg\u00e9tique sont tr\u00e8s importants.\u00a0<span data-ccp-props=\"{&quot;201341983&quot;:0,&quot;335551550&quot;:2,&quot;335551620&quot;:2,&quot;335559739&quot;:0,&quot;335559740&quot;:259}\">\u00a0<\/span><\/h5>\n<h5><span data-contrast=\"auto\">Quel est le r\u00f4le des acteurs du financement\u202f? La finance verte est-elle une utopie ou une r\u00e9alit\u00e9 ?\u00a0<\/span><span data-ccp-props=\"{&quot;201341983&quot;:0,&quot;335551550&quot;:2,&quot;335551620&quot;:2,&quot;335559739&quot;:0,&quot;335559740&quot;:259}\">\u00a0<\/span><\/h5>\n<h5><span data-ccp-props=\"{&quot;201341983&quot;:0,&quot;335551550&quot;:2,&quot;335551620&quot;:2,&quot;335559739&quot;:0,&quot;335559740&quot;:259}\">\u00a0<\/span><\/h5>\n<h5><span data-ccp-props=\"{&quot;201341983&quot;:0,&quot;335551550&quot;:2,&quot;335551620&quot;:2,&quot;335559739&quot;:0,&quot;335559740&quot;:259}\">\u00a0<\/span><\/h5>\n<h5><span data-contrast=\"auto\">On parle souvent de l\u2019\u00e9pargne des Fran\u00e7ais qui est en constante augmentation depuis 2012 pour atteindre pr\u00e8s de 1700 Mds \u20ac d\u2019\u00e9pargne liquide \u00e0 fin 2022. On entend souvent dire qu\u2019il suffirait de la mobiliser au service de la transition \u00e9nerg\u00e9tique et \u00e9cologique. Qu\u2019en est-il\u202f? Le sujet se r\u00e9sume-t-il aussi simplement \u00e0 un meilleur fl\u00e9chage de l\u2019\u00e9pargne\u202f?<\/span><span data-ccp-props=\"{&quot;201341983&quot;:0,&quot;335551550&quot;:2,&quot;335551620&quot;:2,&quot;335559739&quot;:0,&quot;335559740&quot;:259}\">\u00a0<\/span><\/h5>\n<h5><span data-ccp-props=\"{&quot;201341983&quot;:0,&quot;335551550&quot;:2,&quot;335551620&quot;:2,&quot;335559739&quot;:0,&quot;335559740&quot;:259}\">\u00a0<\/span><\/h5>\n<h5><b><span data-contrast=\"auto\">Le regard d&rsquo;Arnaud CAULIER, Directeur D\u00e9veloppement et Distribution \u00e0 la Banque Populaire<\/span><\/b><span data-ccp-props=\"{&quot;134233117&quot;:false,&quot;134233118&quot;:false,&quot;201341983&quot;:0,&quot;335551550&quot;:2,&quot;335551620&quot;:2,&quot;335559685&quot;:0,&quot;335559737&quot;:0,&quot;335559738&quot;:0,&quot;335559739&quot;:0,&quot;335559740&quot;:259}\">\u00a0<\/span><\/h5>\n<h5><span data-ccp-props=\"{&quot;201341983&quot;:0,&quot;335551550&quot;:2,&quot;335551620&quot;:2,&quot;335559739&quot;:0,&quot;335559740&quot;:259}\">\u00a0<\/span><\/h5>\n<h5><span data-contrast=\"auto\">En 2021, 12% des m\u00e9nages \u00e9taient en situation de pr\u00e9carit\u00e9 \u00e9nerg\u00e9tique en France et 18.6% en r\u00e9gion Bourgogne Franche-Comt\u00e9 selon l\u2019ORECA. Le r\u00e9seau Mob\u2019In f\u00e9d\u00e8re les acteurs de la mobilit\u00e9 inclusive, solidaire et durable pour apporter des solutions aux publics vuln\u00e9rables.\u00a0\u00a0<\/span><span data-ccp-props=\"{&quot;201341983&quot;:0,&quot;335551550&quot;:2,&quot;335551620&quot;:2,&quot;335559739&quot;:0,&quot;335559740&quot;:259}\">\u00a0<\/span><\/h5>\n<h5><span data-contrast=\"auto\">En cette semaine de la mobilit\u00e9 durable, quel constat peut-on dresser des enjeux de mobilit\u00e9 pour les publics vuln\u00e9rables.\u00a0<\/span><span data-ccp-props=\"{&quot;201341983&quot;:0,&quot;335551550&quot;:2,&quot;335551620&quot;:2,&quot;335559739&quot;:0,&quot;335559740&quot;:259}\">\u00a0<\/span><\/h5>\n<h5><span data-contrast=\"auto\">La transition \u00e9cologique et \u00e9nerg\u00e9tique est-elle une opportunit\u00e9 ou une menace suppl\u00e9mentaire pour ces publics ?\u00a0\u00a0<\/span><span data-ccp-props=\"{&quot;201341983&quot;:0,&quot;335551550&quot;:2,&quot;335551620&quot;:2,&quot;335559739&quot;:0,&quot;335559740&quot;:259}\">\u00a0<\/span><\/h5>\n<h5><span data-ccp-props=\"{&quot;201341983&quot;:0,&quot;335551550&quot;:2,&quot;335551620&quot;:2,&quot;335559739&quot;:0,&quot;335559740&quot;:259}\">\u00a0<\/span><\/h5>\n<h5><b><span data-contrast=\"auto\">Le regard d\u2019Agn\u00e8s MESSAADI PARIS\u202f:\u00a0 Mob\u2019in solutions<\/span><\/b><span data-ccp-props=\"{&quot;201341983&quot;:0,&quot;335551550&quot;:2,&quot;335551620&quot;:2,&quot;335559739&quot;:0,&quot;335559740&quot;:259}\">\u00a0<\/span><\/h5>\n<p>[\/et_pb_toggle][\/et_pb_column][et_pb_column type=\u00a0\u00bb1_2&Prime; _builder_version=\u00a0\u00bb4.21.0&Prime; _module_preset=\u00a0\u00bbdefault\u00a0\u00bb global_colors_info=\u00a0\u00bb{}\u00a0\u00bb][et_pb_text _builder_version=\u00a0\u00bb4.21.0&Prime; _module_preset=\u00a0\u00bbdefault\u00a0\u00bb use_background_color_gradient=\u00a0\u00bbon\u00a0\u00bb background_color_gradient_direction=\u00a0\u00bb112deg\u00a0\u00bb background_color_gradient_stops=\u00a0\u00bb#ffb433 0%|#ffdd35 100%\u00a0\u00bb custom_margin=\u00a0\u00bb0px||0px||false|false\u00a0\u00bb custom_padding=\u00a0\u00bb23px||23px||false|false\u00a0\u00bb global_colors_info=\u00a0\u00bb{}\u00a0\u00bb]<\/p>\n<h3 style=\"text-align: center;\"><span style=\"color: #ffffff;\"><b>Table ronde<\/b><\/span><\/h3>\n<h4 style=\"text-align: center;\"><span style=\"color: #ffffff;\"><i>\u00ab\u202fLe terme de planification revient souvent lorsque l\u2019on parle de transition \u00e9cologique et \u00e9nerg\u00e9tique. Planifier c\u2019est pr\u00e9voir pour mieux accompagner le changement et maitriser ses cons\u00e9quences.<br \/>Planifier c\u2019est aussi accepter de tenir un cap pour obtenir des r\u00e9sultats. \u00bb<\/i><\/span><\/h4>\n<p>[\/et_pb_text][et_pb_toggle title=\u00a0\u00bbD\u00e9roul\u00e9 de la table ronde\u00a0\u00bb _builder_version=\u00a0\u00bb4.21.0&Prime; _module_preset=\u00a0\u00bbdefault\u00a0\u00bb title_level=\u00a0\u00bbh4&Prime; title_font=\u00a0\u00bb||||||||\u00a0\u00bb closed_title_font=\u00a0\u00bb||||||||\u00a0\u00bb body_font=\u00a0\u00bb||||||||\u00a0\u00bb global_colors_info=\u00a0\u00bb{}\u00a0\u00bb]<\/p>\n<h5><span data-contrast=\"auto\">Ils ou elles sont des d\u00e9cideurs politiques. Consulter, arbitrer, d\u00e9cider \u2026 expliquer \u2026 sont \u00e0 la fois la grandeur et la difficult\u00e9 de leur quotidien. Ils sont charg\u00e9s de d\u00e9cider des grandes orientations qui structurent l\u2019avenir de la r\u00e9gion Bourgogne Franche-Comt\u00e9 ou du pays.\u00a0<\/span><span data-ccp-props=\"{&quot;201341983&quot;:0,&quot;335551550&quot;:2,&quot;335551620&quot;:2,&quot;335559739&quot;:160,&quot;335559740&quot;:259}\">\u00a0<\/span><\/h5>\n<h5><span data-contrast=\"auto\">Ils nous parlent des grands d\u00e9fis auxquels nous confronte la transition \u00e9cologique et \u00e9nerg\u00e9tique et la fa\u00e7on dont ils les abordent.<\/span><\/h5>\n<p>[\/et_pb_toggle][\/et_pb_column][\/et_pb_row][\/et_pb_section][et_pb_section fb_built=\u00a0\u00bb1&Prime; _builder_version=\u00a0\u00bb4.21.0&Prime; _module_preset=\u00a0\u00bbdefault\u00a0\u00bb da_disable_devices=\u00a0\u00bboff|off|off\u00a0\u00bb global_colors_info=\u00a0\u00bb{}\u00a0\u00bb da_is_popup=\u00a0\u00bboff\u00a0\u00bb da_exit_intent=\u00a0\u00bboff\u00a0\u00bb da_has_close=\u00a0\u00bbon\u00a0\u00bb da_alt_close=\u00a0\u00bboff\u00a0\u00bb da_dark_close=\u00a0\u00bboff\u00a0\u00bb da_not_modal=\u00a0\u00bbon\u00a0\u00bb da_is_singular=\u00a0\u00bboff\u00a0\u00bb da_with_loader=\u00a0\u00bboff\u00a0\u00bb da_has_shadow=\u00a0\u00bbon\u00a0\u00bb][et_pb_row column_structure=\u00a0\u00bb1_2,1_2&Prime; _builder_version=\u00a0\u00bb4.21.0&Prime; _module_preset=\u00a0\u00bbdefault\u00a0\u00bb max_width=\u00a0\u00bb100%\u00a0\u00bb global_colors_info=\u00a0\u00bb{}\u00a0\u00bb][et_pb_column type=\u00a0\u00bb1_2&Prime; _builder_version=\u00a0\u00bb4.21.0&Prime; _module_preset=\u00a0\u00bbdefault\u00a0\u00bb global_colors_info=\u00a0\u00bb{}\u00a0\u00bb][et_pb_text _builder_version=\u00a0\u00bb4.21.0&Prime; _module_preset=\u00a0\u00bbdefault\u00a0\u00bb use_background_color_gradient=\u00a0\u00bbon\u00a0\u00bb background_color_gradient_direction=\u00a0\u00bb112deg\u00a0\u00bb background_color_gradient_stops=\u00a0\u00bb#ffb433 0%|#ffdd35 100%\u00a0\u00bb custom_margin=\u00a0\u00bb0px||0px||false|false\u00a0\u00bb custom_padding=\u00a0\u00bb23px||23px||false|false\u00a0\u00bb global_colors_info=\u00a0\u00bb{}\u00a0\u00bb]<\/p>\n<h3 style=\"text-align: center;\"><span style=\"color: #ffffff;\"><b>Intervention<\/b><\/span><\/h3>\n<h3 style=\"text-align: center;\"><span style=\"color: #ffffff;\"><i>Denis THURIOT<\/i><\/span><\/h3>\n<p>[\/et_pb_text][et_pb_toggle title=\u00a0\u00bbPr\u00e9sentation de l&rsquo;intervention\u00a0\u00bb _builder_version=\u00a0\u00bb4.21.0&Prime; _module_preset=\u00a0\u00bbdefault\u00a0\u00bb title_level=\u00a0\u00bbh4&Prime; title_font=\u00a0\u00bb||||||||\u00a0\u00bb closed_title_font=\u00a0\u00bb||||||||\u00a0\u00bb body_font=\u00a0\u00bb||||||||\u00a0\u00bb custom_css_toggle_content=\u00a0\u00bb \u00a0\u00bb global_colors_info=\u00a0\u00bb{}\u00a0\u00bb]<\/p>\n<h5 style=\"font-weight: 400;\">\u00ab\u00a0Villes M\u00e9dianes\u00a0\u00bb pour parler des territoires que l\u2019on ne voyait plus mais qui repr\u00e9sentent pr\u00e8s de la moiti\u00e9 des fran\u00e7ais. \u00a0Le livre s\u2019interroge sur la place, le r\u00f4le et le devenir de ces villes dans un monde domin\u00e9 par les m\u00e9tropoles.<\/h5>\n<h5 style=\"font-weight: 400;\">Dans le contexte de la transition \u00e9cologique et \u00e9nerg\u00e9tique, ces villes m\u00e9dianes, notamment en tant que trait d\u2019union entre l\u2019urbain et la ruralit\u00e9, vont sans nul doute avoir valeur d\u2019exemple sur la fa\u00e7on dont il faut transformer les territoires pour r\u00e9pondre aux enjeux du changement climatique.<\/h5>\n<h5 style=\"font-weight: 400;\">Denis Thuriot nous \u00e9clairera non seulement sur les sp\u00e9cificit\u00e9s de ces villes m\u00e9dianes mais \u00e9galement sur la fa\u00e7on dont la transition \u00e9cologique et \u00e9nerg\u00e9tique s\u2019y construit et s\u2019y concr\u00e9tise.<\/h5>\n<p>[\/et_pb_toggle][\/et_pb_column][et_pb_column type=\u00a0\u00bb1_2&Prime; _builder_version=\u00a0\u00bb4.21.0&Prime; _module_preset=\u00a0\u00bbdefault\u00a0\u00bb global_colors_info=\u00a0\u00bb{}\u00a0\u00bb][\/et_pb_column][\/et_pb_row][\/et_pb_section][et_pb_section fb_built=\u00a0\u00bb1&Prime; specialty=\u00a0\u00bbon\u00a0\u00bb admin_label=\u00a0\u00bbSection\u00a0\u00bb module_id=\u00a0\u00bbintervenants\u00a0\u00bb _builder_version=\u00a0\u00bb4.21.0&Prime; _module_preset=\u00a0\u00bbdefault\u00a0\u00bb da_popup_slug=\u00a0\u00bbintervenants\u00a0\u00bb da_disable_devices=\u00a0\u00bboff|off|off\u00a0\u00bb global_colors_info=\u00a0\u00bb{}\u00a0\u00bb da_is_popup=\u00a0\u00bboff\u00a0\u00bb da_exit_intent=\u00a0\u00bboff\u00a0\u00bb da_has_close=\u00a0\u00bbon\u00a0\u00bb da_alt_close=\u00a0\u00bboff\u00a0\u00bb da_dark_close=\u00a0\u00bboff\u00a0\u00bb da_not_modal=\u00a0\u00bbon\u00a0\u00bb da_is_singular=\u00a0\u00bboff\u00a0\u00bb da_with_loader=\u00a0\u00bboff\u00a0\u00bb da_has_shadow=\u00a0\u00bbon\u00a0\u00bb][et_pb_column type=\u00a0\u00bb1_2&Prime; _builder_version=\u00a0\u00bb4.16&Prime; custom_padding=\u00a0\u00bb|||\u00a0\u00bb global_colors_info=\u00a0\u00bb{}\u00a0\u00bb custom_padding__hover=\u00a0\u00bb|||\u00a0\u00bb][dsm_shapes shapes_type=\u00a0\u00bbcircle\u00a0\u00bb shapes_square_size=\u00a0\u00bb0&Prime; _builder_version=\u00a0\u00bb4.21.0&Prime; _module_preset=\u00a0\u00bbdefault\u00a0\u00bb global_colors_info=\u00a0\u00bb{}\u00a0\u00bb][\/dsm_shapes][et_pb_code _builder_version=\u00a0\u00bb4.21.0&Prime; _module_preset=\u00a0\u00bbdefault\u00a0\u00bb global_colors_info=\u00a0\u00bb{}\u00a0\u00bb][\/et_pb_code][dsm_shapes shapes_type=\u00a0\u00bbrectangle\u00a0\u00bb shapes_square_size=\u00a0\u00bb800&Prime; shape_color=\u00a0\u00bb#FFCF66&Prime; _builder_version=\u00a0\u00bb4.21.0&Prime; _module_preset=\u00a0\u00bbdefault\u00a0\u00bb custom_padding=\u00a0\u00bb|||2px||\u00a0\u00bb global_colors_info=\u00a0\u00bb{}\u00a0\u00bb][\/dsm_shapes][et_pb_text _builder_version=\u00a0\u00bb4.21.0&Prime; _module_preset=\u00a0\u00bbdefault\u00a0\u00bb text_text_color=\u00a0\u00bb#FFFFFF\u00a0\u00bb transform_scale=\u00a0\u00bb140%|140%\u00a0\u00bb custom_margin=\u00a0\u00bb-268px||-21px|148px|false|false\u00a0\u00bb global_colors_info=\u00a0\u00bb{}\u00a0\u00bb]<\/p>\n<h1><span style=\"color: #ffffff;\"><strong>PR\u00c9SENTATION DES INTERVENANTS<\/strong><\/span><\/h1>\n<p>[\/et_pb_text][\/et_pb_column][et_pb_column type=\u00a0\u00bb1_2&Prime; specialty_columns=\u00a0\u00bb2&Prime; _builder_version=\u00a0\u00bb4.16&Prime; custom_padding=\u00a0\u00bb|||\u00a0\u00bb global_colors_info=\u00a0\u00bb{}\u00a0\u00bb custom_padding__hover=\u00a0\u00bb|||\u00a0\u00bb][et_pb_row_inner _builder_version=\u00a0\u00bb4.21.0&Prime; _module_preset=\u00a0\u00bbdefault\u00a0\u00bb global_colors_info=\u00a0\u00bb{}\u00a0\u00bb][et_pb_column_inner saved_specialty_column_type=\u00a0\u00bb1_2&Prime; _builder_version=\u00a0\u00bb4.21.0&Prime; _module_preset=\u00a0\u00bbdefault\u00a0\u00bb global_colors_info=\u00a0\u00bb{}\u00a0\u00bb][dsm_lottie lottie_url=\u00a0\u00bbhttps:\/\/lesrencontresenergiesetterritoires.fr\/wp-content\/uploads\/2023\/06\/dlf10_RQ1RqPvUrz-4.json\u00a0\u00bb _builder_version=\u00a0\u00bb4.21.0&Prime; _module_preset=\u00a0\u00bbdefault\u00a0\u00bb global_colors_info=\u00a0\u00bb{}\u00a0\u00bb][\/dsm_lottie][\/et_pb_column_inner][\/et_pb_row_inner][\/et_pb_column][\/et_pb_section][et_pb_section fb_built=\u00a0\u00bb1&Prime; admin_label=\u00a0\u00bbSection\u00a0\u00bb module_class=\u00a0\u00bbdc-carousel\u00a0\u00bb _builder_version=\u00a0\u00bb4.21.0&Prime; _module_preset=\u00a0\u00bbdefault\u00a0\u00bb background_enable_color=\u00a0\u00bboff\u00a0\u00bb da_disable_devices=\u00a0\u00bboff|off|off\u00a0\u00bb global_colors_info=\u00a0\u00bb{}\u00a0\u00bb da_is_popup=\u00a0\u00bboff\u00a0\u00bb da_exit_intent=\u00a0\u00bboff\u00a0\u00bb da_has_close=\u00a0\u00bbon\u00a0\u00bb da_alt_close=\u00a0\u00bboff\u00a0\u00bb da_dark_close=\u00a0\u00bboff\u00a0\u00bb da_not_modal=\u00a0\u00bbon\u00a0\u00bb da_is_singular=\u00a0\u00bboff\u00a0\u00bb da_with_loader=\u00a0\u00bboff\u00a0\u00bb da_has_shadow=\u00a0\u00bbon\u00a0\u00bb][et_pb_row _builder_version=\u00a0\u00bb4.21.0&Prime; _module_preset=\u00a0\u00bbdefault\u00a0\u00bb background_enable_color=\u00a0\u00bboff\u00a0\u00bb width=\u00a0\u00bb100%\u00a0\u00bb custom_padding=\u00a0\u00bb|0px||26px|false|false\u00a0\u00bb global_colors_info=\u00a0\u00bb{}\u00a0\u00bb][et_pb_column type=\u00a0\u00bb4_4&Prime; _builder_version=\u00a0\u00bb4.21.0&Prime; _module_preset=\u00a0\u00bbdefault\u00a0\u00bb global_colors_info=\u00a0\u00bb{}\u00a0\u00bb][et_pb_team_member name=\u00a0\u00bbVincent BERTRAND  \u00a0\u00bb image_url=\u00a0\u00bbhttps:\/\/lesrencontresenergiesetterritoires.fr\/wp-content\/uploads\/2023\/06\/Vincent-Bertrand.jpg\u00a0\u00bb icon_color=\u00a0\u00bb#FF6E00&Prime; _builder_version=\u00a0\u00bb4.21.0&Prime; _module_preset=\u00a0\u00bbdefault\u00a0\u00bb header_level=\u00a0\u00bbh2&Prime; header_font=\u00a0\u00bbMontserrat||on||||||\u00a0\u00bb header_text_color=\u00a0\u00bb#00D0FF\u00a0\u00bb body_font=\u00a0\u00bbMontserrat||||||||\u00a0\u00bb body_text_align=\u00a0\u00bbleft\u00a0\u00bb body_font_size=\u00a0\u00bb13px\u00a0\u00bb text_orientation=\u00a0\u00bbleft\u00a0\u00bb custom_margin=\u00a0\u00bb|0px||0px|false|false\u00a0\u00bb custom_padding=\u00a0\u00bb3px|43px||0px|false|false\u00a0\u00bb custom_css_main_element=\u00a0\u00bb.bouton {||  display: inline-block;||  padding: 10px 20px;||  background-color: #27caef;||  color: #fff;||  text-decoration: none;||  border-radius: 4px;||}||\u00a0\u00bb global_colors_info=\u00a0\u00bb{}\u00a0\u00bb]<\/p>\n<p><span data-contrast=\"auto\" xml:lang=\"FR-FR\" lang=\"FR-FR\" class=\"TextRun SCXW153174376 BCX9\"><span class=\"NormalTextRun SCXW153174376 BCX9\">Docteur<\/span><span class=\"NormalTextRun SCXW153174376 BCX9\"> en sciences \u00e9conomiques, m<\/span><span class=\"NormalTextRun SCXW153174376 BCX9\">a\u00eetre de conf\u00e9rences et chercheur<\/span><span class=\"NormalTextRun SCXW153174376 BCX9\"> en \u00e9conomie de l\u2019\u00e9nergie \u00e0 l\u2019universit\u00e9 de Franche-Comt\u00e9 (UFR <\/span><span class=\"NormalTextRun SpellingErrorV2Themed SCXW153174376 BCX9\">STGi<\/span><span class=\"NormalTextRun SCXW153174376 BCX9\"> de Belfort et laboratoire CRESE). <\/span><span class=\"NormalTextRun SCXW153174376 BCX9\">Sp\u00e9cialistes des march\u00e9s du carbone et de l\u2019\u00e9conomie des march\u00e9s <\/span><span class=\"NormalTextRun SCXW153174376 BCX9\">et<\/span><span class=\"NormalTextRun SCXW153174376 BCX9\"> r\u00e9seaux \u00e9lectriques, <\/span><span class=\"NormalTextRun SCXW153174376 BCX9\">Vincent BERTRAND est l\u2019auteur de nombreux articles scientifiques publi\u00e9s dans des revues internationales de r\u00e9f\u00e9rence. <\/span><span class=\"NormalTextRun SCXW153174376 BCX9\">Il intervient r\u00e9guli\u00e8rement dans la presse <\/span><span class=\"NormalTextRun SCXW153174376 BCX9\">et dans les m\u00e9dias \u00e0 travers des interviews et des articles de vulgarisation scientifique\u202f: <\/span><\/span><span data-contrast=\"auto\" xml:lang=\"FR-FR\" lang=\"FR-FR\" class=\"TextRun SCXW153174376 BCX9\"><span class=\"NormalTextRun SCXW153174376 BCX9\">Les Echos, The Conversation, L\u2019Opinion, Connaissance des \u00e9nergies, <\/span><span class=\"NormalTextRun SCXW153174376 BCX9\">La Tribune, etc.<\/span><\/span><span data-contrast=\"auto\" xml:lang=\"FR-FR\" lang=\"FR-FR\" class=\"TextRun SCXW153174376 BCX9\"><span class=\"NormalTextRun SCXW153174376 BCX9\"> <\/span><span class=\"NormalTextRun SCXW153174376 BCX9\">Il est<\/span><span class=\"NormalTextRun SCXW153174376 BCX9\"> <\/span><span class=\"NormalTextRun SCXW153174376 BCX9\">le fondateur du R\u00e9seau <\/span><span class=\"NormalTextRun SpellingErrorV2Themed SCXW153174376 BCX9\">EDEN.i<\/span><span class=\"NormalTextRun SCXW153174376 BCX9\"> de l\u2019universit\u00e9 de Franche-Comt\u00e9<\/span><span class=\"NormalTextRun SCXW153174376 BCX9\">.<\/span><span class=\"NormalTextRun SCXW153174376 BCX9\"> <\/span><span class=\"NormalTextRun SCXW153174376 BCX9\">Ce r\u00e9seau<\/span><span class=\"NormalTextRun SCXW153174376 BCX9\">,<\/span><span class=\"NormalTextRun SCXW153174376 BCX9\"> <\/span><span class=\"NormalTextRun SCXW153174376 BCX9\">qui <\/span><span class=\"NormalTextRun SCXW153174376 BCX9\">r\u00e9unit<\/span><\/span><span data-contrast=\"none\" xml:lang=\"FR-FR\" lang=\"FR-FR\" class=\"TextRun Highlight SCXW153174376 BCX9\"><span class=\"NormalTextRun SCXW153174376 BCX9\"> <\/span><span class=\"NormalTextRun SCXW153174376 BCX9\">des chercheurs de diff\u00e9rentes universit\u00e9<\/span><span class=\"NormalTextRun SCXW153174376 BCX9\">s, <\/span><span class=\"NormalTextRun SCXW153174376 BCX9\">propose des travaux de recherche pluridisciplinaires sur les questions \u00e9conomiques et juridiques de l&rsquo;\u00e9nergie et du changement climatique.<\/span><span class=\"NormalTextRun SCXW153174376 BCX9\"> <\/span><\/span><span data-contrast=\"none\" xml:lang=\"FR-FR\" lang=\"FR-FR\" class=\"TextRun SCXW153174376 BCX9\"><span class=\"NormalTextRun SCXW153174376 BCX9\">Les principales th\u00e9matiques de recherche du R\u00e9seau <\/span><span class=\"NormalTextRun SpellingErrorV2Themed SCXW153174376 BCX9\">EDEN.i<\/span><span class=\"NormalTextRun SCXW153174376 BCX9\"> sont\u202f: <\/span><span class=\"NormalTextRun SCXW153174376 BCX9\">les flexibilit\u00e9s \u00e9lectriques, les communaut\u00e9s d\u2019\u00e9nergie, <\/span><\/span><span data-contrast=\"none\" xml:lang=\"FR-FR\" lang=\"FR-FR\" class=\"TextRun Highlight SCXW153174376 BCX9\"><span class=\"NormalTextRun SCXW153174376 BCX9\">l&rsquo;autoconsommation collective d&rsquo;\u00e9lectricit\u00e9<\/span><span class=\"NormalTextRun SCXW153174376 BCX9\">, <\/span><span class=\"NormalTextRun SCXW153174376 BCX9\">les march\u00e9s du carbone, <\/span><span class=\"NormalTextRun SCXW153174376 BCX9\">l\u2019hydrog\u00e8ne au service des syst\u00e8mes \u00e9lectriques et la prise en compte des aspects comportementaux dans les mobilit\u00e9s d\u00e9carbon\u00e9es. <\/span><span class=\"NormalTextRun SCXW153174376 BCX9\">Toutes <\/span><span class=\"NormalTextRun SCXW153174376 BCX9\">les<\/span><span class=\"NormalTextRun SCXW153174376 BCX9\"> productions<\/span><span class=\"NormalTextRun SCXW153174376 BCX9\"> du R\u00e9seau <\/span><span class=\"NormalTextRun SpellingErrorV2Themed SCXW153174376 BCX9\">EDEN.i<\/span><span class=\"NormalTextRun SCXW153174376 BCX9\"> sont <\/span><span class=\"NormalTextRun SCXW153174376 BCX9\">consultables sur <\/span><span class=\"NormalTextRun SCXW153174376 BCX9\">son <\/span><span class=\"NormalTextRun SCXW153174376 BCX9\">site internet.<\/span><\/span><\/p>\n<p><a href=\"http:\/\/edeni-energies.com\" class=\"bouton\">Site Internet<\/a><\/p>\n<p>[\/et_pb_team_member][\/et_pb_column][\/et_pb_row][et_pb_row _builder_version=\u00a0\u00bb4.21.0&Prime; _module_preset=\u00a0\u00bbdefault\u00a0\u00bb background_enable_color=\u00a0\u00bboff\u00a0\u00bb width=\u00a0\u00bb100%\u00a0\u00bb custom_padding=\u00a0\u00bb|0px||26px|false|false\u00a0\u00bb global_colors_info=\u00a0\u00bb{}\u00a0\u00bb][et_pb_column type=\u00a0\u00bb4_4&Prime; _builder_version=\u00a0\u00bb4.21.0&Prime; _module_preset=\u00a0\u00bbdefault\u00a0\u00bb global_colors_info=\u00a0\u00bb{}\u00a0\u00bb][et_pb_team_member name=\u00a0\u00bbLionel RAGOT\u00a0\u00bb image_url=\u00a0\u00bbhttps:\/\/lesrencontresenergiesetterritoires.fr\/wp-content\/uploads\/2023\/06\/Lionel-Ragot.jpg\u00a0\u00bb icon_color=\u00a0\u00bb#FF6E00&Prime; _builder_version=\u00a0\u00bb4.21.0&Prime; _module_preset=\u00a0\u00bbdefault\u00a0\u00bb header_level=\u00a0\u00bbh2&Prime; header_font=\u00a0\u00bbMontserrat||on||||||\u00a0\u00bb header_text_color=\u00a0\u00bb#00D0FF\u00a0\u00bb body_font=\u00a0\u00bbMontserrat||||||||\u00a0\u00bb body_text_align=\u00a0\u00bbleft\u00a0\u00bb body_font_size=\u00a0\u00bb13px\u00a0\u00bb text_orientation=\u00a0\u00bbleft\u00a0\u00bb custom_margin=\u00a0\u00bb|0px||0px|false|false\u00a0\u00bb custom_padding=\u00a0\u00bb|43px||0px|false|false\u00a0\u00bb custom_css_main_element=\u00a0\u00bb.bouton {||  display: inline-block;||  padding: 10px 20px;||  background-color: #27caef;||  color: #fff;||  text-decoration: none;||  border-radius: 4px;||}||\u00a0\u00bb global_colors_info=\u00a0\u00bb{}\u00a0\u00bb]<\/p>\n<p><span>Professor of economics at Paris Nanterre University, Scientific<\/span><span>Advisor at CEPII (resaerch and expertise of the world eco-<\/span><span>nomy) and Resarch Fellow at the Chair<\/span><span>Demoraphic Transition,<\/span><span>Economic Transition<\/span><span>. He obtained his PhD in economics at<\/span><span>Paris 1 Panth\u00e9on-Sorbonne University in 1997. From 1998<\/span><span>to 2012, he was professor of economics successively at Lille 1<\/span><span>Unversity and Evry-Val-d\u2019Essonne University. He was also Scientific Advisor at<\/span><span>the French Prime Minister\u2019s Council of Economic Analysis (CAE) from 2007 to<\/span><span>2010 befor joining the CEPII.<\/span><span>His research interests include long term growth dynamics and structural policies.<\/span><span>He is particularly interested in sustainable growth (promote economic growth while<\/span><span>paying due regard to environmental protection). His articles on the subject are<\/span><span>mainly theoretical.<\/span><span>His two others research interests (on the topic of structural changes) are demo-<\/span><span>graphic ageing and international migrations. They have been the subject of more<\/span><span>applied research works, based on dynamic applied general equilibrium models<\/span><span>(<\/span><span>fiscal impacts of immigration<\/span><span>) and applied econometrics (<\/span><span>derterminants of the<\/span><span>international mobility of students<\/span><span>).<\/span><\/p>\n<p>[\/et_pb_team_member][\/et_pb_column][\/et_pb_row][et_pb_row _builder_version=\u00a0\u00bb4.21.0&Prime; _module_preset=\u00a0\u00bbdefault\u00a0\u00bb background_enable_color=\u00a0\u00bboff\u00a0\u00bb width=\u00a0\u00bb100%\u00a0\u00bb custom_padding=\u00a0\u00bb|0px||26px|false|false\u00a0\u00bb global_colors_info=\u00a0\u00bb{}\u00a0\u00bb][et_pb_column type=\u00a0\u00bb4_4&Prime; _builder_version=\u00a0\u00bb4.21.0&Prime; _module_preset=\u00a0\u00bbdefault\u00a0\u00bb global_colors_info=\u00a0\u00bb{}\u00a0\u00bb][et_pb_team_member name=\u00a0\u00bbGilles J. MARTIN\u00a0\u00bb image_url=\u00a0\u00bbhttps:\/\/lesrencontresenergiesetterritoires.fr\/wp-content\/uploads\/2023\/06\/Gilles-Martin-scaled.jpg\u00a0\u00bb icon_color=\u00a0\u00bb#FF6E00&Prime; _builder_version=\u00a0\u00bb4.21.0&Prime; _module_preset=\u00a0\u00bbdefault\u00a0\u00bb header_level=\u00a0\u00bbh2&Prime; header_font=\u00a0\u00bbMontserrat||on||||||\u00a0\u00bb header_text_color=\u00a0\u00bb#00D0FF\u00a0\u00bb body_font=\u00a0\u00bbMontserrat||||||||\u00a0\u00bb body_text_align=\u00a0\u00bbleft\u00a0\u00bb body_font_size=\u00a0\u00bb13px\u00a0\u00bb text_orientation=\u00a0\u00bbleft\u00a0\u00bb custom_margin=\u00a0\u00bb|0px||0px|false|false\u00a0\u00bb custom_padding=\u00a0\u00bb|43px||0px|false|false\u00a0\u00bb custom_css_main_element=\u00a0\u00bb.bouton {||  display: inline-block;||  padding: 10px 20px;||  background-color: #27caef;||  color: #fff;||  text-decoration: none;||  border-radius: 4px;||}||\u00a0\u00bb global_colors_info=\u00a0\u00bb{}\u00a0\u00bb]<\/p>\n<p><span>Professeur \u00e9m\u00e9rite de droit priv\u00e9 \u00e0 l\u2019Univer<\/span><span>sit\u00e9 C\u00f4te d\u2019Azur<\/span><span>, membre du <\/span><span>Groupe de Recherche <\/span><span>en Droit, Economie, Gestion (GREDEG <\/span><span>\u2013<\/span><span>UMR 7321 du CNRS).<\/span><span>Ayant soutenu en 1976 une th\u00e8se de doctorat sous la direction de G\u00e9rard Farjat, \u00ab p\u00e8re \u00bb du <\/span><span>droit \u00e9conomique en France, sur les relations entre le droit de la responsabilit\u00e9 civile et le droit <\/span><span>de l\u2019environnement, il a consacr\u00e9 une grande partie de <\/span><span>ses <\/span><span>rech<\/span><span>erches ult\u00e9rieures \u00e0 \u00e9tudier des <\/span><span>questions situ\u00e9es \u00e0 l\u2019interface du droit priv\u00e9, du droit \u00e9conomique et du droit de <\/span><span>l\u2019environnement. Il a soutenu dans tous ses \u00e9crits que le droit consacr\u00e9 \u00e0 la protection de <\/span><span>l\u2019environnement ne pouvait pas \u00eatre seulement un<\/span><span>droit de police administrative et il a forg\u00e9 <\/span><span>dans cet esprit la notion de \u00ab droit \u00e9conomique de l\u2019environnement \u00bb. C\u2019est sous cet intitul\u00e9 <\/span><span>qu\u2019il a cr\u00e9\u00e9 un enseignement de Master II consacr\u00e9 \u00e0 ces questions \u00e0 Sciences po Paris \u00e0 partir <\/span><span>de 2008<\/span><span>et jusqu\u2019en <\/span><span>2014<\/span><span>. Il a dirig\u00e9 de nombreuses th\u00e8ses sur ces th\u00e8mes (parmi les plus <\/span><span>r\u00e9centes : Julie Malet<\/span><span>&#8211;<\/span><span>Vigneaux, L&rsquo;int\u00e9gration du droit de l&rsquo;environnement dans le droit de la <\/span><span>concurrence (2014) ; Aude<\/span><span>&#8211;<\/span><span>Solveig Epstein, Information environnementale et entreprise <\/span><span>&#8211;<\/span><span>Con<\/span><span>tribution \u00e0 l&rsquo;analyse juridique d&rsquo;une r\u00e9gulation (2015) ; Jennifer Bardy, Le concept <\/span><span>comptable de passif environnemental, miroir du risque environnemental de l&rsquo;entreprise (2018) <\/span><span>et publi\u00e9 de nombreux articles consacr\u00e9s soit \u00e0 l\u2019identification et \u00e0 l\u2019enseig<\/span><span>nement du droit <\/span><span>\u00e9conomique de l\u2019environnement, soit \u00e0 la recherche dans ce champ, soit \u00e0 des questions <\/span><span>particuli\u00e8res entrant dans cette th\u00e9matique . A son d\u00e9part \u00e0 la retrai<\/span><span>t<\/span><span>e, ses coll\u00e8gues lui ont <\/span><span>consacr\u00e9 des \u00ab <\/span><span>M\u00e9langes \u00bb<\/span><span>pr\u00e9cis\u00e9ment intitul\u00e9s \u00ab Pour un<\/span><span>droit \u00e9conomique de <\/span><span>l\u2019environnement <\/span><span>\u2013<\/span><span>M\u00e9langes en l\u2019honneur <\/span><span>de Gilles J. Martin \u00bb <\/span><span>(\u00e9d. Frison<\/span><span>&#8211;<\/span><span>Roche, Paris)<\/span><span>. <\/span><span>Pr\u00e9sident honoraire de la Soci\u00e9t\u00e9 fran\u00e7aise pour le droit de l\u2019environnement (SFDE), il a pr\u00e9sid\u00e9 <\/span><span>la Commission d\u2019expertise pour l\u2019\u00e9laboration du <\/span><span>Code de l\u2019environnement<\/span><span>entre 1992 et 1996.<\/span><\/p>\n<p>[\/et_pb_team_member][\/et_pb_column][\/et_pb_row][et_pb_row _builder_version=\u00a0\u00bb4.21.0&Prime; _module_preset=\u00a0\u00bbdefault\u00a0\u00bb background_enable_color=\u00a0\u00bboff\u00a0\u00bb width=\u00a0\u00bb100%\u00a0\u00bb custom_padding=\u00a0\u00bb|0px||26px|false|false\u00a0\u00bb global_colors_info=\u00a0\u00bb{}\u00a0\u00bb][et_pb_column type=\u00a0\u00bb4_4&Prime; _builder_version=\u00a0\u00bb4.21.0&Prime; _module_preset=\u00a0\u00bbdefault\u00a0\u00bb global_colors_info=\u00a0\u00bb{}\u00a0\u00bb][et_pb_team_member name=\u00a0\u00bbDenis THURIOT\u00a0\u00bb image_url=\u00a0\u00bbhttps:\/\/lesrencontresenergiesetterritoires.fr\/wp-content\/uploads\/2023\/06\/Denis-THURIOT-Portrait.png\u00a0\u00bb icon_color=\u00a0\u00bb#FF6E00&Prime; _builder_version=\u00a0\u00bb4.21.0&Prime; _module_preset=\u00a0\u00bbdefault\u00a0\u00bb header_level=\u00a0\u00bbh2&Prime; header_font=\u00a0\u00bbMontserrat||on||||||\u00a0\u00bb header_text_color=\u00a0\u00bb#00D0FF\u00a0\u00bb body_font=\u00a0\u00bbMontserrat||||||||\u00a0\u00bb body_text_align=\u00a0\u00bbleft\u00a0\u00bb body_font_size=\u00a0\u00bb13px\u00a0\u00bb text_orientation=\u00a0\u00bbleft\u00a0\u00bb custom_margin=\u00a0\u00bb|0px||0px|false|false\u00a0\u00bb custom_padding=\u00a0\u00bb|43px||0px|false|false\u00a0\u00bb custom_css_main_element=\u00a0\u00bb.bouton {||  display: inline-block;||  padding: 10px 20px;||  background-color: #27caef;||  color: #fff;||  text-decoration: none;||  border-radius: 4px;||}||\u00a0\u00bb global_colors_info=\u00a0\u00bb{}\u00a0\u00bb]<\/p>\n<p class=\"p1\"><span>Maire de Nevers, Pr\u00e9sident de Nevers Agglom\u00e9ration et Conseiller R\u00e9gional de Bourgogne-Franche-Comt\u00e9.<\/span><\/p>\n<p>Avocat depuis 1992 (Licence en droit \u00e0 la Facult\u00e9 de Droit de Dijon, ma\u00eetrise en droit des affaires puis DEA en Droit priv\u00e9, mention Droits de l\u2019Homme \u00e0 la facult\u00e9 de Droit et de Sciences Politiques de Grenoble. Institut d\u2019Etudes Judiciaires puis Ecole d\u2019Avocats de Grenoble-Chambery).<\/p>\n<p class=\"p1\">Une fois dipl\u00f4m\u00e9, Denis Thuriot fait le choix d\u2019exercer \u00e0 Nevers, signe d\u2019un profond attachement \u00e0 sa ville.<\/p>\n<p class=\"p1\">Elu B\u00e2tonnier de l\u2019Ordre des Avocats de la Ni\u00e8vre en 2008 et 2009.<\/p>\n<p class=\"p1\">Denis Thuriot a par ailleurs exerc\u00e9 d\u2019autres mandats avant d\u2019\u00eatre \u00e9lu Maire de Nevers :<\/p>\n<p class=\"p1\"><span class=\"s1\"><\/span>Administrateur de la Caisse autonome de r\u00e8glement p\u00e9cuniaire des Avocats de la Ni\u00e8vre de 1993 \u00e0 2008, <span class=\"s1\"><\/span>Administrateur de l\u2019Association Nationale des Avocats de Compagnies d\u2019Assurances, <span class=\"s1\"><\/span>Pr\u00e9sident de l\u2019Association Nivernaise d\u2019Accueil et de R\u00e9insertion, <span class=\"s1\"><\/span>Administrateur du Groupe d\u2019Emulation Artistique du Nivernais, <span class=\"s1\"><\/span>Pr\u00e9sident de l\u2019Association Ind\u00e9pendante de Parents d\u2019\u00e9l\u00e8ves du Groupe Scolaire Lucette Sall\u00e9 et du Coll\u00e8ge Victor Hugo de Nevers, Pr\u00e9sident de l\u2019association Extravadanse, <span class=\"s1\"><\/span>Avocat (depuis 1992) \u2013 ancien b\u00e2tonnier de l\u2019Ordre de la Ni\u00e8vre (2008 et 2009), <span class=\"s1\"><\/span>Maire de Nevers (depuis 2014), <span class=\"s1\"><\/span>Pr\u00e9sident de Nevers Agglom\u00e9ration (depuis 2014), <span class=\"s1\"><\/span>Pr\u00e9sident du conseil de surveillance du CHAN et du comit\u00e9 des \u00e9lus du GHT (depuis 2014), <span class=\"s1\"><\/span>Pr\u00e9sident du CCAS, <span class=\"s1\"><\/span>Pr\u00e9sident du Conseil de l\u2019ISAT, <span class=\"s1\"><\/span>Vice-Pr\u00e9sident de Ni\u00e8vre Am\u00e9nagement, <span class=\"s1\"><\/span>Pr\u00e9sident du SCoT du Grand Nevers, <span class=\"s1\"><\/span>Pr\u00e9sident de l\u2019A\u00e9roport du Grand Nevers et de la Ni\u00e8vre, <span class=\"s1\"><\/span>Pr\u00e9sident de l\u2019Assembl\u00e9e des Territoires du parti politique Renaissance, <span class=\"s1\"><\/span>Pr\u00e9sident de l\u2019association Renaissance Ni\u00e8vre, <span class=\"s1\"><\/span>Co-Pr\u00e9sident des Villes Cath\u00e9drales, <span class=\"s1\"><\/span>Administrateur de Villes de France, responsable de la Commission Attractivit\u00e9 et Innovation, <span class=\"s1\"><\/span>Membre du Conseil d\u2019Orientation et de Surveillance de la SAEMS du Circuit de Nevers Magny-Cours, <span class=\"s1\"><\/span>Vice-Pr\u00e9sident de la Mission Territoires Num\u00e9riques (Mission ECOTER), <span class=\"s1\"><\/span>Pr\u00e9sident du COPRNM, <span class=\"s1\"><\/span>Co-Pr\u00e9sident de la CMI (\u00e0 partir de 09\/2020), <span class=\"s1\"><\/span>Conseiller R\u00e9gional \u2013 Vice-Pr\u00e9sident de la Commission n\u00b0 3 (Apprentissage et formation professionnelle \u2013 sanitaire et sociale \u2013 lyc\u00e9es \u2013 enseignement sup\u00e9rieur &#8211; recherche), membre de la Commission permanente, <span class=\"s1\"><\/span>Membre du Conseil d\u2019Orientation de l\u2019AdCF, <span class=\"s1\"><\/span>Membre de l\u2019Advisory Board de SMART BUILDING ALLIANCE<\/p>\n<p>[\/et_pb_team_member][\/et_pb_column][\/et_pb_row][et_pb_row _builder_version=\u00a0\u00bb4.21.0&Prime; _module_preset=\u00a0\u00bbdefault\u00a0\u00bb background_enable_color=\u00a0\u00bboff\u00a0\u00bb width=\u00a0\u00bb100%\u00a0\u00bb custom_padding=\u00a0\u00bb|0px||26px|false|false\u00a0\u00bb global_colors_info=\u00a0\u00bb{}\u00a0\u00bb][et_pb_column type=\u00a0\u00bb4_4&Prime; _builder_version=\u00a0\u00bb4.21.0&Prime; _module_preset=\u00a0\u00bbdefault\u00a0\u00bb global_colors_info=\u00a0\u00bb{}\u00a0\u00bb][et_pb_team_member name=\u00a0\u00bbElisabeth GRENIN\u00a0\u00bb image_url=\u00a0\u00bbhttps:\/\/lesrencontresenergiesetterritoires.fr\/wp-content\/uploads\/2023\/06\/Elisabeth-GRENIN.png\u00a0\u00bb icon_color=\u00a0\u00bb#FF6E00&Prime; _builder_version=\u00a0\u00bb4.21.0&Prime; _module_preset=\u00a0\u00bbdefault\u00a0\u00bb header_level=\u00a0\u00bbh2&Prime; header_font=\u00a0\u00bbMontserrat||on||||||\u00a0\u00bb header_text_color=\u00a0\u00bb#00D0FF\u00a0\u00bb body_font=\u00a0\u00bbMontserrat||||||||\u00a0\u00bb body_text_align=\u00a0\u00bbleft\u00a0\u00bb body_font_size=\u00a0\u00bb13px\u00a0\u00bb text_orientation=\u00a0\u00bbleft\u00a0\u00bb custom_margin=\u00a0\u00bb|-40px||0px|false|false\u00a0\u00bb custom_padding=\u00a0\u00bb|43px||0px|false|false\u00a0\u00bb custom_css_main_element=\u00a0\u00bb.bouton {||  display: inline-block;||  padding: 10px 20px;||  background-color: #27caef;||  color: #fff;||  text-decoration: none;||  border-radius: 4px;||}||\u00a0\u00bb global_colors_info=\u00a0\u00bb{}\u00a0\u00bb]<\/p>\n<p class=\"x_MsoNormal\"><span class=\"\">&#8211; Dirigeante d\u2019une entreprise de transports routiers de marchandises.<\/span><span class=\"\">A pris la succession de son p\u00e8re en f\u00e9vrier 1998.<br \/><\/span><span class=\"\">&#8211; Conseiller Prud\u2019homal \u00e9lue au Conseil des Prud\u2019hommes de Nevers depuis 2002.<br \/><\/span><span class=\"\">Pr\u00e9sidente de la section Commerce en janvier 2007.<br \/><\/span><span class=\"\">&#8211; Pr\u00e9sidente de ce Conseil depuis janvier 2015.<br \/><\/span><span class=\"\">&#8211; Membre du Conseil Sup\u00e9rieur de la Prud\u2019homie depuis le 5 ao\u00fbt 2021.<br \/><\/span><span class=\"\">&#8211; Chevalier de l\u2019ordre national du m\u00e9rite le 18 novembre 2017.<\/span><span class=\"\"><br \/><\/span><span class=\"\">&#8211; Administratrice du groupement Astre.<br \/><\/span><span class=\"\">&#8211; Pr\u00e9sidente du MEDEF Ni\u00e8vre du 7 d\u00e9cembre 2017 \u00e0 juin 2022.<br \/><\/span><span class=\"\">&#8211; Membre du Conseil Ex\u00e9cutif du Medef National de d\u00e9cembre 2017 \u00e0 d\u00e9cembre 2019.<br \/><\/span><span class=\"\">&#8211; Membre du comit\u00e9 financier du Medef National en 2019.<br \/><\/span><span class=\"\">&#8211; Membre du comit\u00e9 statutaire et d\u2019\u00e9thique du Medef National du 7 juillet 2020 au 11 f\u00e9vrier 2022.<br \/><\/span><span class=\"\">&#8211; Pr\u00e9sidente du Medef Bourgogne Franche Comt\u00e9 depuis le 11 f\u00e9vrier 2022 et membre du Conseil Ex\u00e9cutif depuis cette date.<br \/><\/span><span class=\"\">&#8211; Appartient au r\u00e9seau \u00ab Femmes du Medef \u00bb.<br \/><\/span><span class=\"\">&#8211; Chef d\u2019escadron (commandant) de la r\u00e9serve citoyenne le 17 f\u00e9vrier 2020, nomm\u00e9e au grade de lieutenant-colonel le 3 avril 2023.<br \/><\/span><span class=\"\">&#8211; Membre du bureau et secr\u00e9taire de la CCI de la Ni\u00e8vre depuis novembre 2021.<\/span><\/p>\n<p>[\/et_pb_team_member][\/et_pb_column][\/et_pb_row][et_pb_row _builder_version=\u00a0\u00bb4.21.0&Prime; _module_preset=\u00a0\u00bbdefault\u00a0\u00bb background_enable_color=\u00a0\u00bboff\u00a0\u00bb width=\u00a0\u00bb100%\u00a0\u00bb custom_padding=\u00a0\u00bb|0px||26px|false|false\u00a0\u00bb global_colors_info=\u00a0\u00bb{}\u00a0\u00bb][et_pb_column type=\u00a0\u00bb4_4&Prime; _builder_version=\u00a0\u00bb4.21.0&Prime; _module_preset=\u00a0\u00bbdefault\u00a0\u00bb global_colors_info=\u00a0\u00bb{}\u00a0\u00bb][et_pb_team_member name=\u00a0\u00bbAgn\u00e8s MESSAADI-PARIS\u00a0\u00bb image_url=\u00a0\u00bbhttps:\/\/lesrencontresenergiesetterritoires.fr\/wp-content\/uploads\/2023\/06\/Agnes-Messaadi-Paris.png\u00a0\u00bb icon_color=\u00a0\u00bb#FF6E00&Prime; _builder_version=\u00a0\u00bb4.21.0&Prime; _module_preset=\u00a0\u00bbdefault\u00a0\u00bb header_level=\u00a0\u00bbh2&Prime; header_font=\u00a0\u00bbMontserrat||on||||||\u00a0\u00bb header_text_color=\u00a0\u00bb#00D0FF\u00a0\u00bb body_font=\u00a0\u00bbMontserrat||||||||\u00a0\u00bb body_text_align=\u00a0\u00bbleft\u00a0\u00bb body_font_size=\u00a0\u00bb13px\u00a0\u00bb text_orientation=\u00a0\u00bbleft\u00a0\u00bb custom_margin=\u00a0\u00bb|-32px||0px|false|false\u00a0\u00bb custom_padding=\u00a0\u00bb|43px||0px|false|false\u00a0\u00bb custom_css_main_element=\u00a0\u00bb.bouton {||  display: inline-block;||  padding: 10px 20px;||  background-color: #27caef;||  color: #fff;||  text-decoration: none;||  border-radius: 4px;||}||\u00a0\u00bb global_colors_info=\u00a0\u00bb{}\u00a0\u00bb]<\/p>\n<p>Agn\u00e8s Messaadi-Paris, coordinatrice pour la f\u00e9d\u00e9ration r\u00e9gionale Mob&rsquo;In Bourgogne Franche-Comt\u00e9 qui regroupe 20 acteurs territoriaux de la mobilit\u00e9 inclusive. Mob&rsquo;In Bourgogne-Franche-Comt\u00e9 cr\u00e9\u00e9e en 2017 est le r\u00e9seau territorial des acteurs de la mobilit\u00e9 inclusive en r\u00e9gion. Il repr\u00e9sente, en 2023, 20 professionnels de la mobilit\u00e9 inclusive et couvre les 8 d\u00e9partements. La mission commune du r\u00e9seau Mob\u2019In est d\u2019accompagner les publics pr\u00e9caires dans le \u00ab savoir et le pouvoir bouger \u00bb aux travers diff\u00e9rents dispositifs : plateformes de mobilit\u00e9, auto \u00e9coles sociales, v\u00e9lo \u00e9cole, actions d\u2019\u00e9comobilit\u00e9, garages et loueurs solidaires, \u2026 Ces structures proposent une r\u00e9ponse globale dans la lev\u00e9e des freins et l\u2019accompagnement dynamique vers une mobilit\u00e9 autonome des publics fragilis\u00e9s dans le cadre d\u2019un parcours d\u2019insertion sociale et professionnelle. Ils agissent sur tous les champs de la mobilit\u00e9 pour r\u00e9duire les in\u00e9galit\u00e9s sociales et territoriales en faveur des habitants. Mob\u2019In BFC est repr\u00e9sent\u00e9e \u00e0 l&rsquo;\u00e9chelle nationale par la f\u00e9d\u00e9ration Mob&rsquo;In France qui f\u00e9d\u00e8re plus de 250 structures, le r\u00e9seau se d\u00e9veloppe sur 12 r\u00e9gions.<\/p>\n<p>Ses missions \u00e0 l&rsquo;\u00e9chelon r\u00e9gional sont:<\/p>\n<ul>\n<li>d&rsquo;animer le r\u00e9seau des acteurs territoriaux de la mobilit\u00e9 inclusive<\/li>\n<li>d&rsquo;accompagner le d\u00e9veloppement de nouvelles solutions territoriales<\/li>\n<li>d\u2019\u0153uvrer \u00e0 la professionnalisation\u00a0 des structures et les \u00e9quipes par les \u00e9changes de pratiques et d\u2019interconnaissance, la formation et les projets de coop\u00e9ration intra et interr\u00e9gionaux.<\/li>\n<li>de repr\u00e9senter nos adh\u00e9rents \u00e0 l\u2019\u00e9chelle r\u00e9gional et national<\/li>\n<\/ul>\n<p>Elle est \u00e9galement coordinatrice de l&rsquo;axe \u00e9comobilit\u00e9 inclusive au niveau national pour Mob&rsquo;In France qui f\u00e9d\u00e8re 250 adh\u00e9rents.<\/p>\n<p>[\/et_pb_team_member][\/et_pb_column][\/et_pb_row][et_pb_row _builder_version=\u00a0\u00bb4.21.0&Prime; _module_preset=\u00a0\u00bbdefault\u00a0\u00bb background_enable_color=\u00a0\u00bboff\u00a0\u00bb width=\u00a0\u00bb100%\u00a0\u00bb custom_padding=\u00a0\u00bb|0px||26px|false|false\u00a0\u00bb global_colors_info=\u00a0\u00bb{}\u00a0\u00bb][et_pb_column type=\u00a0\u00bb4_4&Prime; _builder_version=\u00a0\u00bb4.21.0&Prime; _module_preset=\u00a0\u00bbdefault\u00a0\u00bb global_colors_info=\u00a0\u00bb{}\u00a0\u00bb][et_pb_team_member name=\u00a0\u00bbRachel GUYET\u00a0\u00bb image_url=\u00a0\u00bbhttps:\/\/lesrencontresenergiesetterritoires.fr\/wp-content\/uploads\/2023\/06\/Rachel-GUYET.png\u00a0\u00bb icon_color=\u00a0\u00bb#FF6E00&Prime; _builder_version=\u00a0\u00bb4.21.0&Prime; _module_preset=\u00a0\u00bbdefault\u00a0\u00bb header_level=\u00a0\u00bbh2&Prime; header_font=\u00a0\u00bbMontserrat||on||||||\u00a0\u00bb header_text_color=\u00a0\u00bb#00D0FF\u00a0\u00bb body_font=\u00a0\u00bbMontserrat||||||||\u00a0\u00bb body_text_align=\u00a0\u00bbleft\u00a0\u00bb body_font_size=\u00a0\u00bb13px\u00a0\u00bb text_orientation=\u00a0\u00bbleft\u00a0\u00bb custom_margin=\u00a0\u00bb|-32px||0px|false|false\u00a0\u00bb custom_padding=\u00a0\u00bb|43px||0px|false|false\u00a0\u00bb custom_css_main_element=\u00a0\u00bb.bouton {||  display: inline-block;||  padding: 10px 20px;||  background-color: #27caef;||  color: #fff;||  text-decoration: none;||  border-radius: 4px;||}||\u00a0\u00bb global_colors_info=\u00a0\u00bb{}\u00a0\u00bb]<\/p>\n<p><span>Rachel GUYET is Director of the Master in Global Energy Transition and Governance. She is a doctor in political science and project manager at CERI-Sciences Po. She works on issues of energy\u00a0poverty and energy transition at the territorial level in Europe. She also teaches at the European campus of Sciences Po Paris in Dijon.<\/span><\/p>\n<p>[\/et_pb_team_member][\/et_pb_column][\/et_pb_row][et_pb_row _builder_version=\u00a0\u00bb4.21.0&Prime; _module_preset=\u00a0\u00bbdefault\u00a0\u00bb background_enable_color=\u00a0\u00bboff\u00a0\u00bb width=\u00a0\u00bb100%\u00a0\u00bb custom_padding=\u00a0\u00bb|0px||26px|false|false\u00a0\u00bb global_colors_info=\u00a0\u00bb{}\u00a0\u00bb][et_pb_column type=\u00a0\u00bb4_4&Prime; _builder_version=\u00a0\u00bb4.21.0&Prime; _module_preset=\u00a0\u00bbdefault\u00a0\u00bb global_colors_info=\u00a0\u00bb{}\u00a0\u00bb][et_pb_team_member name=\u00a0\u00bbVincent CHAUVET\u00a0\u00bb image_url=\u00a0\u00bbhttps:\/\/lesrencontresenergiesetterritoires.fr\/wp-content\/uploads\/2023\/06\/Vincent-CHAUVET.png\u00a0\u00bb icon_color=\u00a0\u00bb#FF6E00&Prime; _builder_version=\u00a0\u00bb4.21.0&Prime; _module_preset=\u00a0\u00bbdefault\u00a0\u00bb header_level=\u00a0\u00bbh2&Prime; header_font=\u00a0\u00bbMontserrat||on||||||\u00a0\u00bb header_text_color=\u00a0\u00bb#00D0FF\u00a0\u00bb body_font=\u00a0\u00bbMontserrat||||||||\u00a0\u00bb body_text_align=\u00a0\u00bbleft\u00a0\u00bb body_font_size=\u00a0\u00bb13px\u00a0\u00bb text_orientation=\u00a0\u00bbleft\u00a0\u00bb custom_margin=\u00a0\u00bb|-32px||0px|false|false\u00a0\u00bb custom_padding=\u00a0\u00bb|43px||0px|false|false\u00a0\u00bb custom_css_main_element=\u00a0\u00bb.bouton {||  display: inline-block;||  padding: 10px 20px;||  background-color: #27caef;||  color: #fff;||  text-decoration: none;||  border-radius: 4px;||}||\u00a0\u00bb global_colors_info=\u00a0\u00bb{}\u00a0\u00bb]<\/p>\n<p style=\"font-weight: 400;\">Vincent Chauvet est maire d\u2019Autun et 1<sup>er<\/sup>\u00a0vice-pr\u00e9sident de la communaut\u00e9 de communes du Grand Autunois Morvan en charge de l\u2019Attractivit\u00e9 et du D\u00e9veloppement \u00e9conomique, vice-pr\u00e9sident de la d\u00e9l\u00e9gation fran\u00e7aise au Comit\u00e9 europ\u00e9en des R\u00e9gions.<\/p>\n<p style=\"font-weight: 400;\">Depuis 2020, il est membre du Comit\u00e9 Europ\u00e9en des R\u00e9gions, coordinateur de la Commission Environnement pour le groupe Renew Europe (centriste).<\/p>\n<p style=\"font-weight: 400;\">En 2022, Vincent Chauvet est \u00e9lu \u00e0 la pr\u00e9sidence de la F\u00e9d\u00e9ration europ\u00e9enne des Cit\u00e9s Napol\u00e9oniennes. La m\u00eame ann\u00e9e, il int\u00e8gre le Bureau Executif du MoDem.<\/p>\n<p>[\/et_pb_team_member][\/et_pb_column][\/et_pb_row][et_pb_row _builder_version=\u00a0\u00bb4.21.0&Prime; _module_preset=\u00a0\u00bbdefault\u00a0\u00bb background_enable_color=\u00a0\u00bboff\u00a0\u00bb width=\u00a0\u00bb100%\u00a0\u00bb custom_padding=\u00a0\u00bb|0px||26px|false|false\u00a0\u00bb global_colors_info=\u00a0\u00bb{}\u00a0\u00bb][et_pb_column type=\u00a0\u00bb4_4&Prime; _builder_version=\u00a0\u00bb4.21.0&Prime; _module_preset=\u00a0\u00bbdefault\u00a0\u00bb global_colors_info=\u00a0\u00bb{}\u00a0\u00bb][et_pb_team_member name=\u00a0\u00bbArnaud CAULIER\u00a0\u00bb image_url=\u00a0\u00bbhttps:\/\/lesrencontresenergiesetterritoires.fr\/wp-content\/uploads\/2023\/06\/BPBFC-CODIR-Arnaud-CAULIER-005-002.png\u00a0\u00bb linkedin_url=\u00a0\u00bbhttps:\/\/www.linkedin.com\/in\/arnaud-caulier-2717481\/\u00a0\u00bb icon_color=\u00a0\u00bb#FF6E00&Prime; _builder_version=\u00a0\u00bb4.21.0&Prime; _module_preset=\u00a0\u00bbdefault\u00a0\u00bb header_level=\u00a0\u00bbh2&Prime; header_font=\u00a0\u00bbMontserrat||on||||||\u00a0\u00bb header_text_color=\u00a0\u00bb#00D0FF\u00a0\u00bb body_font=\u00a0\u00bbMontserrat||||||||\u00a0\u00bb body_text_align=\u00a0\u00bbleft\u00a0\u00bb body_font_size=\u00a0\u00bb13px\u00a0\u00bb text_orientation=\u00a0\u00bbleft\u00a0\u00bb custom_margin=\u00a0\u00bb|-32px||0px|false|false\u00a0\u00bb custom_padding=\u00a0\u00bb|43px||0px|false|false\u00a0\u00bb custom_css_main_element=\u00a0\u00bb.bouton {||  display: inline-block;||  padding: 10px 20px;||  background-color: #27caef;||  color: #fff;||  text-decoration: none;||  border-radius: 4px;||}||\u00a0\u00bb global_colors_info=\u00a0\u00bb{}\u00a0\u00bb]<\/p>\n<p style=\"font-weight: 400;\">Arnaud Caulier a rejoint la Banque Populaire de Bourgogne Franche Comt\u00e9 mi-2022 en tant que Directeur du D\u00e9veloppement. A ce titre, il est en charge de la d\u00e9finition des offres de la Banque sur ses diff\u00e9rents march\u00e9s et segments de client\u00e8le et de leur d\u00e9ploiement au sein des r\u00e9seaux commerciaux, ainsi que des projets de d\u00e9veloppement de la banque. Il avait auparavant exerc\u00e9 des fonctions de direction au sein du groupe BRED Banque Populaire, en tant que directeur d\u2019une filiale bancaire en Asie du Sud-Est, puis comme directeur des Activit\u00e9s et filiales d\u2019investissement.\u00a0<\/p>\n<p>[\/et_pb_team_member][\/et_pb_column][\/et_pb_row][et_pb_row _builder_version=\u00a0\u00bb4.21.0&Prime; _module_preset=\u00a0\u00bbdefault\u00a0\u00bb background_enable_color=\u00a0\u00bboff\u00a0\u00bb width=\u00a0\u00bb100%\u00a0\u00bb custom_padding=\u00a0\u00bb|0px||26px|false|false\u00a0\u00bb global_colors_info=\u00a0\u00bb{}\u00a0\u00bb][et_pb_column type=\u00a0\u00bb4_4&Prime; _builder_version=\u00a0\u00bb4.21.0&Prime; _module_preset=\u00a0\u00bbdefault\u00a0\u00bb global_colors_info=\u00a0\u00bb{}\u00a0\u00bb][et_pb_team_member name=\u00a0\u00bbArnaud MONTEBOURG\u00a0\u00bb image_url=\u00a0\u00bbhttps:\/\/lesrencontresenergiesetterritoires.fr\/wp-content\/uploads\/2023\/08\/Arnaud-MONTEBOURG.png\u00a0\u00bb icon_color=\u00a0\u00bb#FF6E00&Prime; _builder_version=\u00a0\u00bb4.21.0&Prime; _module_preset=\u00a0\u00bbdefault\u00a0\u00bb header_level=\u00a0\u00bbh2&Prime; header_font=\u00a0\u00bbMontserrat||on||||||\u00a0\u00bb header_text_color=\u00a0\u00bb#00D0FF\u00a0\u00bb body_font=\u00a0\u00bbMontserrat||||||||\u00a0\u00bb body_text_align=\u00a0\u00bbleft\u00a0\u00bb body_font_size=\u00a0\u00bb13px\u00a0\u00bb text_orientation=\u00a0\u00bbleft\u00a0\u00bb custom_margin=\u00a0\u00bb|-32px||0px|false|false\u00a0\u00bb custom_padding=\u00a0\u00bb|43px||0px|false|false\u00a0\u00bb custom_css_main_element=\u00a0\u00bb.bouton {||  display: inline-block;||  padding: 10px 20px;||  background-color: #27caef;||  color: #fff;||  text-decoration: none;||  border-radius: 4px;||}||\u00a0\u00bb global_colors_info=\u00a0\u00bb{}\u00a0\u00bb]<\/p>\n<p class=\"p1\">Est n\u00e9 le 30 octobre 1962, \u00e0 Clamecy dans la Ni\u00e8vre.Avocat de formation, il a \u00e9t\u00e9 \u00e9lu d\u00e9put\u00e9 socialiste de Sa\u00f4ne-et-Loire de 1997 \u00e0 2012.<br \/>Il a \u00e9t\u00e9 Ministre du Redressement Productif de 2012 \u00e0 2014 et ministre de l\u2019\u00c9conomie, du redressement Productif et du Num\u00e9rique en 2014.<\/p>\n<p>Aujourd\u2019hui entrepreneur, il a fond\u00e9 depuis 2015, les soci\u00e9t\u00e9s suivantes :<\/p>\n<p class=\"p1\">&#8211; \u00ab Les \u00c9quipes du Made in France \u00bb, soci\u00e9t\u00e9 de projets agricoles et industriels ;<\/p>\n<p class=\"p1\">&#8211; La \u00ab Soci\u00e9t\u00e9 d\u2019\u00c9levage et de Repeuplement des Abeilles de France \u2013 SERAF \u00bb qui exploite la marque \u00e9quitable de miels de repeuplement Origine France Garantie, \u00ab Bleu Blanc Ruche \u00bb <a href=\"https:\/\/www.bleu-blanc-ruche.fr\">www.bleu-blanc-ruche.fr<\/a><span class=\"s1\">\u00a0;<\/span><\/p>\n<p class=\"p1\">&#8211; La \u00ab Compagnie des Amandes \u00bb. Elle plante 2000 hectares de vergers d\u2019amandiers dans le sud <span class=\"s1\">de la France <a href=\"https:\/\/compagniedesamandes.com\">compagniedesamandes.com<\/a><\/span><span class=\"s1\">\u00a0;<\/span><\/p>\n<p class=\"p1\">&#8211; La \u00ab Compagnie Laiti\u00e8re des Glaces Paysannes \u00bb qui exploite la marque \u00e9quitable de glaces 100% Bio fabriqu\u00e9es par le paysan \u00ab La M\u00e9m\u00e8re \u00bb <a href=\"https:\/\/lamemere.fr\">lamemere.fr<\/a>\u00a0;<\/p>\n<p class=\"p1\">&#8211; \u00ab JOUXT \u00bb, soci\u00e9t\u00e9 innovante de colocation.<\/p>\n<p class=\"p1\"><span style=\"color: #999999;\"><i>Cr\u00e9dit Photo Eliot Blondet\/AbacaPress<\/i><\/span><\/p>\n<p>[\/et_pb_team_member][\/et_pb_column][\/et_pb_row][et_pb_row _builder_version=\u00a0\u00bb4.21.0&Prime; _module_preset=\u00a0\u00bbdefault\u00a0\u00bb background_enable_color=\u00a0\u00bboff\u00a0\u00bb width=\u00a0\u00bb100%\u00a0\u00bb custom_padding=\u00a0\u00bb|0px||26px|false|false\u00a0\u00bb global_colors_info=\u00a0\u00bb{}\u00a0\u00bb][et_pb_column type=\u00a0\u00bb4_4&Prime; _builder_version=\u00a0\u00bb4.21.0&Prime; _module_preset=\u00a0\u00bbdefault\u00a0\u00bb global_colors_info=\u00a0\u00bb{}\u00a0\u00bb][et_pb_team_member name=\u00a0\u00bbGuillaume BARET\u00a0\u00bb image_url=\u00a0\u00bbhttps:\/\/lesrencontresenergiesetterritoires.fr\/wp-content\/uploads\/2023\/09\/Guillaume-Barret.png\u00a0\u00bb icon_color=\u00a0\u00bb#FF6E00&Prime; _builder_version=\u00a0\u00bb4.21.0&Prime; _module_preset=\u00a0\u00bbdefault\u00a0\u00bb header_level=\u00a0\u00bbh2&Prime; header_font=\u00a0\u00bbMontserrat||on||||||\u00a0\u00bb header_text_color=\u00a0\u00bb#00D0FF\u00a0\u00bb body_font=\u00a0\u00bbMontserrat||||||||\u00a0\u00bb body_text_align=\u00a0\u00bbleft\u00a0\u00bb body_font_size=\u00a0\u00bb13px\u00a0\u00bb text_orientation=\u00a0\u00bbleft\u00a0\u00bb custom_margin=\u00a0\u00bb|-32px||0px|false|false\u00a0\u00bb custom_padding=\u00a0\u00bb|43px||0px|false|false\u00a0\u00bb custom_css_main_element=\u00a0\u00bb.bouton {||  display: inline-block;||  padding: 10px 20px;||  background-color: #27caef;||  color: #fff;||  text-decoration: none;||  border-radius: 4px;||}||\u00a0\u00bb global_colors_info=\u00a0\u00bb{}\u00a0\u00bb]<\/p>\n<p class=\"x_MsoNormal\">Guillaume Baret est actuellement Responsable R\u00e9gional Animation R\u00e9seau chez Allianz Global Investors, poste qu&rsquo;il occupe depuis janvier 2023. Allianz Global Investors g\u00e8re tout un \u00e9ventail de fonds d\u00e9di\u00e9s \u00e0 l&rsquo;investissement durable et a emprunt\u00e9 cette voie il y a plus de 20 ans. C\u2019est \u00e9galement l\u2019un des premiers signataires des Principes pour l&rsquo;investissement responsable des Nations unies (UN PRI) en 2007. Avant cela, Guillaume a travaill\u00e9 chez CANDRIAM de 2009 \u00e0 2022, d\u2019abord en tant que responsable clients institutionnels, puis coordinateur EMEA grands comptes et enfin responsable des institutions financi\u00e8res globales.<\/p>\n<p class=\"x_MsoNormal\">Sa carri\u00e8re dans le secteur financier a d\u00e9but\u00e9 chez NATIXIS \u00e0 Londres en 2007, en tant qu&rsquo;analyste et s\u00e9lectionneur de fonds d\u2019investissement pour des clients institutionnels.<\/p>\n<p class=\"x_MsoNormal\">Sur le plan acad\u00e9mique, Guillaume a un Executive MBA de l&rsquo;ESSEC Business School, un Master II en Gestion de portefeuille de l&rsquo;UPEC\/IAE Eiffel, et un BA in Business Economics de l&rsquo;Universit\u00e9 South Wales.<\/p>\n<p>[\/et_pb_team_member][\/et_pb_column][\/et_pb_row][et_pb_row _builder_version=\u00a0\u00bb4.21.0&Prime; _module_preset=\u00a0\u00bbdefault\u00a0\u00bb background_enable_color=\u00a0\u00bboff\u00a0\u00bb width=\u00a0\u00bb100%\u00a0\u00bb custom_padding=\u00a0\u00bb|0px||26px|false|false\u00a0\u00bb global_colors_info=\u00a0\u00bb{}\u00a0\u00bb][et_pb_column type=\u00a0\u00bb4_4&Prime; _builder_version=\u00a0\u00bb4.21.0&Prime; _module_preset=\u00a0\u00bbdefault\u00a0\u00bb global_colors_info=\u00a0\u00bb{}\u00a0\u00bb][et_pb_team_member name=\u00a0\u00bbGuillaume RUET\u00a0\u00bb image_url=\u00a0\u00bbhttps:\/\/lesrencontresenergiesetterritoires.fr\/wp-content\/uploads\/2023\/09\/Guillaume-RUET.png\u00a0\u00bb icon_color=\u00a0\u00bb#FF6E00&Prime; _builder_version=\u00a0\u00bb4.21.0&Prime; _module_preset=\u00a0\u00bbdefault\u00a0\u00bb header_level=\u00a0\u00bbh2&Prime; header_font=\u00a0\u00bbMontserrat||on||||||\u00a0\u00bb header_text_color=\u00a0\u00bb#00D0FF\u00a0\u00bb body_font=\u00a0\u00bbMontserrat||||||||\u00a0\u00bb body_text_align=\u00a0\u00bbleft\u00a0\u00bb body_font_size=\u00a0\u00bb13px\u00a0\u00bb text_orientation=\u00a0\u00bbleft\u00a0\u00bb custom_margin=\u00a0\u00bb|-32px||0px|false|false\u00a0\u00bb custom_padding=\u00a0\u00bb|43px||0px|false|false\u00a0\u00bb custom_css_main_element=\u00a0\u00bb.bouton {||  display: inline-block;||  padding: 10px 20px;||  background-color: #27caef;||  color: #fff;||  text-decoration: none;||  border-radius: 4px;||}||\u00a0\u00bb global_colors_info=\u00a0\u00bb{}\u00a0\u00bb]<\/p>\n<p>N\u00e9 en 1983, Guillaume RUET entre au conseil municipal de Chevigny-Saint-Sauveur en 2008 sur la liste de Lucien Brenot et devient Adjoint au Maire en 2012.<\/p>\n<p>Il est \u00e9lu Maire de Chevigny-Saint-Sauveur en 2019 et a \u00e9t\u00e9 largement r\u00e9\u00e9lu en 2020, avec 65,9% des voix, en menant la liste Unis pour Chevigny.<\/p>\n<p>Au sein de Dijon M\u00e9tropole, il exerce les fonctions de Conseiller m\u00e9tropolitain d\u00e9l\u00e9gu\u00e9 \u00e0 l\u2019accueil des gens du voyage.<\/p>\n<p>En juin 2021, il a \u00e9t\u00e9 \u00e9lu conseiller d\u00e9partemental de la C\u00f4te-d\u2019Or, sur le canton de Chevigny-Saint-Sauveur, en bin\u00f4me avec Viviane Vuillermot.<\/p>\n<p>[\/et_pb_team_member][\/et_pb_column][\/et_pb_row][et_pb_row _builder_version=\u00a0\u00bb4.21.0&Prime; _module_preset=\u00a0\u00bbdefault\u00a0\u00bb background_enable_color=\u00a0\u00bboff\u00a0\u00bb width=\u00a0\u00bb100%\u00a0\u00bb custom_padding=\u00a0\u00bb|0px||26px|false|false\u00a0\u00bb global_colors_info=\u00a0\u00bb{}\u00a0\u00bb][et_pb_column type=\u00a0\u00bb4_4&Prime; _builder_version=\u00a0\u00bb4.21.0&Prime; _module_preset=\u00a0\u00bbdefault\u00a0\u00bb global_colors_info=\u00a0\u00bb{}\u00a0\u00bb][et_pb_team_member name=\u00a0\u00bbDanielle JUBAN\u00a0\u00bb image_url=\u00a0\u00bbhttps:\/\/lesrencontresenergiesetterritoires.fr\/wp-content\/uploads\/2023\/09\/Danielle-JUBAN.png\u00a0\u00bb icon_color=\u00a0\u00bb#FF6E00&Prime; _builder_version=\u00a0\u00bb4.21.0&Prime; _module_preset=\u00a0\u00bbdefault\u00a0\u00bb header_level=\u00a0\u00bbh2&Prime; header_font=\u00a0\u00bbMontserrat||on||||||\u00a0\u00bb header_text_color=\u00a0\u00bb#00D0FF\u00a0\u00bb body_font=\u00a0\u00bbMontserrat||||||||\u00a0\u00bb body_text_align=\u00a0\u00bbleft\u00a0\u00bb body_font_size=\u00a0\u00bb13px\u00a0\u00bb text_orientation=\u00a0\u00bbleft\u00a0\u00bb custom_margin=\u00a0\u00bb|-32px||0px|false|false\u00a0\u00bb custom_padding=\u00a0\u00bb|43px||0px|false|false\u00a0\u00bb custom_css_main_element=\u00a0\u00bb.bouton {||  display: inline-block;||  padding: 10px 20px;||  background-color: #27caef;||  color: #fff;||  text-decoration: none;||  border-radius: 4px;||}||\u00a0\u00bb global_colors_info=\u00a0\u00bb{}\u00a0\u00bb]<\/p>\n<p>11\u00e8me vice-pr\u00e9sidente de Dijon m\u00e9tropole<\/p>\n<p>D\u00e9l\u00e9gation<br \/>D\u00e9veloppement \u00e9conomique, attractivit\u00e9, foires et salons<\/p>\n<p>Conseill\u00e8re municipale de Dijon<\/p>\n<p>[\/et_pb_team_member][\/et_pb_column][\/et_pb_row][et_pb_row _builder_version=\u00a0\u00bb4.21.0&Prime; _module_preset=\u00a0\u00bbdefault\u00a0\u00bb background_enable_color=\u00a0\u00bboff\u00a0\u00bb width=\u00a0\u00bb100%\u00a0\u00bb custom_padding=\u00a0\u00bb|0px||26px|false|false\u00a0\u00bb global_colors_info=\u00a0\u00bb{}\u00a0\u00bb][et_pb_column type=\u00a0\u00bb4_4&Prime; _builder_version=\u00a0\u00bb4.21.0&Prime; _module_preset=\u00a0\u00bbdefault\u00a0\u00bb global_colors_info=\u00a0\u00bb{}\u00a0\u00bb][et_pb_team_member name=\u00a0\u00bbOc\u00e9ane GODARD\u00a0\u00bb image_url=\u00a0\u00bbhttps:\/\/lesrencontresenergiesetterritoires.fr\/wp-content\/uploads\/2023\/09\/Oceane-GODARD.png\u00a0\u00bb icon_color=\u00a0\u00bb#FF6E00&Prime; _builder_version=\u00a0\u00bb4.21.0&Prime; _module_preset=\u00a0\u00bbdefault\u00a0\u00bb header_level=\u00a0\u00bbh2&Prime; header_font=\u00a0\u00bbMontserrat||on||||||\u00a0\u00bb header_text_color=\u00a0\u00bb#00D0FF\u00a0\u00bb body_font=\u00a0\u00bbMontserrat||||||||\u00a0\u00bb body_text_align=\u00a0\u00bbleft\u00a0\u00bb body_font_size=\u00a0\u00bb13px\u00a0\u00bb text_orientation=\u00a0\u00bbleft\u00a0\u00bb custom_margin=\u00a0\u00bb|-32px||0px|false|false\u00a0\u00bb custom_padding=\u00a0\u00bb|43px||0px|false|false\u00a0\u00bb custom_css_main_element=\u00a0\u00bb.bouton {||  display: inline-block;||  padding: 10px 20px;||  background-color: #27caef;||  color: #fff;||  text-decoration: none;||  border-radius: 4px;||}||\u00a0\u00bb global_colors_info=\u00a0\u00bb{}\u00a0\u00bb]<\/p>\n<p>\u2022 Vice-pr\u00e9sident(e)<br \/>\u2022 Commission permanente<br \/>\u2022 Commission n\u00b03 : apprentissage et formation professionnelle &#8211; sanitaire et social &#8211; lyc\u00e9es &#8211; enseignement sup\u00e9rieur &#8211; recherche <\/p>\n<p>[\/et_pb_team_member][\/et_pb_column][\/et_pb_row][\/et_pb_section][et_pb_section fb_built=\u00a0\u00bb1&Prime; prev_background_color=\u00a0\u00bb#ffffff\u00a0\u00bb admin_label=\u00a0\u00bbSection\u00a0\u00bb module_id=\u00a0\u00bbpartenaires\u00a0\u00bb _builder_version=\u00a0\u00bb4.21.0&Prime; _module_preset=\u00a0\u00bbdefault\u00a0\u00bb background_color=\u00a0\u00bb#5524DB\u00a0\u00bb custom_margin=\u00a0\u00bb0px||||false|false\u00a0\u00bb custom_padding=\u00a0\u00bb140px||||false|false\u00a0\u00bb top_divider_style=\u00a0\u00bbclouds\u00a0\u00bb da_popup_slug=\u00a0\u00bbpartenaires\u00a0\u00bb da_disable_devices=\u00a0\u00bboff|off|off\u00a0\u00bb global_colors_info=\u00a0\u00bb{}\u00a0\u00bb da_is_popup=\u00a0\u00bboff\u00a0\u00bb da_exit_intent=\u00a0\u00bboff\u00a0\u00bb da_has_close=\u00a0\u00bbon\u00a0\u00bb da_alt_close=\u00a0\u00bboff\u00a0\u00bb da_dark_close=\u00a0\u00bboff\u00a0\u00bb da_not_modal=\u00a0\u00bbon\u00a0\u00bb da_is_singular=\u00a0\u00bboff\u00a0\u00bb da_with_loader=\u00a0\u00bboff\u00a0\u00bb da_has_shadow=\u00a0\u00bbon\u00a0\u00bb][et_pb_row _builder_version=\u00a0\u00bb4.21.0&Prime; _module_preset=\u00a0\u00bbdefault\u00a0\u00bb global_colors_info=\u00a0\u00bb{}\u00a0\u00bb][et_pb_column type=\u00a0\u00bb4_4&Prime; _builder_version=\u00a0\u00bb4.21.0&Prime; _module_preset=\u00a0\u00bbdefault\u00a0\u00bb global_colors_info=\u00a0\u00bb{}\u00a0\u00bb][et_pb_text _builder_version=\u00a0\u00bb4.21.0&Prime; _module_preset=\u00a0\u00bbdefault\u00a0\u00bb transform_scale=\u00a0\u00bb312%|312%\u00a0\u00bb custom_margin=\u00a0\u00bb5%||||false|false\u00a0\u00bb global_colors_info=\u00a0\u00bb{}\u00a0\u00bb]<\/p>\n<h1 style=\"text-align: center;\"><span style=\"color: #ffffff;\"><em><strong>Nos partenaires<\/strong><\/em><\/span><\/h1>\n<p>[\/et_pb_text][\/et_pb_column][\/et_pb_row][\/et_pb_section][et_pb_section fb_built=\u00a0\u00bb1&Prime; admin_label=\u00a0\u00bbSection\u00a0\u00bb _builder_version=\u00a0\u00bb4.21.0&Prime; _module_preset=\u00a0\u00bbdefault\u00a0\u00bb da_disable_devices=\u00a0\u00bboff|off|off\u00a0\u00bb global_colors_info=\u00a0\u00bb{}\u00a0\u00bb da_is_popup=\u00a0\u00bboff\u00a0\u00bb da_exit_intent=\u00a0\u00bboff\u00a0\u00bb da_has_close=\u00a0\u00bbon\u00a0\u00bb da_alt_close=\u00a0\u00bboff\u00a0\u00bb da_dark_close=\u00a0\u00bboff\u00a0\u00bb da_not_modal=\u00a0\u00bbon\u00a0\u00bb da_is_singular=\u00a0\u00bboff\u00a0\u00bb da_with_loader=\u00a0\u00bboff\u00a0\u00bb da_has_shadow=\u00a0\u00bbon\u00a0\u00bb][et_pb_row column_structure=\u00a0\u00bb1_4,1_4,1_4,1_4&Prime; _builder_version=\u00a0\u00bb4.21.0&Prime; _module_preset=\u00a0\u00bbdefault\u00a0\u00bb width=\u00a0\u00bb84%\u00a0\u00bb max_width=\u00a0\u00bb100%\u00a0\u00bb global_colors_info=\u00a0\u00bb{}\u00a0\u00bb][et_pb_column type=\u00a0\u00bb1_4&Prime; _builder_version=\u00a0\u00bb4.21.0&Prime; _module_preset=\u00a0\u00bbdefault\u00a0\u00bb global_colors_info=\u00a0\u00bb{}\u00a0\u00bb][et_pb_image src=\u00a0\u00bbhttps:\/\/lesrencontresenergiesetterritoires.fr\/wp-content\/uploads\/2023\/06\/EDENi.jpg\u00a0\u00bb title_text=\u00a0\u00bbEDENi\u00a0\u00bb _builder_version=\u00a0\u00bb4.21.0&Prime; _module_preset=\u00a0\u00bbdefault\u00a0\u00bb custom_padding=\u00a0\u00bb|10%||10%|false|false\u00a0\u00bb global_colors_info=\u00a0\u00bb{}\u00a0\u00bb][\/et_pb_image][\/et_pb_column][et_pb_column type=\u00a0\u00bb1_4&Prime; _builder_version=\u00a0\u00bb4.21.0&Prime; _module_preset=\u00a0\u00bbdefault\u00a0\u00bb global_colors_info=\u00a0\u00bb{}\u00a0\u00bb][et_pb_image src=\u00a0\u00bbhttps:\/\/lesrencontresenergiesetterritoires.fr\/wp-content\/uploads\/2023\/06\/MEDEF_Bourgogne-Franche-Comte.jpg\u00a0\u00bb title_text=\u00a0\u00bbMEDEF_Bourgogne-Franche-Comte\u00a0\u00bb _builder_version=\u00a0\u00bb4.21.0&Prime; _module_preset=\u00a0\u00bbdefault\u00a0\u00bb transform_scale=\u00a0\u00bb132%|132%\u00a0\u00bb custom_margin=\u00a0\u00bb18%||||false|false\u00a0\u00bb custom_padding=\u00a0\u00bb|10%||10%|false|false\u00a0\u00bb global_colors_info=\u00a0\u00bb{}\u00a0\u00bb][\/et_pb_image][\/et_pb_column][et_pb_column type=\u00a0\u00bb1_4&Prime; _builder_version=\u00a0\u00bb4.21.0&Prime; _module_preset=\u00a0\u00bbdefault\u00a0\u00bb global_colors_info=\u00a0\u00bb{}\u00a0\u00bb][et_pb_image src=\u00a0\u00bbhttps:\/\/lesrencontresenergiesetterritoires.fr\/wp-content\/uploads\/2023\/06\/MEDEF-21.png\u00a0\u00bb title_text=\u00a0\u00bbMEDEF 21&Prime; _builder_version=\u00a0\u00bb4.21.0&Prime; _module_preset=\u00a0\u00bbdefault\u00a0\u00bb transform_scale=\u00a0\u00bb84%|84%\u00a0\u00bb custom_margin=\u00a0\u00bb18%||0px||false|false\u00a0\u00bb custom_padding=\u00a0\u00bb|10%||10%|false|false\u00a0\u00bb global_colors_info=\u00a0\u00bb{}\u00a0\u00bb][\/et_pb_image][\/et_pb_column][et_pb_column type=\u00a0\u00bb1_4&Prime; _builder_version=\u00a0\u00bb4.21.0&Prime; _module_preset=\u00a0\u00bbdefault\u00a0\u00bb global_colors_info=\u00a0\u00bb{}\u00a0\u00bb][et_pb_image src=\u00a0\u00bbhttps:\/\/lesrencontresenergiesetterritoires.fr\/wp-content\/uploads\/2023\/06\/Logo_TotalEnergies.png\u00a0\u00bb title_text=\u00a0\u00bbLogo_TotalEnergies\u00a0\u00bb _builder_version=\u00a0\u00bb4.21.0&Prime; _module_preset=\u00a0\u00bbdefault\u00a0\u00bb transform_scale=\u00a0\u00bb78%|78%\u00a0\u00bb custom_margin=\u00a0\u00bb-2%||||false|false\u00a0\u00bb custom_padding=\u00a0\u00bb|10%||10%|false|false\u00a0\u00bb global_colors_info=\u00a0\u00bb{}\u00a0\u00bb][\/et_pb_image][\/et_pb_column][\/et_pb_row][et_pb_row column_structure=\u00a0\u00bb1_4,1_4,1_4,1_4&Prime; _builder_version=\u00a0\u00bb4.21.0&Prime; _module_preset=\u00a0\u00bbdefault\u00a0\u00bb width=\u00a0\u00bb84%\u00a0\u00bb max_width=\u00a0\u00bb100%\u00a0\u00bb global_colors_info=\u00a0\u00bb{}\u00a0\u00bb][et_pb_column type=\u00a0\u00bb1_4&Prime; _builder_version=\u00a0\u00bb4.21.0&Prime; _module_preset=\u00a0\u00bbdefault\u00a0\u00bb global_colors_info=\u00a0\u00bb{}\u00a0\u00bb][et_pb_image src=\u00a0\u00bbhttps:\/\/lesrencontresenergiesetterritoires.fr\/wp-content\/uploads\/2023\/06\/Logo-Banque-pop.png\u00a0\u00bb title_text=\u00a0\u00bbLogo Banque pop\u00a0\u00bb _builder_version=\u00a0\u00bb4.21.0&Prime; _module_preset=\u00a0\u00bbdefault\u00a0\u00bb transform_scale=\u00a0\u00bb120%|120%\u00a0\u00bb custom_padding=\u00a0\u00bb|10%||10%|false|false\u00a0\u00bb global_colors_info=\u00a0\u00bb{}\u00a0\u00bb][\/et_pb_image][\/et_pb_column][et_pb_column type=\u00a0\u00bb1_4&Prime; _builder_version=\u00a0\u00bb4.21.0&Prime; _module_preset=\u00a0\u00bbdefault\u00a0\u00bb global_colors_info=\u00a0\u00bb{}\u00a0\u00bb][et_pb_image src=\u00a0\u00bbhttps:\/\/lesrencontresenergiesetterritoires.fr\/wp-content\/uploads\/2023\/06\/ca-Champagne_Bourgogne-v-CMJN.jpg\u00a0\u00bb title_text=\u00a0\u00bbca-Champagne_Bourgogne-v-CMJN\u00a0\u00bb _builder_version=\u00a0\u00bb4.21.0&Prime; _module_preset=\u00a0\u00bbdefault\u00a0\u00bb transform_scale=\u00a0\u00bb102%|102%\u00a0\u00bb custom_margin=\u00a0\u00bb-17%||||false|false\u00a0\u00bb custom_padding=\u00a0\u00bb0px|10%||10%|false|false\u00a0\u00bb global_colors_info=\u00a0\u00bb{}\u00a0\u00bb][\/et_pb_image][\/et_pb_column][et_pb_column type=\u00a0\u00bb1_4&Prime; _builder_version=\u00a0\u00bb4.21.0&Prime; _module_preset=\u00a0\u00bbdefault\u00a0\u00bb global_colors_info=\u00a0\u00bb{}\u00a0\u00bb][\/et_pb_column][et_pb_column type=\u00a0\u00bb1_4&Prime; _builder_version=\u00a0\u00bb4.21.0&Prime; _module_preset=\u00a0\u00bbdefault\u00a0\u00bb global_colors_info=\u00a0\u00bb{}\u00a0\u00bb][\/et_pb_column][\/et_pb_row][\/et_pb_section][et_pb_section fb_built=\u00a0\u00bb1&Prime; next_background_color=\u00a0\u00bb#ffffff\u00a0\u00bb admin_label=\u00a0\u00bbSection\u00a0\u00bb module_id=\u00a0\u00bbinscription\u00a0\u00bb _builder_version=\u00a0\u00bb4.21.0&Prime; _module_preset=\u00a0\u00bbdefault\u00a0\u00bb use_background_color_gradient=\u00a0\u00bbon\u00a0\u00bb background_color_gradient_direction=\u00a0\u00bb244deg\u00a0\u00bb background_color_gradient_stops=\u00a0\u00bb#2eeae4 0%|#2c62d6 100%\u00a0\u00bb bottom_divider_style=\u00a0\u00bbarrow\u00a0\u00bb animation_direction=\u00a0\u00bbbottom\u00a0\u00bb da_popup_slug=\u00a0\u00bbinscription\u00a0\u00bb da_disable_devices=\u00a0\u00bboff|off|off\u00a0\u00bb global_colors_info=\u00a0\u00bb{}\u00a0\u00bb da_is_popup=\u00a0\u00bboff\u00a0\u00bb da_exit_intent=\u00a0\u00bboff\u00a0\u00bb da_has_close=\u00a0\u00bbon\u00a0\u00bb da_alt_close=\u00a0\u00bboff\u00a0\u00bb da_dark_close=\u00a0\u00bboff\u00a0\u00bb da_not_modal=\u00a0\u00bbon\u00a0\u00bb da_is_singular=\u00a0\u00bboff\u00a0\u00bb da_with_loader=\u00a0\u00bboff\u00a0\u00bb da_has_shadow=\u00a0\u00bbon\u00a0\u00bb][et_pb_row _builder_version=\u00a0\u00bb4.21.0&Prime; _module_preset=\u00a0\u00bbdefault\u00a0\u00bb global_colors_info=\u00a0\u00bb{}\u00a0\u00bb][et_pb_column type=\u00a0\u00bb4_4&Prime; _builder_version=\u00a0\u00bb4.21.0&Prime; _module_preset=\u00a0\u00bbdefault\u00a0\u00bb global_colors_info=\u00a0\u00bb{}\u00a0\u00bb][et_pb_text _builder_version=\u00a0\u00bb4.21.0&Prime; _module_preset=\u00a0\u00bbdefault\u00a0\u00bb text_font_size=\u00a0\u00bb60px\u00a0\u00bb text_line_height=\u00a0\u00bb2.3em\u00a0\u00bb header_font_size=\u00a0\u00bb84px\u00a0\u00bb custom_margin=\u00a0\u00bb0px||||false|false\u00a0\u00bb custom_padding=\u00a0\u00bb0px||22px||false|false\u00a0\u00bb animation_style=\u00a0\u00bbbounce\u00a0\u00bb custom_css_main_element=\u00a0\u00bbfont-weight:bold;||font-style:italic;\u00a0\u00bb global_colors_info=\u00a0\u00bb{}\u00a0\u00bb]<\/p>\n<h1 style=\"text-align: center;\"><strong><span style=\"color: #ffffff;\">Inscrivez-vous<\/span><\/strong><\/h1>\n<p>[\/et_pb_text][\/et_pb_column][\/et_pb_row][\/et_pb_section][et_pb_section fb_built=\u00a0\u00bb1&Prime; admin_label=\u00a0\u00bbSection\u00a0\u00bb _builder_version=\u00a0\u00bb4.21.0&Prime; _module_preset=\u00a0\u00bbdefault\u00a0\u00bb custom_padding=\u00a0\u00bb||7%||false|false\u00a0\u00bb da_popup_slug=\u00a0\u00bbinscription\u00a0\u00bb da_disable_devices=\u00a0\u00bboff|off|off\u00a0\u00bb global_colors_info=\u00a0\u00bb{}\u00a0\u00bb da_is_popup=\u00a0\u00bboff\u00a0\u00bb da_exit_intent=\u00a0\u00bboff\u00a0\u00bb da_has_close=\u00a0\u00bbon\u00a0\u00bb da_alt_close=\u00a0\u00bboff\u00a0\u00bb da_dark_close=\u00a0\u00bboff\u00a0\u00bb da_not_modal=\u00a0\u00bbon\u00a0\u00bb da_is_singular=\u00a0\u00bboff\u00a0\u00bb da_with_loader=\u00a0\u00bboff\u00a0\u00bb da_has_shadow=\u00a0\u00bbon\u00a0\u00bb][et_pb_row _builder_version=\u00a0\u00bb4.21.0&Prime; _module_preset=\u00a0\u00bbdefault\u00a0\u00bb custom_margin=\u00a0\u00bb||20px||false|false\u00a0\u00bb custom_padding=\u00a0\u00bb27px||5%||false|false\u00a0\u00bb custom_css_main_element=\u00a0\u00bb\t||\u00a0\u00bb border_radii=\u00a0\u00bbon|13px|13px|13px|13px\u00a0\u00bb box_shadow_style=\u00a0\u00bbpreset1&Prime; global_colors_info=\u00a0\u00bb{}\u00a0\u00bb][et_pb_column type=\u00a0\u00bb4_4&Prime; _builder_version=\u00a0\u00bb4.21.0&Prime; _module_preset=\u00a0\u00bbdefault\u00a0\u00bb global_colors_info=\u00a0\u00bb{}\u00a0\u00bb][et_pb_text _builder_version=\u00a0\u00bb4.21.0&Prime; _module_preset=\u00a0\u00bbdefault\u00a0\u00bb width=\u00a0\u00bb100%\u00a0\u00bb module_alignment=\u00a0\u00bbcenter\u00a0\u00bb custom_margin=\u00a0\u00bb0px||-65px|0px|false|false\u00a0\u00bb custom_padding=\u00a0\u00bb32px||0px|0px|false|false\u00a0\u00bb global_colors_info=\u00a0\u00bb{}\u00a0\u00bb]<\/p>\n<p style=\"text-align: center;\"><iframe loading=\"lazy\" src=\"https:\/\/widget.weezevent.com\/ticket\/E994789\/?code=63965&amp;locale=fr-FR&amp;width_auto=1&amp;color_primary=00AEEF\" width=\"650\" height=\"600\"><\/iframe><\/p>\n<p>[\/et_pb_text][\/et_pb_column][\/et_pb_row][\/et_pb_section][et_pb_section fb_built=\u00a0\u00bb1&Prime; admin_label=\u00a0\u00bbSection\u00a0\u00bb _builder_version=\u00a0\u00bb4.21.0&Prime; _module_preset=\u00a0\u00bbdefault\u00a0\u00bb use_background_color_gradient=\u00a0\u00bbon\u00a0\u00bb background_color_gradient_direction=\u00a0\u00bb145deg\u00a0\u00bb background_color_gradient_stops=\u00a0\u00bb#562ce0 0%|#2edbd2 100%\u00a0\u00bb da_disable_devices=\u00a0\u00bboff|off|off\u00a0\u00bb global_colors_info=\u00a0\u00bb{}\u00a0\u00bb da_is_popup=\u00a0\u00bboff\u00a0\u00bb da_exit_intent=\u00a0\u00bboff\u00a0\u00bb da_has_close=\u00a0\u00bbon\u00a0\u00bb da_alt_close=\u00a0\u00bboff\u00a0\u00bb da_dark_close=\u00a0\u00bboff\u00a0\u00bb da_not_modal=\u00a0\u00bbon\u00a0\u00bb da_is_singular=\u00a0\u00bboff\u00a0\u00bb da_with_loader=\u00a0\u00bboff\u00a0\u00bb da_has_shadow=\u00a0\u00bbon\u00a0\u00bb][et_pb_row column_structure=\u00a0\u00bb1_3,2_3&Prime; _builder_version=\u00a0\u00bb4.21.0&Prime; _module_preset=\u00a0\u00bbdefault\u00a0\u00bb max_width=\u00a0\u00bb100%\u00a0\u00bb global_colors_info=\u00a0\u00bb{}\u00a0\u00bb][et_pb_column type=\u00a0\u00bb1_3&Prime; _builder_version=\u00a0\u00bb4.21.0&Prime; _module_preset=\u00a0\u00bbdefault\u00a0\u00bb global_colors_info=\u00a0\u00bb{}\u00a0\u00bb][et_pb_text _builder_version=\u00a0\u00bb4.21.0&Prime; _module_preset=\u00a0\u00bbdefault\u00a0\u00bb background_color=\u00a0\u00bb#ffffff\u00a0\u00bb transform_scale=\u00a0\u00bb112%|112%\u00a0\u00bb custom_margin=\u00a0\u00bb50%|||0px|false|false\u00a0\u00bb custom_padding=\u00a0\u00bb7%|7%|7%|7%|false|false\u00a0\u00bb border_radii=\u00a0\u00bbon|44px|44px|44px|44px\u00a0\u00bb box_shadow_style=\u00a0\u00bbpreset1&Prime; box_shadow_horizontal=\u00a0\u00bb5px\u00a0\u00bb box_shadow_blur=\u00a0\u00bb20px\u00a0\u00bb box_shadow_spread=\u00a0\u00bb8px\u00a0\u00bb global_colors_info=\u00a0\u00bb{}\u00a0\u00bb]<\/p>\n<h1><span style=\"color: #333399;\"><em><strong>Plan d&rsquo;acc\u00e8s<\/strong><\/em><\/span><\/h1>\n<p><span style=\"color: #333399;\">Depuis la Place de la Lib\u00e9ration, marchez en direction de la rue de la Libert\u00e9 puis tournez rue Jules Mercier.<\/span><br \/>\n<span style=\"color: #333399;\">Les Salons du Clo\u00eetre se trouvent au num\u00e9ro 9, en face de Pedro Dijon.<\/p>\n<p><span style=\"color: #333399;\">En train : acc\u00e8s depuis la gare de Dijon, prendre le Tramway (ligne T1) jusqu&rsquo;\u00e0 l&rsquo;arr\u00eat \u00ab\u00a0Darcy\u00a0\u00bb, puis descendre la rue de la Libert\u00e9.<\/p>\n<p><span style=\"color: #333399;\">En voiture : Depuis le parking Darcy, descendre la rue de la Libert\u00e9.<\/span>[\/et_pb_text][\/et_pb_column][et_pb_column type=\u00a0\u00bb2_3&Prime; _builder_version=\u00a0\u00bb4.21.0&Prime; _module_preset=\u00a0\u00bbdefault\u00a0\u00bb global_colors_info=\u00a0\u00bb{}\u00a0\u00bb][et_pb_image src=\u00a0\u00bbhttps:\/\/lesrencontresenergiesetterritoires.fr\/wp-content\/uploads\/2023\/06\/Plan-dacces-2.png\u00a0\u00bb title_text=\u00a0\u00bbPlan d&rsquo;acce\u0300s 2&Prime; _builder_version=\u00a0\u00bb4.21.0&Prime; _module_preset=\u00a0\u00bbdefault\u00a0\u00bb background_enable_color=\u00a0\u00bboff\u00a0\u00bb transform_scale=\u00a0\u00bb76%|76%\u00a0\u00bb custom_margin=\u00a0\u00bb||0px||false|false\u00a0\u00bb custom_padding=\u00a0\u00bb0px||0px||false|false\u00a0\u00bb border_radii=\u00a0\u00bbon|118px|118px|118px|118px\u00a0\u00bb box_shadow_style=\u00a0\u00bbpreset1&Prime; box_shadow_spread=\u00a0\u00bb18px\u00a0\u00bb global_colors_info=\u00a0\u00bb{}\u00a0\u00bb][\/et_pb_image][\/et_pb_column][\/et_pb_row][\/et_pb_section][et_pb_section fb_built=\u00a0\u00bb1&Prime; admin_label=\u00a0\u00bbSection\u00a0\u00bb _builder_version=\u00a0\u00bb4.21.0&Prime; _module_preset=\u00a0\u00bbdefault\u00a0\u00bb da_disable_devices=\u00a0\u00bboff|off|off\u00a0\u00bb global_colors_info=\u00a0\u00bb{}\u00a0\u00bb da_is_popup=\u00a0\u00bboff\u00a0\u00bb da_exit_intent=\u00a0\u00bboff\u00a0\u00bb da_has_close=\u00a0\u00bbon\u00a0\u00bb da_alt_close=\u00a0\u00bboff\u00a0\u00bb da_dark_close=\u00a0\u00bboff\u00a0\u00bb da_not_modal=\u00a0\u00bbon\u00a0\u00bb da_is_singular=\u00a0\u00bboff\u00a0\u00bb da_with_loader=\u00a0\u00bboff\u00a0\u00bb da_has_shadow=\u00a0\u00bbon\u00a0\u00bb][et_pb_row _builder_version=\u00a0\u00bb4.21.0&Prime; _module_preset=\u00a0\u00bbdefault\u00a0\u00bb width=\u00a0\u00bb100%\u00a0\u00bb max_width=\u00a0\u00bb100%\u00a0\u00bb global_colors_info=\u00a0\u00bb{}\u00a0\u00bb][et_pb_column type=\u00a0\u00bb4_4&Prime; _builder_version=\u00a0\u00bb4.21.0&Prime; _module_preset=\u00a0\u00bbdefault\u00a0\u00bb global_colors_info=\u00a0\u00bb{}\u00a0\u00bb][ba_scroll_image image=\u00a0\u00bbhttps:\/\/lesrencontresenergiesetterritoires.fr\/wp-content\/uploads\/2023\/06\/Scroll.png\u00a0\u00bb _builder_version=\u00a0\u00bb4.21.0&Prime; _module_preset=\u00a0\u00bbdefault\u00a0\u00bb global_colors_info=\u00a0\u00bb{}\u00a0\u00bb][\/ba_scroll_image][\/et_pb_column][\/et_pb_row][\/et_pb_section][et_pb_section fb_built=\u00a0\u00bb1&Prime; admin_label=\u00a0\u00bbSection\u00a0\u00bb module_id=\u00a0\u00bbcontact\u00a0\u00bb _builder_version=\u00a0\u00bb4.21.0&Prime; _module_preset=\u00a0\u00bbdefault\u00a0\u00bb use_background_color_gradient=\u00a0\u00bbon\u00a0\u00bb da_popup_slug=\u00a0\u00bbcontact\u00a0\u00bb da_disable_devices=\u00a0\u00bboff|off|off\u00a0\u00bb global_colors_info=\u00a0\u00bb{}\u00a0\u00bb da_is_popup=\u00a0\u00bboff\u00a0\u00bb da_exit_intent=\u00a0\u00bboff\u00a0\u00bb da_has_close=\u00a0\u00bbon\u00a0\u00bb da_alt_close=\u00a0\u00bboff\u00a0\u00bb da_dark_close=\u00a0\u00bboff\u00a0\u00bb da_not_modal=\u00a0\u00bbon\u00a0\u00bb da_is_singular=\u00a0\u00bboff\u00a0\u00bb da_with_loader=\u00a0\u00bboff\u00a0\u00bb da_has_shadow=\u00a0\u00bbon\u00a0\u00bb][et_pb_row _builder_version=\u00a0\u00bb4.21.0&Prime; _module_preset=\u00a0\u00bbdefault\u00a0\u00bb global_colors_info=\u00a0\u00bb{}\u00a0\u00bb][et_pb_column type=\u00a0\u00bb4_4&Prime; _builder_version=\u00a0\u00bb4.21.0&Prime; _module_preset=\u00a0\u00bbdefault\u00a0\u00bb global_colors_info=\u00a0\u00bb{}\u00a0\u00bb][et_pb_text _builder_version=\u00a0\u00bb4.21.0&Prime; _module_preset=\u00a0\u00bbdefault\u00a0\u00bb header_font_size=\u00a0\u00bb86px\u00a0\u00bb custom_css_main_element=\u00a0\u00bb||\u00a0\u00bb global_colors_info=\u00a0\u00bb{}\u00a0\u00bb]<\/p>\n<h1 style=\"text-align: center;\"><strong><span style=\"color: #ffffff;\">Contactez-nous<\/span><\/strong><\/h1>\n<p>[\/et_pb_text][\/et_pb_column][\/et_pb_row][et_pb_row _builder_version=\u00a0\u00bb4.21.0&Prime; _module_preset=\u00a0\u00bbdefault\u00a0\u00bb global_colors_info=\u00a0\u00bb{}\u00a0\u00bb][et_pb_column type=\u00a0\u00bb4_4&Prime; _builder_version=\u00a0\u00bb4.21.0&Prime; _module_preset=\u00a0\u00bbdefault\u00a0\u00bb global_colors_info=\u00a0\u00bb{}\u00a0\u00bb][dsm_contact_form_7 cf7_library=\u00a0\u00bb279&Prime; label_bottom_spacing=\u00a0\u00bb7px\u00a0\u00bb _builder_version=\u00a0\u00bb4.21.0&Prime; _module_preset=\u00a0\u00bbdefault\u00a0\u00bb input_textarea_select_text_color=\u00a0\u00bb#474747&Prime; placeholder_text_color=\u00a0\u00bb#FFFFFF\u00a0\u00bb background_color=\u00a0\u00bb#FFFFFF\u00a0\u00bb custom_padding=\u00a0\u00bb50px|50px|50px|50px|false|false\u00a0\u00bb border_radii=\u00a0\u00bbon|54px|54px|54px|54px\u00a0\u00bb global_colors_info=\u00a0\u00bb{}\u00a0\u00bb][\/dsm_contact_form_7][\/et_pb_column][\/et_pb_row][\/et_pb_section]<\/p>\n","protected":false},"excerpt":{"rendered":"<p>Pour une transition \u00e9cologique et \u00e9nerg\u00e9tique socialement et \u00e9conomiquement viable.Pour une transition \u00e9cologique et \u00e9nerg\u00e9tique socialement et \u00e9conomiquement viable.La n\u00e9cessit\u00e9 d\u2019apporter des r\u00e9ponses aux enjeux climatiques pour contenir le r\u00e9chauffement de la plan\u00e8te et limiter sescons\u00e9quences ne fait plus d\u00e9bat.\u00a0\u00a0\u00a0 Le temps est \u00e0 l\u2019action. Pour agir avec clairvoyance, il faut comprendre notre h\u00e9ritage dans [&hellip;]<\/p>\n","protected":false},"author":1,"featured_media":0,"parent":0,"menu_order":0,"comment_status":"closed","ping_status":"closed","template":"","meta":{"_et_pb_use_builder":"on","_et_pb_old_content":"","_et_gb_content_width":"","_eb_attr":"","footnotes":""},"class_list":["post-59","page","type-page","status-publish","hentry"],"_links":{"self":[{"href":"https:\/\/lesrencontresenergiesetterritoires.fr\/index.php?rest_route=\/wp\/v2\/pages\/59","targetHints":{"allow":["GET"]}}],"collection":[{"href":"https:\/\/lesrencontresenergiesetterritoires.fr\/index.php?rest_route=\/wp\/v2\/pages"}],"about":[{"href":"https:\/\/lesrencontresenergiesetterritoires.fr\/index.php?rest_route=\/wp\/v2\/types\/page"}],"author":[{"embeddable":true,"href":"https:\/\/lesrencontresenergiesetterritoires.fr\/index.php?rest_route=\/wp\/v2\/users\/1"}],"replies":[{"embeddable":true,"href":"https:\/\/lesrencontresenergiesetterritoires.fr\/index.php?rest_route=%2Fwp%2Fv2%2Fcomments&post=59"}],"version-history":[{"count":163,"href":"https:\/\/lesrencontresenergiesetterritoires.fr\/index.php?rest_route=\/wp\/v2\/pages\/59\/revisions"}],"predecessor-version":[{"id":477,"href":"https:\/\/lesrencontresenergiesetterritoires.fr\/index.php?rest_route=\/wp\/v2\/pages\/59\/revisions\/477"}],"wp:attachment":[{"href":"https:\/\/lesrencontresenergiesetterritoires.fr\/index.php?rest_route=%2Fwp%2Fv2%2Fmedia&parent=59"}],"curies":[{"name":"wp","href":"https:\/\/api.w.org\/{rel}","templated":true}]}}